{"id":1002,"date":"2023-12-28T23:50:35","date_gmt":"2023-12-29T04:50:35","guid":{"rendered":"http:\/\/172.26.3.13\/?page_id=1002"},"modified":"2026-02-28T08:27:26","modified_gmt":"2026-02-28T13:27:26","slug":"ambientalmente-responsable","status":"publish","type":"page","link":"https:\/\/www.efigas.com.co\/sostenibilidad\/gestion-ambiental\/ambientalmente-responsable\/","title":{"rendered":"Ambientalmente responsable"},"content":{"rendered":"\t\t<div data-elementor-type=\"efi-page\" data-elementor-id=\"1002\" class=\"elementor elementor-1002\" data-elementor-settings=\"{&quot;ha_cmc_init_switcher&quot;:&quot;no&quot;}\" data-elementor-post-type=\"page\">\n\t\t\t\t<div class=\"elementor-element elementor-element-c02b125 e-flex e-con-boxed e-con e-parent\" data-id=\"c02b125\" data-element_type=\"container\" data-settings=\"{&quot;_ha_eqh_enable&quot;:false}\">\n\t\t\t\t\t<div class=\"e-con-inner\">\n\t\t\t\t<div class=\"elementor-element elementor-element-384cd0e elementor-widget elementor-widget-text-editor\" data-id=\"384cd0e\" data-element_type=\"widget\" data-widget_type=\"text-editor.default\">\n\t\t\t\t<div class=\"elementor-widget-container\">\n\t\t\t\t\t\t\t\t\t<p>En Efigas reafirmamos nuestro compromiso con la protecci\u00f3n del ambiente y la acci\u00f3n clim\u00e1tica, impulsando iniciativas que generan valor para el territorio y sus comunidades. Alineados con nuestra Declaraci\u00f3n Estrat\u00e9gica, fortalecemos un Sistema de Gesti\u00f3n Ambiental que promueve el desarrollo sostenible y orienta todas nuestras decisiones hacia una operaci\u00f3n m\u00e1s responsable y consciente.<\/p><p>Este modelo nos permite trabajar de la mano con nuestros grupos de inter\u00e9s, cumplir con los requisitos aplicables y gestionar de manera proactiva los riesgos y aspectos ambientales. As\u00ed avanzamos hacia un futuro m\u00e1s sostenible, donde cada acci\u00f3n contribuye al cuidado de los recursos y al bienestar de quienes habitan el territorio del que hacemos parte.<\/p>\t\t\t\t\t\t\t\t<\/div>\n\t\t\t\t<\/div>\n\t\t\t\t<div class=\"elementor-element elementor-element-cf99c5c elementor-widget__width-initial elementor-widget elementor-widget-image\" data-id=\"cf99c5c\" data-element_type=\"widget\" data-widget_type=\"image.default\">\n\t\t\t\t<div class=\"elementor-widget-container\">\n\t\t\t\t\t\t\t\t\t\t\t\t\t\t\t<img fetchpriority=\"high\" decoding=\"async\" width=\"428\" height=\"417\" src=\"https:\/\/www.efigas.com.co\/ef_resources\/2026\/02\/image7.png\" class=\"attachment-full size-full efi-image-11791\" alt=\"\" srcset=\"https:\/\/www.efigas.com.co\/ef_resources\/2026\/02\/image7.png 428w, https:\/\/www.efigas.com.co\/ef_resources\/2026\/02\/image7-300x292.png 300w, https:\/\/www.efigas.com.co\/ef_resources\/2026\/02\/image7-150x146.png 150w, https:\/\/www.efigas.com.co\/ef_resources\/2026\/02\/image7-24x24.png 24w, https:\/\/www.efigas.com.co\/ef_resources\/2026\/02\/image7-36x36.png 36w, https:\/\/www.efigas.com.co\/ef_resources\/2026\/02\/image7-52x52.png 52w\" sizes=\"(max-width: 428px) 100vw, 428px\" \/>\t\t\t\t\t\t\t\t\t\t\t\t\t\t\t<\/div>\n\t\t\t\t<\/div>\n\t\t\t\t<div class=\"elementor-element elementor-element-4820dd1 elementor-widget elementor-widget-text-editor\" data-id=\"4820dd1\" data-element_type=\"widget\" data-widget_type=\"text-editor.default\">\n\t\t\t\t<div class=\"elementor-widget-container\">\n\t\t\t\t\t\t\t\t\t<h3><strong>Pilar de gesti\u00f3n ambiental integral<\/strong><\/h3><p>Contamos con un <strong>Sistema de Gesti\u00f3n Ambiental certificado desde 2016 bajo la norma ISO 14001<\/strong>, a trav\u00e9s del cual establecemos controles, gestionamos su desempe\u00f1o y validamos su correcta implementaci\u00f3n. Este enfoque nos permite minimizar los impactos de nuestra operaci\u00f3n y desarrollar nuestras actividades en armon\u00eda con el entorno. Nuestro modelo se fundamenta en:<\/p><ul><li>La identificaci\u00f3n y priorizaci\u00f3n de los aspectos ambientales, para gestionar de manera preventiva los impactos asociados a nuestra operaci\u00f3n bajo la perspectiva del ciclo de vida de nuestro servicio.<\/li><li>El an\u00e1lisis del contexto interno y externo, que nos permite anticipar riesgos y aprovechar oportunidades para fortalecer nuestro desempe\u00f1o ambiental.<\/li><li>La identificaci\u00f3n y el cumplimiento de la legislaci\u00f3n ambiental vigente, asegurando una operaci\u00f3n responsable y alineada con los requisitos aplicables.<\/li><li>La evaluaci\u00f3n anual del desempe\u00f1o ambiental, mediante indicadores de gesti\u00f3n, desempe\u00f1o operacional y condici\u00f3n ambiental, que nos permiten medir avances y tomar decisiones informadas para la mejora continua.<\/li><\/ul><p>Este pilar consolida nuestro prop\u00f3sito de operar de manera responsable, manteniendo un compromiso permanente con la sostenibilidad y el cuidado del ambiente en el territorio.<\/p>\t\t\t\t\t\t\t\t<\/div>\n\t\t\t\t<\/div>\n\t\t\t\t<div class=\"elementor-element elementor-element-6e5edfe elementor-widget elementor-widget-text-editor\" data-id=\"6e5edfe\" data-element_type=\"widget\" data-widget_type=\"text-editor.default\">\n\t\t\t\t<div class=\"elementor-widget-container\">\n\t\t\t\t\t\t\t\t\t<h3><strong>Pilar de cambio clim\u00e1tico y calidad del aire\u00a0<\/strong><\/h3><p>En Efigas avanzamos decididamente hacia una operaci\u00f3n baja en carbono, enfocando nuestros esfuerzos en reducir las emisiones de gases de efecto invernadero (GEI) y en compensar voluntariamente nuestra huella, los dos indicadores estrat\u00e9gicos que orientan nuestro desempe\u00f1o en sostenibilidad. Nuestro prop\u00f3sito es gestionar y reducir nuestra huella de carbono, impulsar soluciones de adaptaci\u00f3n al cambio clim\u00e1tico y contribuir a mejorar la calidad del aire en los territorios donde operamos. Para ello:<\/p><ul><li>Medimos nuestra huella de carbono desde 2016, fortaleciendo a\u00f1o a a\u00f1o nuestra capacidad de gesti\u00f3n.<\/li><li>Desde 2022, ampliamos nuestro inventario para incluir nuevas categor\u00edas de emisiones GEI, incrementando la precisi\u00f3n y alcance del an\u00e1lisis.<\/li><li>Implementamos controles operacionales para prevenir da\u00f1os ocasionados por terceros en las tuber\u00edas de gas y reducir emisiones fugitivas.<\/li><li>Promovemos el uso del Gas Natural Vehicular (GNV), una alternativa que disminuye significativamente las emisiones GEI y reduce el material particulado, aportando a ciudades con aire m\u00e1s limpio.<\/li><li>Fomentamos el uso de medios digitales y el trabajo en casa, reduciendo las emisiones asociadas al transporte de nuestros colaboradores.<\/li><li>Promovemos la gesti\u00f3n integral de residuos como medida de mitigaci\u00f3n, mediante pr\u00e1cticas de separaci\u00f3n en la fuente, aprovechamiento, reciclaje y disposici\u00f3n responsable, reduciendo as\u00ed las emisiones indirectas generadas por la operaci\u00f3n.<\/li><li>Realizamos compensaci\u00f3n voluntaria de nuestra huella de carbono mediante proyectos de restauraci\u00f3n ecol\u00f3gica y esquemas de pago por servicios ambientales.<\/li><\/ul><p>Este pilar impulsa nuestra transici\u00f3n hacia un futuro m\u00e1s sostenible, integrando acciones robustas de mitigaci\u00f3n y adaptaci\u00f3n que reflejan el compromiso de Efigas con el clima, la calidad del aire y el bienestar de las comunidades.<\/p><p>\u00a0<\/p>\t\t\t\t\t\t\t\t<\/div>\n\t\t\t\t<\/div>\n\t\t\t\t<div class=\"elementor-element elementor-element-71e5507 elementor-widget elementor-widget-text-editor\" data-id=\"71e5507\" data-element_type=\"widget\" data-widget_type=\"text-editor.default\">\n\t\t\t\t<div class=\"elementor-widget-container\">\n\t\t\t\t\t\t\t\t\t<h3><strong>Pilar\u00a0de operaci\u00f3n y consumo responsable\u00a0<\/strong><\/h3><p>Nuestro enfoque de ciclo de vida nos orienta a gestionar de manera integral los aspectos ambientales sobre los cuales tenemos control o influencia a lo largo de toda nuestra cadena de valor. Bajo esta visi\u00f3n, fortalecemos relaciones responsables con proveedores, contratistas y aliados estrat\u00e9gicos, garantizando pr\u00e1cticas coherentes con nuestros compromisos ambientales. A trav\u00e9s de este pilar:<\/p><ul><li>Acompa\u00f1amos a los aliados estrat\u00e9gicos en la implementaci\u00f3n de buenas pr\u00e1cticas ambientales mediante el programa <em>Misi\u00f3n+<\/em>, asegurando est\u00e1ndares elevados en su gesti\u00f3n.<\/li><li>Aplicamos indicadores ambientales para contratistas, con el fin de evaluar y garantizar su desempe\u00f1o en materia de sostenibilidad durante la ejecuci\u00f3n de actividades operativas.<\/li><li>Definimos fichas con criterios de sostenibilidad ambiental para la compra de bienes y servicios estrat\u00e9gicos, reduciendo los impactos ambientales asociados a los procesos de adquisici\u00f3n y contrataci\u00f3n.<\/li><li>Implementamos un programa posconsumo para los elementos utilizados en la prestaci\u00f3n del servicio (como medidores y reguladores), asegurando su adecuada gesti\u00f3n y promoviendo la econom\u00eda circular.<\/li><li>Transformamos residuos en oportunidades, a trav\u00e9s de la iniciativa Ecopostes aprovechamos los residuos pl\u00e1sticos de la operaci\u00f3n en postes para nuestra se\u00f1alizaci\u00f3n de las redes de gas natural.<\/li><\/ul><p>Este pilar fortalece la coherencia ambiental de nuestras decisiones y asegura que cada eslab\u00f3n de la cadena de valor contribuya al desempe\u00f1o sostenible de la organizaci\u00f3n.<\/p>\t\t\t\t\t\t\t\t<\/div>\n\t\t\t\t<\/div>\n\t\t\t\t<div class=\"elementor-element elementor-element-0cd7a00 elementor-widget elementor-widget-image\" data-id=\"0cd7a00\" data-element_type=\"widget\" data-widget_type=\"image.default\">\n\t\t\t\t<div class=\"elementor-widget-container\">\n\t\t\t\t\t\t\t\t\t\t\t\t\t\t\t\t<a href=\"https:\/\/www.efigas.com.co\/ef_resources\/2026\/02\/4-1536x864-1.jpg\" data-elementor-open-lightbox=\"yes\" data-e-action-hash=\"#elementor-action%3Aaction%3Dlightbox%26settings%3DeyJpZCI6MTE3OTQsInVybCI6Imh0dHBzOlwvXC93d3cuZWZpZ2FzLmNvbS5jb1wvd3AtY29udGVudFwvdXBsb2Fkc1wvMjAyNlwvMDJcLzQtMTUzNng4NjQtMS5qcGcifQ%3D%3D\">\n\t\t\t\t\t\t\t<img decoding=\"async\" width=\"1536\" height=\"864\" src=\"https:\/\/www.efigas.com.co\/ef_resources\/2026\/02\/4-1536x864-1.jpg\" class=\"attachment-full size-full efi-image-11794\" alt=\"\" srcset=\"https:\/\/www.efigas.com.co\/ef_resources\/2026\/02\/4-1536x864-1.jpg 1536w, https:\/\/www.efigas.com.co\/ef_resources\/2026\/02\/4-1536x864-1-300x169.jpg 300w, https:\/\/www.efigas.com.co\/ef_resources\/2026\/02\/4-1536x864-1-150x84.jpg 150w, https:\/\/www.efigas.com.co\/ef_resources\/2026\/02\/4-1536x864-1-768x432.jpg 768w, https:\/\/www.efigas.com.co\/ef_resources\/2026\/02\/4-1536x864-1-24x14.jpg 24w, https:\/\/www.efigas.com.co\/ef_resources\/2026\/02\/4-1536x864-1-36x20.jpg 36w, https:\/\/www.efigas.com.co\/ef_resources\/2026\/02\/4-1536x864-1-52x29.jpg 52w\" sizes=\"(max-width: 1536px) 100vw, 1536px\" \/>\t\t\t\t\t\t\t\t<\/a>\n\t\t\t\t\t\t\t\t\t\t\t\t\t\t\t<\/div>\n\t\t\t\t<\/div>\n\t\t\t\t<div class=\"elementor-element elementor-element-609fd65 elementor-widget elementor-widget-image\" data-id=\"609fd65\" data-element_type=\"widget\" data-widget_type=\"image.default\">\n\t\t\t\t<div class=\"elementor-widget-container\">\n\t\t\t\t\t\t\t\t\t\t\t\t\t\t\t\t<a href=\"https:\/\/www.efigas.com.co\/ef_resources\/2024\/08\/3-scaled.jpg\" data-elementor-open-lightbox=\"yes\" data-e-action-hash=\"#elementor-action%3Aaction%3Dlightbox%26settings%3DeyJpZCI6NjA3MiwidXJsIjoiaHR0cHM6XC9cL3d3dy5lZmlnYXMuY29tLmNvXC93cC1jb250ZW50XC91cGxvYWRzXC8yMDI0XC8wOFwvMy1zY2FsZWQuanBnIn0%3D\">\n\t\t\t\t\t\t\t<img decoding=\"async\" width=\"2560\" height=\"961\" src=\"https:\/\/www.efigas.com.co\/ef_resources\/2024\/08\/3-scaled.jpg\" class=\"attachment-full size-full efi-image-6072\" alt=\"Comprometidos con el Planeta\" srcset=\"https:\/\/www.efigas.com.co\/ef_resources\/2024\/08\/3-scaled.jpg 2560w, https:\/\/www.efigas.com.co\/ef_resources\/2024\/08\/3-300x113.jpg 300w, https:\/\/www.efigas.com.co\/ef_resources\/2024\/08\/3-150x56.jpg 150w, https:\/\/www.efigas.com.co\/ef_resources\/2024\/08\/3-768x288.jpg 768w, https:\/\/www.efigas.com.co\/ef_resources\/2024\/08\/3-1536x576.jpg 1536w, https:\/\/www.efigas.com.co\/ef_resources\/2024\/08\/3-2048x769.jpg 2048w, https:\/\/www.efigas.com.co\/ef_resources\/2024\/08\/3-24x9.jpg 24w, https:\/\/www.efigas.com.co\/ef_resources\/2024\/08\/3-36x14.jpg 36w, https:\/\/www.efigas.com.co\/ef_resources\/2024\/08\/3-52x20.jpg 52w\" sizes=\"(max-width: 2560px) 100vw, 2560px\" \/>\t\t\t\t\t\t\t\t<\/a>\n\t\t\t\t\t\t\t\t\t\t\t\t\t\t\t<\/div>\n\t\t\t\t<\/div>\n\t\t\t\t<div class=\"elementor-element elementor-element-dd54557 elementor-widget elementor-widget-text-editor\" data-id=\"dd54557\" data-element_type=\"widget\" data-widget_type=\"text-editor.default\">\n\t\t\t\t<div class=\"elementor-widget-container\">\n\t\t\t\t\t\t\t\t\t<h3><strong>Pilar de biodiversidad y ecosistemas\u00a0<\/strong><\/h3><p>Nuestro compromiso con los grupos de inter\u00e9s y con el territorio se refleja en acciones concretas orientadas a la conservaci\u00f3n de la biodiversidad y la protecci\u00f3n de los ecosistemas estrat\u00e9gicos donde operamos. Bajo este pilar, impulsamos iniciativas que fortalecen la resiliencia ambiental y aportan a la salud ambiental de nuestro territorio, trabajamos a trav\u00e9s de:<\/p><ul><li>El establecimiento de alianzas para la conservaci\u00f3n, que nos permiten sumar capacidades y ampliar el alcance de nuestras acciones en el territorio.<\/li><li>La definici\u00f3n del p\u00e1ramo como ecosistema estrat\u00e9gico, reconociendo su importancia para la regulaci\u00f3n h\u00eddrica y la biodiversidad, y priorizando su protecci\u00f3n dentro de nuestra gesti\u00f3n.<\/li><li>La identificaci\u00f3n y priorizaci\u00f3n de zonas ambientales cr\u00edticas en \u00e1reas de operaci\u00f3n, para prevenir, controlar y reducir posibles impactos derivados de actividades operativas o eventuales emergencias.<\/li><li>La restauraci\u00f3n de zonas de importancia ambiental, impulsando la conectividad biol\u00f3gica como estrategia clave para proteger la biodiversidad y recuperar funciones ecosist\u00e9micas.<\/li><li>El pago por servicios ambientales a familias rurales, quienes destinan parte de sus predios a la conservaci\u00f3n, fortaleciendo la protecci\u00f3n del territorio y promoviendo pr\u00e1cticas sostenibles.<\/li><\/ul><p><strong>Con orgullo reconocemos nuestro aporte a los ecosistemas donde hemos sumado 37 hect\u00e1reas<\/strong> bajo procesos de restauraci\u00f3n, <strong>20 hect\u00e1reas<\/strong> protegidas mediante esquemas de pago por servicios ambientales y m\u00e1s de <strong>30.000 \u00e1rboles sembrados<\/strong>, contribuyendo a la regeneraci\u00f3n de ecosistemas estrat\u00e9gicos.<\/p><p>Este pilar reafirma nuestra responsabilidad con la naturaleza y nuestro compromiso de aportar a la preservaci\u00f3n de los ecosistemas que sostienen la vida y a la sostenibilidad ambiental del eje cafetero.<\/p>\t\t\t\t\t\t\t\t<\/div>\n\t\t\t\t<\/div>\n\t\t\t\t<div class=\"elementor-element elementor-element-5c4c855 elementor-widget elementor-widget-image\" data-id=\"5c4c855\" data-element_type=\"widget\" data-widget_type=\"image.default\">\n\t\t\t\t<div class=\"elementor-widget-container\">\n\t\t\t\t\t\t\t\t\t\t\t\t\t\t\t\t<a href=\"https:\/\/www.efigas.com.co\/ef_resources\/2026\/02\/imagen-2.png\" data-elementor-open-lightbox=\"yes\" data-e-action-hash=\"#elementor-action%3Aaction%3Dlightbox%26settings%3DeyJpZCI6MTE3OTIsInVybCI6Imh0dHBzOlwvXC93d3cuZWZpZ2FzLmNvbS5jb1wvd3AtY29udGVudFwvdXBsb2Fkc1wvMjAyNlwvMDJcL2ltYWdlbi0yLnBuZyJ9\">\n\t\t\t\t\t\t\t<img loading=\"lazy\" decoding=\"async\" width=\"1920\" height=\"522\" src=\"https:\/\/www.efigas.com.co\/ef_resources\/2026\/02\/imagen-2.png\" class=\"attachment-full size-full efi-image-11792\" alt=\"\" srcset=\"https:\/\/www.efigas.com.co\/ef_resources\/2026\/02\/imagen-2.png 1920w, https:\/\/www.efigas.com.co\/ef_resources\/2026\/02\/imagen-2-300x82.png 300w, https:\/\/www.efigas.com.co\/ef_resources\/2026\/02\/imagen-2-150x41.png 150w, https:\/\/www.efigas.com.co\/ef_resources\/2026\/02\/imagen-2-768x209.png 768w, https:\/\/www.efigas.com.co\/ef_resources\/2026\/02\/imagen-2-1536x418.png 1536w, https:\/\/www.efigas.com.co\/ef_resources\/2026\/02\/imagen-2-24x7.png 24w, https:\/\/www.efigas.com.co\/ef_resources\/2026\/02\/imagen-2-36x10.png 36w, https:\/\/www.efigas.com.co\/ef_resources\/2026\/02\/imagen-2-52x14.png 52w\" sizes=\"(max-width: 1920px) 100vw, 1920px\" \/>\t\t\t\t\t\t\t\t<\/a>\n\t\t\t\t\t\t\t\t\t\t\t\t\t\t\t<\/div>\n\t\t\t\t<\/div>\n\t\t\t\t<div class=\"elementor-element elementor-element-29536c8 elementor-widget elementor-widget-text-editor\" data-id=\"29536c8\" data-element_type=\"widget\" data-widget_type=\"text-editor.default\">\n\t\t\t\t<div class=\"elementor-widget-container\">\n\t\t\t\t\t\t\t\t\t<h3><strong>Pilar de educaci\u00f3n ambiental\u00a0y clim\u00e1tica<\/strong><\/h3><p>La cultura ambiental y de sostenibilidad hace parte esencial de nuestra manera de operar. Por ello, fortalecemos permanentemente las capacidades de nuestros colaboradores, contratistas y comunidades, promoviendo una comprensi\u00f3n profunda de los desaf\u00edos clim\u00e1ticos y del rol que cada actor cumple en la protecci\u00f3n del entorno. Bajo este pilar desarrollamos acciones orientadas a:<\/p><ul><li>Capacitar y sensibilizar a colaboradores y contratistas en tem\u00e1ticas ambientales, promoviendo pr\u00e1cticas responsables y coherentes con nuestros compromisos de sostenibilidad.<\/li><li>Impulsar la concientizaci\u00f3n en sostenibilidad a trav\u00e9s del grupo de apoyo Efiambiental, que dinamiza acciones y mensajes dentro de la organizaci\u00f3n.<\/li><\/ul>\t\t\t\t\t\t\t\t<\/div>\n\t\t\t\t<\/div>\n\t\t\t\t<div class=\"elementor-element elementor-element-4eb4403 elementor-widget elementor-widget-image\" data-id=\"4eb4403\" data-element_type=\"widget\" data-widget_type=\"image.default\">\n\t\t\t\t<div class=\"elementor-widget-container\">\n\t\t\t\t\t\t\t\t\t\t\t\t\t\t\t<img loading=\"lazy\" decoding=\"async\" width=\"369\" height=\"277\" src=\"https:\/\/www.efigas.com.co\/ef_resources\/2026\/02\/image5.jpg\" class=\"attachment-large size-large efi-image-11789\" alt=\"\" srcset=\"https:\/\/www.efigas.com.co\/ef_resources\/2026\/02\/image5.jpg 369w, https:\/\/www.efigas.com.co\/ef_resources\/2026\/02\/image5-300x225.jpg 300w, https:\/\/www.efigas.com.co\/ef_resources\/2026\/02\/image5-150x113.jpg 150w, https:\/\/www.efigas.com.co\/ef_resources\/2026\/02\/image5-24x18.jpg 24w, https:\/\/www.efigas.com.co\/ef_resources\/2026\/02\/image5-36x27.jpg 36w, https:\/\/www.efigas.com.co\/ef_resources\/2026\/02\/image5-52x39.jpg 52w\" sizes=\"(max-width: 369px) 100vw, 369px\" \/>\t\t\t\t\t\t\t\t\t\t\t\t\t\t\t<\/div>\n\t\t\t\t<\/div>\n\t\t\t\t<div class=\"elementor-element elementor-element-fec1a9c elementor-widget elementor-widget-text-editor\" data-id=\"fec1a9c\" data-element_type=\"widget\" data-widget_type=\"text-editor.default\">\n\t\t\t\t<div class=\"elementor-widget-container\">\n\t\t\t\t\t\t\t\t\t<ul><li>Implementar iniciativas formativas desde el semillero ambiental \u201cSemilleros Resilientes\u201d, orientadas al desarrollo de competencias ambientales desde una perspectiva educativa y participativa, como tambi\u00e9n con la generaci\u00f3n de conciencia a los hijos de los colaboradores.<\/li><\/ul>\t\t\t\t\t\t\t\t<\/div>\n\t\t\t\t<\/div>\n\t\t\t\t<div class=\"elementor-element elementor-element-1386c27 elementor-widget elementor-widget-image\" data-id=\"1386c27\" data-element_type=\"widget\" data-widget_type=\"image.default\">\n\t\t\t\t<div class=\"elementor-widget-container\">\n\t\t\t\t\t\t\t\t\t\t\t\t\t\t\t<img loading=\"lazy\" decoding=\"async\" width=\"466\" height=\"622\" src=\"https:\/\/www.efigas.com.co\/ef_resources\/2026\/02\/image.jpg\" class=\"attachment-large size-large efi-image-11787\" alt=\"\" srcset=\"https:\/\/www.efigas.com.co\/ef_resources\/2026\/02\/image.jpg 466w, https:\/\/www.efigas.com.co\/ef_resources\/2026\/02\/image-225x300.jpg 225w, https:\/\/www.efigas.com.co\/ef_resources\/2026\/02\/image-112x150.jpg 112w, https:\/\/www.efigas.com.co\/ef_resources\/2026\/02\/image-18x24.jpg 18w, https:\/\/www.efigas.com.co\/ef_resources\/2026\/02\/image-27x36.jpg 27w, https:\/\/www.efigas.com.co\/ef_resources\/2026\/02\/image-39x52.jpg 39w\" sizes=\"(max-width: 466px) 100vw, 466px\" \/>\t\t\t\t\t\t\t\t\t\t\t\t\t\t\t<\/div>\n\t\t\t\t<\/div>\n\t\t\t\t<div class=\"elementor-element elementor-element-35a8744 elementor-widget elementor-widget-text-editor\" data-id=\"35a8744\" data-element_type=\"widget\" data-widget_type=\"text-editor.default\">\n\t\t\t\t<div class=\"elementor-widget-container\">\n\t\t\t\t\t\t\t\t\t<ul><li>Fortalecer la participaci\u00f3n comunitaria, mediante formaci\u00f3n en acciones de protecci\u00f3n del entorno y en temas asociados a cambio clim\u00e1tico, eficiencia energ\u00e9tica, gesti\u00f3n del riesgo comunitario, resiliencia clim\u00e1tica y desarrollo bajo en carbono, a trav\u00e9s de la <em>Escuela de Liderazgo Ambiental y Comunitario \u2013 Eslac<\/em> y el programa <em>Conexi\u00f3n Entorno<\/em>.<\/li><\/ul>\t\t\t\t\t\t\t\t<\/div>\n\t\t\t\t<\/div>\n\t\t<div class=\"elementor-element elementor-element-aad125e e-grid e-con-full e-con e-child\" data-id=\"aad125e\" data-element_type=\"container\" data-settings=\"{&quot;_ha_eqh_enable&quot;:false}\">\n\t\t\t\t<div class=\"elementor-element elementor-element-958928f elementor-widget elementor-widget-image\" data-id=\"958928f\" data-element_type=\"widget\" data-widget_type=\"image.default\">\n\t\t\t\t<div class=\"elementor-widget-container\">\n\t\t\t\t\t\t\t\t\t\t\t\t\t\t\t<img loading=\"lazy\" decoding=\"async\" width=\"800\" height=\"449\" src=\"https:\/\/www.efigas.com.co\/ef_resources\/2026\/02\/ESLAC-3-1536x862-1.jpeg\" class=\"attachment-large size-large efi-image-11786\" alt=\"\" srcset=\"https:\/\/www.efigas.com.co\/ef_resources\/2026\/02\/ESLAC-3-1536x862-1.jpeg 1536w, https:\/\/www.efigas.com.co\/ef_resources\/2026\/02\/ESLAC-3-1536x862-1-300x168.jpeg 300w, https:\/\/www.efigas.com.co\/ef_resources\/2026\/02\/ESLAC-3-1536x862-1-150x84.jpeg 150w, https:\/\/www.efigas.com.co\/ef_resources\/2026\/02\/ESLAC-3-1536x862-1-768x431.jpeg 768w, https:\/\/www.efigas.com.co\/ef_resources\/2026\/02\/ESLAC-3-1536x862-1-24x13.jpeg 24w, https:\/\/www.efigas.com.co\/ef_resources\/2026\/02\/ESLAC-3-1536x862-1-36x20.jpeg 36w, https:\/\/www.efigas.com.co\/ef_resources\/2026\/02\/ESLAC-3-1536x862-1-52x29.jpeg 52w\" sizes=\"(max-width: 800px) 100vw, 800px\" \/>\t\t\t\t\t\t\t\t\t\t\t\t\t\t\t<\/div>\n\t\t\t\t<\/div>\n\t\t\t\t<div class=\"elementor-element elementor-element-0029836 elementor-widget elementor-widget-image\" data-id=\"0029836\" data-element_type=\"widget\" data-widget_type=\"image.default\">\n\t\t\t\t<div class=\"elementor-widget-container\">\n\t\t\t\t\t\t\t\t\t\t\t\t\t\t\t<img loading=\"lazy\" decoding=\"async\" width=\"333\" height=\"251\" src=\"https:\/\/www.efigas.com.co\/ef_resources\/2026\/02\/image3.jpg\" class=\"attachment-large size-large efi-image-11788\" alt=\"\" srcset=\"https:\/\/www.efigas.com.co\/ef_resources\/2026\/02\/image3.jpg 333w, https:\/\/www.efigas.com.co\/ef_resources\/2026\/02\/image3-300x226.jpg 300w, https:\/\/www.efigas.com.co\/ef_resources\/2026\/02\/image3-150x113.jpg 150w, https:\/\/www.efigas.com.co\/ef_resources\/2026\/02\/image3-24x18.jpg 24w, https:\/\/www.efigas.com.co\/ef_resources\/2026\/02\/image3-36x27.jpg 36w, https:\/\/www.efigas.com.co\/ef_resources\/2026\/02\/image3-52x39.jpg 52w\" sizes=\"(max-width: 333px) 100vw, 333px\" \/>\t\t\t\t\t\t\t\t\t\t\t\t\t\t\t<\/div>\n\t\t\t\t<\/div>\n\t\t\t\t<\/div>\n\t\t\t\t<div class=\"elementor-element elementor-element-4841bae elementor-widget elementor-widget-text-editor\" data-id=\"4841bae\" data-element_type=\"widget\" data-widget_type=\"text-editor.default\">\n\t\t\t\t<div class=\"elementor-widget-container\">\n\t\t\t\t\t\t\t\t\t<ul><li>Promover la conciencia ambiental y el fortalecimiento del tejido social, desarrollando acciones voluntarias articuladas con aliados estrat\u00e9gicos e instituciones del territorio.<\/li><\/ul><p>Este pilar consolida nuestra convicci\u00f3n de que la educaci\u00f3n es un motor fundamental para avanzar hacia territorios m\u00e1s sostenibles, resilientes y comprometidos con el futuro clim\u00e1tico.<\/p>\t\t\t\t\t\t\t\t<\/div>\n\t\t\t\t<\/div>\n\t\t\t\t<div class=\"elementor-element elementor-element-7ea633e elementor-align-center elementor-widget elementor-widget-button\" data-id=\"7ea633e\" data-element_type=\"widget\" data-widget_type=\"button.default\">\n\t\t\t\t<div class=\"elementor-widget-container\">\n\t\t\t\t\t\t\t\t\t<div class=\"elementor-button-wrapper\">\n\t\t\t\t\t<a class=\"elementor-button elementor-button-link elementor-size-sm\" href=\"https:\/\/www.efigas.com.co\/ef_resources\/2024\/02\/plan_efigas_ambientalmente_responsable_2023.pdf\" target=\"_blank\">\n\t\t\t\t\t\t<span class=\"elementor-button-content-wrapper\">\n\t\t\t\t\t\t\t\t\t<span class=\"elementor-button-text\">Plan Efigas Ambientalmente Responsable<\/span>\n\t\t\t\t\t<\/span>\n\t\t\t\t\t<\/a>\n\t\t\t\t<\/div>\n\t\t\t\t\t\t\t\t<\/div>\n\t\t\t\t<\/div>\n\t\t\t\t\t<\/div>\n\t\t\t\t<\/div>\n\t\t\t\t<\/div>\n\t\t","protected":false},"excerpt":{"rendered":"<p>Creamos un modelo de gesti\u00f3n ambiental, alineado a nuestra pol\u00edtica de sostenibilidad de Efigas y los Objetivos de Desarrollo Sostenible. Conoce m\u00e1s.<\/p>\n","protected":false},"author":1,"featured_media":1151,"parent":1305,"menu_order":0,"comment_status":"closed","ping_status":"closed","template":"","meta":{"inline_featured_image":false,"footnotes":""},"categories":[51],"tags":[],"class_list":["post-1002","page","type-page","status-publish","has-post-thumbnail","hentry","category-sostenibilidad"],"yoast_head":"\n<title>Ambientalmente responsable - Efigas S.A. E.S.P.<\/title>\n<meta name=\"description\" content=\"Creamos un modelo de gesti\u00f3n ambiental, alineado a nuestra pol\u00edtica de sostenibilidad de Efigas y los Objetivos de Desarrollo Sostenible. Conoce m\u00e1s.\" \/>\n<meta name=\"robots\" content=\"index, follow, max-snippet:-1, max-image-preview:large, max-video-preview:-1\" \/>\n<link rel=\"canonical\" href=\"https:\/\/www.efigas.com.co\/sostenibilidad\/gestion-ambiental\/ambientalmente-responsable\/\" \/>\n<meta property=\"og:locale\" content=\"es_ES\" \/>\n<meta property=\"og:type\" content=\"article\" \/>\n<meta property=\"og:title\" content=\"Ambientalmente responsable - Efigas S.A. E.S.P.\" \/>\n<meta property=\"og:description\" content=\"Creamos un modelo de gesti\u00f3n ambiental, alineado a nuestra pol\u00edtica de sostenibilidad de Efigas y los Objetivos de Desarrollo Sostenible. Conoce m\u00e1s.\" \/>\n<meta property=\"og:url\" content=\"https:\/\/www.efigas.com.co\/sostenibilidad\/gestion-ambiental\/ambientalmente-responsable\/\" \/>\n<meta property=\"og:site_name\" content=\"Efigas S.A. E.S.P.\" \/>\n<meta property=\"article:publisher\" content=\"https:\/\/www.facebook.com\/efigasoficial\/\" \/>\n<meta property=\"article:modified_time\" content=\"2026-02-28T13:27:26+00:00\" \/>\n<meta property=\"og:image\" content=\"https:\/\/www.efigas.com.co\/ef_resources\/2024\/01\/Efigas_342101958.jpg\" \/>\n\t<meta property=\"og:image:width\" content=\"1920\" \/>\n\t<meta property=\"og:image:height\" content=\"1280\" \/>\n\t<meta property=\"og:image:type\" content=\"image\/jpeg\" \/>\n<meta name=\"twitter:card\" content=\"summary_large_image\" \/>\n<meta name=\"twitter:site\" content=\"@efigas_oficial\" \/>\n<script type=\"application\/ld+json\" class=\"efiseo-schema-graph\">{\"@context\":\"https:\/\/schema.org\",\"@graph\":[{\"@type\":\"WebPage\",\"@id\":\"https:\/\/www.efigas.com.co\/sostenibilidad\/gestion-ambiental\/ambientalmente-responsable\/\",\"url\":\"https:\/\/www.efigas.com.co\/sostenibilidad\/gestion-ambiental\/ambientalmente-responsable\/\",\"name\":\"Ambientalmente responsable - Efigas S.A. E.S.P.\",\"isPartOf\":{\"@id\":\"https:\/\/www.efigas.com.co\/#website\"},\"primaryImageOfPage\":{\"@id\":\"https:\/\/www.efigas.com.co\/sostenibilidad\/gestion-ambiental\/ambientalmente-responsable\/#primaryimage\"},\"image\":{\"@id\":\"https:\/\/www.efigas.com.co\/sostenibilidad\/gestion-ambiental\/ambientalmente-responsable\/#primaryimage\"},\"thumbnailUrl\":\"https:\/\/www.efigas.com.co\/ef_resources\/2024\/01\/Efigas_342101958.jpg\",\"datePublished\":\"2023-12-29T04:50:35+00:00\",\"dateModified\":\"2026-02-28T13:27:26+00:00\",\"description\":\"Creamos un modelo de gesti\u00f3n ambiental, alineado a nuestra pol\u00edtica de sostenibilidad de Efigas y los Objetivos de Desarrollo Sostenible. Conoce m\u00e1s.\",\"breadcrumb\":{\"@id\":\"https:\/\/www.efigas.com.co\/sostenibilidad\/gestion-ambiental\/ambientalmente-responsable\/#breadcrumb\"},\"inLanguage\":\"es\",\"potentialAction\":[{\"@type\":\"ReadAction\",\"target\":[\"https:\/\/www.efigas.com.co\/sostenibilidad\/gestion-ambiental\/ambientalmente-responsable\/\"]}]},{\"@type\":\"ImageObject\",\"inLanguage\":\"es\",\"@id\":\"https:\/\/www.efigas.com.co\/sostenibilidad\/gestion-ambiental\/ambientalmente-responsable\/#primaryimage\",\"url\":\"https:\/\/www.efigas.com.co\/ef_resources\/2024\/01\/Efigas_342101958.jpg\",\"contentUrl\":\"https:\/\/www.efigas.com.co\/ef_resources\/2024\/01\/Efigas_342101958.jpg\",\"width\":1920,\"height\":1280,\"caption\":\"gas natural vehicular recorriendo los paisajes del eje cafetero\"},{\"@type\":\"BreadcrumbList\",\"@id\":\"https:\/\/www.efigas.com.co\/sostenibilidad\/gestion-ambiental\/ambientalmente-responsable\/#breadcrumb\",\"itemListElement\":[{\"@type\":\"ListItem\",\"position\":1,\"name\":\"Inicio\",\"item\":\"https:\/\/www.efigas.com.co\/\"},{\"@type\":\"ListItem\",\"position\":2,\"name\":\"Modelo de sostenibilidad\",\"item\":\"https:\/\/www.efigas.com.co\/sostenibilidad\/\"},{\"@type\":\"ListItem\",\"position\":3,\"name\":\"Gesti\u00f3n ambiental\",\"item\":\"https:\/\/www.efigas.com.co\/sostenibilidad\/gestion-ambiental\/\"},{\"@type\":\"ListItem\",\"position\":4,\"name\":\"Ambientalmente responsable\"}]},{\"@type\":\"WebSite\",\"@id\":\"https:\/\/www.efigas.com.co\/#website\",\"url\":\"https:\/\/www.efigas.com.co\/\",\"name\":\"Efigas S.A. E.S.P.\",\"description\":\"Distribuidora de gas natural en el eje cafetero, Caldas, Quind\u00edo, Risaralda, servicio de   instalaci\u00f3n y reparaci\u00f3n de estufas de gas, cambio de   medidores de gas   natural, construcci\u00f3n de redes de gas natural, servicio de instalaci\u00f3n y reparaci\u00f3n de   calentadores de gas, servicio de Revisi\u00f3n T\u00e9cnica Reglamentaria.\",\"publisher\":{\"@id\":\"https:\/\/www.efigas.com.co\/#organization\"},\"alternateName\":\"Efigas\",\"potentialAction\":[{\"@type\":\"SearchAction\",\"target\":{\"@type\":\"EntryPoint\",\"urlTemplate\":\"https:\/\/www.efigas.com.co\/?s={search_term_string}\"},\"query-input\":{\"@type\":\"PropertyValueSpecification\",\"valueRequired\":true,\"valueName\":\"search_term_string\"}}],\"inLanguage\":\"es\"},{\"@type\":\"Organization\",\"@id\":\"https:\/\/www.efigas.com.co\/#organization\",\"name\":\"Efigas S.A. E.S.P.\",\"alternateName\":\"Efigas\",\"url\":\"https:\/\/www.efigas.com.co\/\",\"logo\":{\"@type\":\"ImageObject\",\"inLanguage\":\"es\",\"@id\":\"https:\/\/www.efigas.com.co\/#\/schema\/logo\/image\/\",\"url\":\"https:\/\/www.efigas.com.co\/ef_resources\/2023\/12\/logo-efigas-negativo.svg\",\"contentUrl\":\"https:\/\/www.efigas.com.co\/ef_resources\/2023\/12\/logo-efigas-negativo.svg\",\"width\":225,\"height\":123,\"caption\":\"Efigas S.A. E.S.P.\"},\"image\":{\"@id\":\"https:\/\/www.efigas.com.co\/#\/schema\/logo\/image\/\"},\"sameAs\":[\"https:\/\/www.facebook.com\/efigasoficial\/\",\"https:\/\/x.com\/efigas_oficial\",\"https:\/\/www.linkedin.com\/company\/efigas\/\"]}]}<\/script>\n","yoast_head_json":{"title":"Ambientalmente responsable - Efigas S.A. E.S.P.","description":"Creamos un modelo de gesti\u00f3n ambiental, alineado a nuestra pol\u00edtica de sostenibilidad de Efigas y los Objetivos de Desarrollo Sostenible. Conoce m\u00e1s.","robots":{"index":"index","follow":"follow","max-snippet":"max-snippet:-1","max-image-preview":"max-image-preview:large","max-video-preview":"max-video-preview:-1"},"canonical":"https:\/\/www.efigas.com.co\/sostenibilidad\/gestion-ambiental\/ambientalmente-responsable\/","og_locale":"es_ES","og_type":"article","og_title":"Ambientalmente responsable - Efigas S.A. E.S.P.","og_description":"Creamos un modelo de gesti\u00f3n ambiental, alineado a nuestra pol\u00edtica de sostenibilidad de Efigas y los Objetivos de Desarrollo Sostenible. Conoce m\u00e1s.","og_url":"https:\/\/www.efigas.com.co\/sostenibilidad\/gestion-ambiental\/ambientalmente-responsable\/","og_site_name":"Efigas S.A. E.S.P.","article_publisher":"https:\/\/www.facebook.com\/efigasoficial\/","article_modified_time":"2026-02-28T13:27:26+00:00","og_image":[{"width":1920,"height":1280,"url":"https:\/\/www.efigas.com.co\/ef_resources\/2024\/01\/Efigas_342101958.jpg","type":"image\/jpeg"}],"twitter_card":"summary_large_image","twitter_site":"@efigas_oficial","schema":{"@context":"https:\/\/schema.org","@graph":[{"@type":"WebPage","@id":"https:\/\/www.efigas.com.co\/sostenibilidad\/gestion-ambiental\/ambientalmente-responsable\/","url":"https:\/\/www.efigas.com.co\/sostenibilidad\/gestion-ambiental\/ambientalmente-responsable\/","name":"Ambientalmente responsable - Efigas S.A. E.S.P.","isPartOf":{"@id":"https:\/\/www.efigas.com.co\/#website"},"primaryImageOfPage":{"@id":"https:\/\/www.efigas.com.co\/sostenibilidad\/gestion-ambiental\/ambientalmente-responsable\/#primaryimage"},"image":{"@id":"https:\/\/www.efigas.com.co\/sostenibilidad\/gestion-ambiental\/ambientalmente-responsable\/#primaryimage"},"thumbnailUrl":"https:\/\/www.efigas.com.co\/ef_resources\/2024\/01\/Efigas_342101958.jpg","datePublished":"2023-12-29T04:50:35+00:00","dateModified":"2026-02-28T13:27:26+00:00","description":"Creamos un modelo de gesti\u00f3n ambiental, alineado a nuestra pol\u00edtica de sostenibilidad de Efigas y los Objetivos de Desarrollo Sostenible. Conoce m\u00e1s.","breadcrumb":{"@id":"https:\/\/www.efigas.com.co\/sostenibilidad\/gestion-ambiental\/ambientalmente-responsable\/#breadcrumb"},"inLanguage":"es","potentialAction":[{"@type":"ReadAction","target":["https:\/\/www.efigas.com.co\/sostenibilidad\/gestion-ambiental\/ambientalmente-responsable\/"]}]},{"@type":"ImageObject","inLanguage":"es","@id":"https:\/\/www.efigas.com.co\/sostenibilidad\/gestion-ambiental\/ambientalmente-responsable\/#primaryimage","url":"https:\/\/www.efigas.com.co\/ef_resources\/2024\/01\/Efigas_342101958.jpg","contentUrl":"https:\/\/www.efigas.com.co\/ef_resources\/2024\/01\/Efigas_342101958.jpg","width":1920,"height":1280,"caption":"gas natural vehicular recorriendo los paisajes del eje cafetero"},{"@type":"BreadcrumbList","@id":"https:\/\/www.efigas.com.co\/sostenibilidad\/gestion-ambiental\/ambientalmente-responsable\/#breadcrumb","itemListElement":[{"@type":"ListItem","position":1,"name":"Inicio","item":"https:\/\/www.efigas.com.co\/"},{"@type":"ListItem","position":2,"name":"Modelo de sostenibilidad","item":"https:\/\/www.efigas.com.co\/sostenibilidad\/"},{"@type":"ListItem","position":3,"name":"Gesti\u00f3n ambiental","item":"https:\/\/www.efigas.com.co\/sostenibilidad\/gestion-ambiental\/"},{"@type":"ListItem","position":4,"name":"Ambientalmente responsable"}]},{"@type":"WebSite","@id":"https:\/\/www.efigas.com.co\/#website","url":"https:\/\/www.efigas.com.co\/","name":"Efigas S.A. E.S.P.","description":"Distribuidora de gas natural en el eje cafetero, Caldas, Quind\u00edo, Risaralda, servicio de   instalaci\u00f3n y reparaci\u00f3n de estufas de gas, cambio de   medidores de gas   natural, construcci\u00f3n de redes de gas natural, servicio de instalaci\u00f3n y reparaci\u00f3n de   calentadores de gas, servicio de Revisi\u00f3n T\u00e9cnica Reglamentaria.","publisher":{"@id":"https:\/\/www.efigas.com.co\/#organization"},"alternateName":"Efigas","potentialAction":[{"@type":"SearchAction","target":{"@type":"EntryPoint","urlTemplate":"https:\/\/www.efigas.com.co\/?s={search_term_string}"},"query-input":{"@type":"PropertyValueSpecification","valueRequired":true,"valueName":"search_term_string"}}],"inLanguage":"es"},{"@type":"Organization","@id":"https:\/\/www.efigas.com.co\/#organization","name":"Efigas S.A. E.S.P.","alternateName":"Efigas","url":"https:\/\/www.efigas.com.co\/","logo":{"@type":"ImageObject","inLanguage":"es","@id":"https:\/\/www.efigas.com.co\/#\/schema\/logo\/image\/","url":"https:\/\/www.efigas.com.co\/ef_resources\/2023\/12\/logo-efigas-negativo.svg","contentUrl":"https:\/\/www.efigas.com.co\/ef_resources\/2023\/12\/logo-efigas-negativo.svg","width":225,"height":123,"caption":"Efigas S.A. E.S.P."},"image":{"@id":"https:\/\/www.efigas.com.co\/#\/schema\/logo\/image\/"},"sameAs":["https:\/\/www.facebook.com\/efigasoficial\/","https:\/\/x.com\/efigas_oficial","https:\/\/www.linkedin.com\/company\/efigas\/"]}]}},"_links":{"self":[{"href":"https:\/\/www.efigas.com.co\/efi-json\/wp\/v2\/pages\/1002","targetHints":{"allow":["GET"]}}],"collection":[{"href":"https:\/\/www.efigas.com.co\/efi-json\/wp\/v2\/pages"}],"about":[{"href":"https:\/\/www.efigas.com.co\/efi-json\/wp\/v2\/types\/page"}],"author":[{"embeddable":true,"href":"https:\/\/www.efigas.com.co\/efi-json\/wp\/v2\/users\/1"}],"replies":[{"embeddable":true,"href":"https:\/\/www.efigas.com.co\/efi-json\/wp\/v2\/comments?post=1002"}],"version-history":[{"count":31,"href":"https:\/\/www.efigas.com.co\/efi-json\/wp\/v2\/pages\/1002\/revisions"}],"predecessor-version":[{"id":11797,"href":"https:\/\/www.efigas.com.co\/efi-json\/wp\/v2\/pages\/1002\/revisions\/11797"}],"up":[{"embeddable":true,"href":"https:\/\/www.efigas.com.co\/efi-json\/wp\/v2\/pages\/1305"}],"wp:featuredmedia":[{"embeddable":true,"href":"https:\/\/www.efigas.com.co\/efi-json\/wp\/v2\/media\/1151"}],"wp:attachment":[{"href":"https:\/\/www.efigas.com.co\/efi-json\/wp\/v2\/media?parent=1002"}],"wp:term":[{"taxonomy":"category","embeddable":true,"href":"https:\/\/www.efigas.com.co\/efi-json\/wp\/v2\/categories?post=1002"},{"taxonomy":"post_tag","embeddable":true,"href":"https:\/\/www.efigas.com.co\/efi-json\/wp\/v2\/tags?post=1002"}],"curies":[{"name":"wp","href":"https:\/\/api.w.org\/{rel}","templated":true}]}}