{"id":1015,"date":"2023-12-28T23:57:56","date_gmt":"2023-12-29T04:57:56","guid":{"rendered":"http:\/\/172.26.3.13\/?page_id=1015"},"modified":"2026-03-04T16:58:59","modified_gmt":"2026-03-04T21:58:59","slug":"programas-sociales","status":"publish","type":"page","link":"https:\/\/www.efigas.com.co\/programas-sociales\/","title":{"rendered":"Programas sociales"},"content":{"rendered":"\t\t<div data-elementor-type=\"efi-page\" data-elementor-id=\"1015\" class=\"elementor elementor-1015\" data-elementor-settings=\"{&quot;ha_cmc_init_switcher&quot;:&quot;no&quot;}\" data-elementor-post-type=\"page\">\n\t\t\t\t<div class=\"elementor-element elementor-element-c02b125 e-flex e-con-boxed e-con e-parent\" data-id=\"c02b125\" data-element_type=\"container\" data-settings=\"{&quot;_ha_eqh_enable&quot;:false}\">\n\t\t\t\t\t<div class=\"e-con-inner\">\n\t\t\t\t<div class=\"elementor-element elementor-element-384cd0e elementor-widget elementor-widget-text-editor\" data-id=\"384cd0e\" data-element_type=\"widget\" data-widget_type=\"text-editor.default\">\n\t\t\t\t<div class=\"elementor-widget-container\">\n\t\t\t\t\t\t\t\t\t<h2>Cuenta con Efigas<\/h2><p>M\u00e1s de 9 a\u00f1os de presencia en el <strong>Eje Cafetero<\/strong> es el programa m\u00e1s importante de proyecci\u00f3n social de la Compa\u00f1\u00eda, impactando en la promoci\u00f3n y animaci\u00f3n de la lectura, la escritura y la oralidad, y el fomento del uso responsable del gas natural Impactamos a m\u00e1s de 25.000 estudiantes, 345 docentes y bibliotecarios, 174 instituciones educativas y 19 bibliotecas de los 32 municipios del Eje Cafetero.<\/p>\t\t\t\t\t\t\t\t<\/div>\n\t\t\t\t<\/div>\n\t\t\t\t<div class=\"elementor-element elementor-element-6f5efec elementor-widget elementor-widget-video\" data-id=\"6f5efec\" data-element_type=\"widget\" data-settings=\"{&quot;youtube_url&quot;:&quot;https:\\\/\\\/youtu.be\\\/R3-5ta9ttC0&quot;,&quot;video_type&quot;:&quot;youtube&quot;,&quot;controls&quot;:&quot;yes&quot;}\" data-widget_type=\"video.default\">\n\t\t\t\t<div class=\"elementor-widget-container\">\n\t\t\t\t\t\t\t<div class=\"elementor-wrapper elementor-open-inline\">\n\t\t\t<div class=\"elementor-video\"><\/div>\t\t<\/div>\n\t\t\t\t\t\t<\/div>\n\t\t\t\t<\/div>\n\t\t\t\t<div class=\"elementor-element elementor-element-ff45521 elementor-align-center elementor-widget elementor-widget-button\" data-id=\"ff45521\" data-element_type=\"widget\" data-widget_type=\"button.default\">\n\t\t\t\t<div class=\"elementor-widget-container\">\n\t\t\t\t\t\t\t\t\t<div class=\"elementor-button-wrapper\">\n\t\t\t\t\t<a class=\"elementor-button elementor-button-link elementor-size-sm\" href=\"https:\/\/programacuentaconefigas.com\/%20\" target=\"_blank\">\n\t\t\t\t\t\t<span class=\"elementor-button-content-wrapper\">\n\t\t\t\t\t\t\t\t\t<span class=\"elementor-button-text\">Conoce m\u00e1s de este maravilloso programa<\/span>\n\t\t\t\t\t<\/span>\n\t\t\t\t\t<\/a>\n\t\t\t\t<\/div>\n\t\t\t\t\t\t\t\t<\/div>\n\t\t\t\t<\/div>\n\t\t\t\t<div class=\"elementor-element elementor-element-311a733 elementor-align-center elementor-widget elementor-widget-button\" data-id=\"311a733\" data-element_type=\"widget\" data-widget_type=\"button.default\">\n\t\t\t\t<div class=\"elementor-widget-container\">\n\t\t\t\t\t\t\t\t\t<div class=\"elementor-button-wrapper\">\n\t\t\t\t\t<a class=\"elementor-button elementor-button-link elementor-size-sm\" href=\"https:\/\/www.efigas.com.co\/ef_resources\/2024\/02\/bitacora_de_lecturas_y_escrituras_viajera.pdf\" target=\"_blank\">\n\t\t\t\t\t\t<span class=\"elementor-button-content-wrapper\">\n\t\t\t\t\t\t\t\t\t<span class=\"elementor-button-text\">Conoce la bit\u00e1cora de lecturas y escrituras viajera<\/span>\n\t\t\t\t\t<\/span>\n\t\t\t\t\t<\/a>\n\t\t\t\t<\/div>\n\t\t\t\t\t\t\t\t<\/div>\n\t\t\t\t<\/div>\n\t\t\t\t<div class=\"elementor-element elementor-element-0885756 elementor-align-center elementor-widget elementor-widget-button\" data-id=\"0885756\" data-element_type=\"widget\" data-widget_type=\"button.default\">\n\t\t\t\t<div class=\"elementor-widget-container\">\n\t\t\t\t\t\t\t\t\t<div class=\"elementor-button-wrapper\">\n\t\t\t\t\t<a class=\"elementor-button elementor-button-link elementor-size-sm\" href=\"https:\/\/www.efigas.com.co\/ef_resources\/2024\/02\/001CartillaFinalExpedicionLEO.pdf\" target=\"_blank\">\n\t\t\t\t\t\t<span class=\"elementor-button-content-wrapper\">\n\t\t\t\t\t\t\t\t\t<span class=\"elementor-button-text\">Cartilla Expedici\u00f3n LEO<\/span>\n\t\t\t\t\t<\/span>\n\t\t\t\t\t<\/a>\n\t\t\t\t<\/div>\n\t\t\t\t\t\t\t\t<\/div>\n\t\t\t\t<\/div>\n\t\t\t\t<div class=\"elementor-element elementor-element-8776b9d elementor-widget elementor-widget-text-editor\" data-id=\"8776b9d\" data-element_type=\"widget\" data-widget_type=\"text-editor.default\">\n\t\t\t\t<div class=\"elementor-widget-container\">\n\t\t\t\t\t\t\t\t\t<h2>Escuela de Liderazgo Ambiental y Comunitaria, ESLAC<\/h2><p><span style=\"font-weight: 400;\">Es un espacio de formaci\u00f3n y acci\u00f3n para los l\u00edderes comunitarios y fundacionales, este ejercicio nos ha permitido sensibilizar y crear espacios de participaci\u00f3n, formaci\u00f3n y acci\u00f3n para l\u00edderes y lideresas del territorio. <\/span><\/p><p><span style=\"font-weight: 400;\">Desde el a\u00f1o <strong>2018<\/strong> en el marco del ejercicio de relacionamiento con su grupo de inter\u00e9s comunidad, para formar l\u00edderes de diversos barrios de las ciudades capitales de su zona de influencia: <strong>Armenia, Pereira y Manizales<\/strong>.<\/span><\/p><p><span style=\"font-weight: 400;\">La acci\u00f3n se realiza en conjunto con las <strong>Secretar\u00edas de Desarrollo Social<\/strong> de los municipios de <strong>Manizales<\/strong> y <strong>Pereira<\/strong>, y tambi\u00e9n ha contado con la articulaci\u00f3n con empresas de servicios p\u00fablicos, para aportar en estos temas principales:<\/span><\/p><ol><li><span style=\"font-weight: 400;\">Fortalecer las habilidades de liderazgo en temas comunitarios y ambientales.<\/span><\/li><li><span style=\"font-weight: 400;\">Fortalecer su conocimiento en el uso responsable del servicio de gas natural.<\/span><\/li><li><span style=\"font-weight: 400;\">Comunicar las buenas pr\u00e1cticas a las comunidades que representan.<\/span><\/li><\/ol><p><span style=\"font-weight: 400;\">Al a\u00f1o <strong>2019<\/strong>, <strong>Eslac<\/strong> (Escuela de Liderazgo Ambiental y Comunitario) matricul\u00f3<strong> 68 l\u00edderes del Eje Cafetero<\/strong> quienes son participantes activos durante m\u00e1s de 30 horas de formaci\u00f3n.<\/span><\/p><p><span style=\"font-weight: 400;\">El ejercicio se potenci\u00f3 con el reconocimiento de las necesidades de los l\u00edderes de nuestros territorios, por lo tanto, el tema central fue dise\u00f1o y construcci\u00f3n de proyectos socioambientales, din\u00e1mica con la que se pretende que los l\u00edderes del Eje Cafetero comprendan y aprecien metodolog\u00edas de construcci\u00f3n de proyectos para visibilizar sus realidades y ser gestores de acciones pertinentes en su territorio.<\/span><\/p><h3>Alianzas<\/h3><p>Como empresa, valoramos la alianza p\u00fablico privada con las Secretar\u00edas de Desarrollo Social y Pol\u00edtico de Pereira, Desarrollo Social de Manizales y la Gobernaci\u00f3n del Quind\u00edo desde su despacho de Agricultura, Desarrollo Rural y Medio Ambiente.\u00a0 Adem\u00e1s, en el a\u00f1o <strong>2020<\/strong> el programa incluy\u00f3 en su metodolog\u00eda el diplomado Conexi\u00f3n Entorno realizado en conjunto con empresas de servicios p\u00fablicos de la ciudad de Manizales.<\/p>\t\t\t\t\t\t\t\t<\/div>\n\t\t\t\t<\/div>\n\t\t\t\t<div class=\"elementor-element elementor-element-6b1f7f4 elementor-position-left elementor-vertical-align-top elementor-widget elementor-widget-image-box\" data-id=\"6b1f7f4\" data-element_type=\"widget\" data-widget_type=\"image-box.default\">\n\t\t\t\t<div class=\"elementor-widget-container\">\n\t\t\t\t\t<div class=\"elementor-image-box-wrapper\"><figure class=\"elementor-image-box-img\"><img fetchpriority=\"high\" decoding=\"async\" width=\"1920\" height=\"1198\" src=\"https:\/\/www.efigas.com.co\/ef_resources\/2024\/07\/CONEXION-ENTORNO-2.jpg\" class=\"attachment-full size-full efi-image-5162\" alt=\"\" srcset=\"https:\/\/www.efigas.com.co\/ef_resources\/2024\/07\/CONEXION-ENTORNO-2.jpg 1920w, https:\/\/www.efigas.com.co\/ef_resources\/2024\/07\/CONEXION-ENTORNO-2-300x187.jpg 300w, https:\/\/www.efigas.com.co\/ef_resources\/2024\/07\/CONEXION-ENTORNO-2-150x94.jpg 150w, https:\/\/www.efigas.com.co\/ef_resources\/2024\/07\/CONEXION-ENTORNO-2-768x479.jpg 768w, https:\/\/www.efigas.com.co\/ef_resources\/2024\/07\/CONEXION-ENTORNO-2-1536x958.jpg 1536w, https:\/\/www.efigas.com.co\/ef_resources\/2024\/07\/CONEXION-ENTORNO-2-24x15.jpg 24w, https:\/\/www.efigas.com.co\/ef_resources\/2024\/07\/CONEXION-ENTORNO-2-36x22.jpg 36w, https:\/\/www.efigas.com.co\/ef_resources\/2024\/07\/CONEXION-ENTORNO-2-52x32.jpg 52w\" sizes=\"(max-width: 1920px) 100vw, 1920px\" \/><\/figure><div class=\"elementor-image-box-content\"><h3 class=\"elementor-image-box-title\">Conexi\u00f3n Entorno<\/h3><p class=\"elementor-image-box-description\">En <b>Manizales <\/b>dinamizamos una estrategia que parte de un proceso de alianza interinstitucional con las otras empresas de servicios p\u00fablicos de la ciudad y la <b>Secretar\u00eda de Medio Ambiente<\/b> del municipio, que desde hace 5 a\u00f1os le apuesta a la formaci\u00f3n de l\u00edderes de la ciudad y permite adem\u00e1s de dar a conocer el uso responsable de los servicios, fortalece elementos en el marco del liderazgo transformador y el cuidado del medio ambiente desde su acci\u00f3n de participaci\u00f3n en sus comunidades.<\/p><\/div><\/div>\t\t\t\t<\/div>\n\t\t\t\t<\/div>\n\t\t\t\t<div class=\"elementor-element elementor-element-d4d356e elementor-position-left elementor-vertical-align-top elementor-widget elementor-widget-image-box\" data-id=\"d4d356e\" data-element_type=\"widget\" data-widget_type=\"image-box.default\">\n\t\t\t\t<div class=\"elementor-widget-container\">\n\t\t\t\t\t<div class=\"elementor-image-box-wrapper\"><figure class=\"elementor-image-box-img\"><img decoding=\"async\" width=\"1920\" height=\"1280\" src=\"https:\/\/www.efigas.com.co\/ef_resources\/2024\/07\/CONEXION-ENTORNO.jpg\" class=\"attachment-full size-full efi-image-5163\" alt=\"\" srcset=\"https:\/\/www.efigas.com.co\/ef_resources\/2024\/07\/CONEXION-ENTORNO.jpg 1920w, https:\/\/www.efigas.com.co\/ef_resources\/2024\/07\/CONEXION-ENTORNO-300x200.jpg 300w, https:\/\/www.efigas.com.co\/ef_resources\/2024\/07\/CONEXION-ENTORNO-150x100.jpg 150w, https:\/\/www.efigas.com.co\/ef_resources\/2024\/07\/CONEXION-ENTORNO-768x512.jpg 768w, https:\/\/www.efigas.com.co\/ef_resources\/2024\/07\/CONEXION-ENTORNO-1536x1024.jpg 1536w, https:\/\/www.efigas.com.co\/ef_resources\/2024\/07\/CONEXION-ENTORNO-24x16.jpg 24w, https:\/\/www.efigas.com.co\/ef_resources\/2024\/07\/CONEXION-ENTORNO-36x24.jpg 36w, https:\/\/www.efigas.com.co\/ef_resources\/2024\/07\/CONEXION-ENTORNO-52x35.jpg 52w\" sizes=\"(max-width: 1920px) 100vw, 1920px\" \/><\/figure><div class=\"elementor-image-box-content\"><h3 class=\"elementor-image-box-title\">Ruta del Cuidado<\/h3><p class=\"elementor-image-box-description\">Sencibilizamos a la comunidad aleda\u00f1a de nuestra red principal de distribuci\u00f3n de gas natural frente a su cuidado y la importancia de la prevenci\u00f3n de da\u00f1os, siendo un eje principal para una operaci\u00f3n segura, social y ambientalmente responsable, dentro de esta estrategia se establecen los <b>Vig\u00edas del cuidado<\/b>: l\u00edderes de la zona se convierten en veedores del cuidado de la infraestructura, replicadores de la informaci\u00f3n y as\u00ed contribuimos en la gesti\u00f3n de proyectos locales de impacto social en la zona de influencia.<\/p><\/div><\/div>\t\t\t\t<\/div>\n\t\t\t\t<\/div>\n\t\t\t\t<div class=\"elementor-element elementor-element-dc6707e elementor-position-left elementor-vertical-align-top elementor-widget elementor-widget-image-box\" data-id=\"dc6707e\" data-element_type=\"widget\" data-widget_type=\"image-box.default\">\n\t\t\t\t<div class=\"elementor-widget-container\">\n\t\t\t\t\t<div class=\"elementor-image-box-wrapper\"><figure class=\"elementor-image-box-img\"><img decoding=\"async\" width=\"1920\" height=\"1280\" src=\"https:\/\/www.efigas.com.co\/ef_resources\/2024\/07\/EFIGASALPARQUELAENEA_EFIGAS_0001.jpg\" class=\"attachment-full size-full efi-image-5168\" alt=\"\" srcset=\"https:\/\/www.efigas.com.co\/ef_resources\/2024\/07\/EFIGASALPARQUELAENEA_EFIGAS_0001.jpg 1920w, https:\/\/www.efigas.com.co\/ef_resources\/2024\/07\/EFIGASALPARQUELAENEA_EFIGAS_0001-300x200.jpg 300w, https:\/\/www.efigas.com.co\/ef_resources\/2024\/07\/EFIGASALPARQUELAENEA_EFIGAS_0001-150x100.jpg 150w, https:\/\/www.efigas.com.co\/ef_resources\/2024\/07\/EFIGASALPARQUELAENEA_EFIGAS_0001-768x512.jpg 768w, https:\/\/www.efigas.com.co\/ef_resources\/2024\/07\/EFIGASALPARQUELAENEA_EFIGAS_0001-1536x1024.jpg 1536w, https:\/\/www.efigas.com.co\/ef_resources\/2024\/07\/EFIGASALPARQUELAENEA_EFIGAS_0001-24x16.jpg 24w, https:\/\/www.efigas.com.co\/ef_resources\/2024\/07\/EFIGASALPARQUELAENEA_EFIGAS_0001-36x24.jpg 36w, https:\/\/www.efigas.com.co\/ef_resources\/2024\/07\/EFIGASALPARQUELAENEA_EFIGAS_0001-52x35.jpg 52w\" sizes=\"(max-width: 1920px) 100vw, 1920px\" \/><\/figure><div class=\"elementor-image-box-content\"><h3 class=\"elementor-image-box-title\">Efigas al Parque<\/h3><p class=\"elementor-image-box-description\">Espacios de intervenci\u00f3n comunitaria para sensibilizar a las comunidades aleda\u00f1as a las Estaciones de Regulaci\u00f3n y Medici\u00f3n de gas natural, frente a la importancia del cuidado de esta infraestructura y su territorio colindante. Este ejercicio fue pensado bajo tomas barriales l\u00fadico, creativas y deportivas que permitieron reconocer y fortalecer espacios de apropiaci\u00f3n del territorio.<\/p><\/div><\/div>\t\t\t\t<\/div>\n\t\t\t\t<\/div>\n\t\t\t\t<div class=\"elementor-element elementor-element-2ebef37 elementor-position-left elementor-vertical-align-top elementor-widget elementor-widget-image-box\" data-id=\"2ebef37\" data-element_type=\"widget\" data-widget_type=\"image-box.default\">\n\t\t\t\t<div class=\"elementor-widget-container\">\n\t\t\t\t\t<div class=\"elementor-image-box-wrapper\"><figure class=\"elementor-image-box-img\"><img loading=\"lazy\" decoding=\"async\" width=\"1920\" height=\"1280\" src=\"https:\/\/www.efigas.com.co\/ef_resources\/2024\/07\/GRADUACIONHEROESACLASE_EFIGAS_0051.jpg\" class=\"attachment-full size-full efi-image-5170\" alt=\"\" srcset=\"https:\/\/www.efigas.com.co\/ef_resources\/2024\/07\/GRADUACIONHEROESACLASE_EFIGAS_0051.jpg 1920w, https:\/\/www.efigas.com.co\/ef_resources\/2024\/07\/GRADUACIONHEROESACLASE_EFIGAS_0051-300x200.jpg 300w, https:\/\/www.efigas.com.co\/ef_resources\/2024\/07\/GRADUACIONHEROESACLASE_EFIGAS_0051-150x100.jpg 150w, https:\/\/www.efigas.com.co\/ef_resources\/2024\/07\/GRADUACIONHEROESACLASE_EFIGAS_0051-768x512.jpg 768w, https:\/\/www.efigas.com.co\/ef_resources\/2024\/07\/GRADUACIONHEROESACLASE_EFIGAS_0051-1536x1024.jpg 1536w, https:\/\/www.efigas.com.co\/ef_resources\/2024\/07\/GRADUACIONHEROESACLASE_EFIGAS_0051-24x16.jpg 24w, https:\/\/www.efigas.com.co\/ef_resources\/2024\/07\/GRADUACIONHEROESACLASE_EFIGAS_0051-36x24.jpg 36w, https:\/\/www.efigas.com.co\/ef_resources\/2024\/07\/GRADUACIONHEROESACLASE_EFIGAS_0051-52x35.jpg 52w\" sizes=\"(max-width: 1920px) 100vw, 1920px\" \/><\/figure><div class=\"elementor-image-box-content\"><h3 class=\"elementor-image-box-title\">H\u00e9roes a Clase<\/h3><p class=\"elementor-image-box-description\">Posibilitamos una ruta de acceso para que nuestros aliados en la seguridad, los bomberos, puedan culminar su ciclo educativo de b\u00e1sica y media acad\u00e9mica, obteniendo el derecho a la educaci\u00f3n, permitiendo contribuir en su proyecto de vida y velando por el mejoramiento institucional del cuerpo de bombero desde el proceso de cualificaci\u00f3n de sus colaboradores.<\/p><\/div><\/div>\t\t\t\t<\/div>\n\t\t\t\t<\/div>\n\t\t\t\t<div class=\"elementor-element elementor-element-6af1ed2 elementor-position-left elementor-vertical-align-top elementor-widget elementor-widget-image-box\" data-id=\"6af1ed2\" data-element_type=\"widget\" data-widget_type=\"image-box.default\">\n\t\t\t\t<div class=\"elementor-widget-container\">\n\t\t\t\t\t<div class=\"elementor-image-box-wrapper\"><figure class=\"elementor-image-box-img\"><img loading=\"lazy\" decoding=\"async\" width=\"1920\" height=\"1280\" src=\"https:\/\/www.efigas.com.co\/ef_resources\/2024\/07\/EFIGASALPARQUEERMLAENEA_EFIGAS_0018.jpg\" class=\"attachment-full size-full efi-image-5167\" alt=\"\" srcset=\"https:\/\/www.efigas.com.co\/ef_resources\/2024\/07\/EFIGASALPARQUEERMLAENEA_EFIGAS_0018.jpg 1920w, https:\/\/www.efigas.com.co\/ef_resources\/2024\/07\/EFIGASALPARQUEERMLAENEA_EFIGAS_0018-300x200.jpg 300w, https:\/\/www.efigas.com.co\/ef_resources\/2024\/07\/EFIGASALPARQUEERMLAENEA_EFIGAS_0018-150x100.jpg 150w, https:\/\/www.efigas.com.co\/ef_resources\/2024\/07\/EFIGASALPARQUEERMLAENEA_EFIGAS_0018-768x512.jpg 768w, https:\/\/www.efigas.com.co\/ef_resources\/2024\/07\/EFIGASALPARQUEERMLAENEA_EFIGAS_0018-1536x1024.jpg 1536w, https:\/\/www.efigas.com.co\/ef_resources\/2024\/07\/EFIGASALPARQUEERMLAENEA_EFIGAS_0018-24x16.jpg 24w, https:\/\/www.efigas.com.co\/ef_resources\/2024\/07\/EFIGASALPARQUEERMLAENEA_EFIGAS_0018-36x24.jpg 36w, https:\/\/www.efigas.com.co\/ef_resources\/2024\/07\/EFIGASALPARQUEERMLAENEA_EFIGAS_0018-52x35.jpg 52w\" sizes=\"(max-width: 1920px) 100vw, 1920px\" \/><\/figure><div class=\"elementor-image-box-content\"><h3 class=\"elementor-image-box-title\">Efigas llega a tu barrio<\/h3><p class=\"elementor-image-box-description\">Con el objetivo de generar espacios descentralizados de participaci\u00f3n y formaci\u00f3n en tem\u00e1ticas claves del servicio de gas natural, se dinamiza este programa, a trav\u00e9s de la socializaci\u00f3n de tem\u00e1ticas relevantes y con mayores \u00edndices de quejas, reclamos y peticiones.<\/p><\/div><\/div>\t\t\t\t<\/div>\n\t\t\t\t<\/div>\n\t\t\t\t\t<\/div>\n\t\t\t\t<\/div>\n\t\t\t\t<\/div>\n\t\t","protected":false},"excerpt":{"rendered":"<p>En Efigas estamos comprometidos con las comunidades y el desarrollo social del eje cafetero, te invitamos a conocer todos nuestros programas de gesti\u00f3n social.<\/p>\n","protected":false},"author":1,"featured_media":1158,"parent":0,"menu_order":0,"comment_status":"closed","ping_status":"closed","template":"","meta":{"inline_featured_image":false,"footnotes":""},"categories":[51],"tags":[],"class_list":["post-1015","page","type-page","status-publish","has-post-thumbnail","hentry","category-sostenibilidad"],"yoast_head":"\n<title>Programas sociales - Efigas S.A. E.S.P.<\/title>\n<meta name=\"description\" content=\"En Efigas estamos comprometidos con las comunidades y el desarrollo social del eje cafetero, te invitamos a conocer todos nuestros programas de gesti\u00f3n social.\" \/>\n<meta name=\"robots\" content=\"index, follow, max-snippet:-1, max-image-preview:large, max-video-preview:-1\" \/>\n<link rel=\"canonical\" href=\"https:\/\/www.efigas.com.co\/programas-sociales\/\" \/>\n<meta property=\"og:locale\" content=\"es_ES\" \/>\n<meta property=\"og:type\" content=\"article\" \/>\n<meta property=\"og:title\" content=\"Programas sociales - Efigas S.A. E.S.P.\" \/>\n<meta property=\"og:description\" content=\"En Efigas estamos comprometidos con las comunidades y el desarrollo social del eje cafetero, te invitamos a conocer todos nuestros programas de gesti\u00f3n social.\" \/>\n<meta property=\"og:url\" content=\"https:\/\/www.efigas.com.co\/programas-sociales\/\" \/>\n<meta property=\"og:site_name\" content=\"Efigas S.A. E.S.P.\" \/>\n<meta property=\"article:publisher\" content=\"https:\/\/www.facebook.com\/efigasoficial\/\" \/>\n<meta property=\"article:modified_time\" content=\"2026-03-04T21:58:59+00:00\" \/>\n<meta property=\"og:image\" content=\"https:\/\/www.efigas.com.co\/ef_resources\/2024\/01\/Efigas_477571117.jpg\" \/>\n\t<meta property=\"og:image:width\" content=\"1920\" \/>\n\t<meta property=\"og:image:height\" content=\"1280\" \/>\n\t<meta property=\"og:image:type\" content=\"image\/jpeg\" \/>\n<meta name=\"twitter:card\" content=\"summary_large_image\" \/>\n<meta name=\"twitter:site\" content=\"@efigas_oficial\" \/>\n<script type=\"application\/ld+json\" class=\"efiseo-schema-graph\">{\"@context\":\"https:\/\/schema.org\",\"@graph\":[{\"@type\":\"WebPage\",\"@id\":\"https:\/\/www.efigas.com.co\/programas-sociales\/\",\"url\":\"https:\/\/www.efigas.com.co\/programas-sociales\/\",\"name\":\"Programas sociales - Efigas S.A. E.S.P.\",\"isPartOf\":{\"@id\":\"https:\/\/www.efigas.com.co\/#website\"},\"primaryImageOfPage\":{\"@id\":\"https:\/\/www.efigas.com.co\/programas-sociales\/#primaryimage\"},\"image\":{\"@id\":\"https:\/\/www.efigas.com.co\/programas-sociales\/#primaryimage\"},\"thumbnailUrl\":\"https:\/\/www.efigas.com.co\/ef_resources\/2024\/01\/Efigas_477571117.jpg\",\"datePublished\":\"2023-12-29T04:57:56+00:00\",\"dateModified\":\"2026-03-04T21:58:59+00:00\",\"description\":\"En Efigas estamos comprometidos con las comunidades y el desarrollo social del eje cafetero, te invitamos a conocer todos nuestros programas de gesti\u00f3n social.\",\"breadcrumb\":{\"@id\":\"https:\/\/www.efigas.com.co\/programas-sociales\/#breadcrumb\"},\"inLanguage\":\"es\",\"potentialAction\":[{\"@type\":\"ReadAction\",\"target\":[\"https:\/\/www.efigas.com.co\/programas-sociales\/\"]}]},{\"@type\":\"ImageObject\",\"inLanguage\":\"es\",\"@id\":\"https:\/\/www.efigas.com.co\/programas-sociales\/#primaryimage\",\"url\":\"https:\/\/www.efigas.com.co\/ef_resources\/2024\/01\/Efigas_477571117.jpg\",\"contentUrl\":\"https:\/\/www.efigas.com.co\/ef_resources\/2024\/01\/Efigas_477571117.jpg\",\"width\":1920,\"height\":1280,\"caption\":\"paisaje del eje cafetero gas natural, servicio p\u00fablico\"},{\"@type\":\"BreadcrumbList\",\"@id\":\"https:\/\/www.efigas.com.co\/programas-sociales\/#breadcrumb\",\"itemListElement\":[{\"@type\":\"ListItem\",\"position\":1,\"name\":\"Inicio\",\"item\":\"https:\/\/www.efigas.com.co\/\"},{\"@type\":\"ListItem\",\"position\":2,\"name\":\"Programas sociales\"}]},{\"@type\":\"WebSite\",\"@id\":\"https:\/\/www.efigas.com.co\/#website\",\"url\":\"https:\/\/www.efigas.com.co\/\",\"name\":\"Efigas S.A. E.S.P.\",\"description\":\"Distribuidora de gas natural en el eje cafetero, Caldas, Quind\u00edo, Risaralda, servicio de   instalaci\u00f3n y reparaci\u00f3n de estufas de gas, cambio de   medidores de gas   natural, construcci\u00f3n de redes de gas natural, servicio de instalaci\u00f3n y reparaci\u00f3n de   calentadores de gas, servicio de Revisi\u00f3n T\u00e9cnica Reglamentaria.\",\"publisher\":{\"@id\":\"https:\/\/www.efigas.com.co\/#organization\"},\"alternateName\":\"Efigas\",\"potentialAction\":[{\"@type\":\"SearchAction\",\"target\":{\"@type\":\"EntryPoint\",\"urlTemplate\":\"https:\/\/www.efigas.com.co\/?s={search_term_string}\"},\"query-input\":{\"@type\":\"PropertyValueSpecification\",\"valueRequired\":true,\"valueName\":\"search_term_string\"}}],\"inLanguage\":\"es\"},{\"@type\":\"Organization\",\"@id\":\"https:\/\/www.efigas.com.co\/#organization\",\"name\":\"Efigas S.A. E.S.P.\",\"alternateName\":\"Efigas\",\"url\":\"https:\/\/www.efigas.com.co\/\",\"logo\":{\"@type\":\"ImageObject\",\"inLanguage\":\"es\",\"@id\":\"https:\/\/www.efigas.com.co\/#\/schema\/logo\/image\/\",\"url\":\"https:\/\/www.efigas.com.co\/ef_resources\/2023\/12\/logo-efigas-negativo.svg\",\"contentUrl\":\"https:\/\/www.efigas.com.co\/ef_resources\/2023\/12\/logo-efigas-negativo.svg\",\"width\":225,\"height\":123,\"caption\":\"Efigas S.A. E.S.P.\"},\"image\":{\"@id\":\"https:\/\/www.efigas.com.co\/#\/schema\/logo\/image\/\"},\"sameAs\":[\"https:\/\/www.facebook.com\/efigasoficial\/\",\"https:\/\/x.com\/efigas_oficial\",\"https:\/\/www.linkedin.com\/company\/efigas\/\"]}]}<\/script>\n","yoast_head_json":{"title":"Programas sociales - Efigas S.A. E.S.P.","description":"En Efigas estamos comprometidos con las comunidades y el desarrollo social del eje cafetero, te invitamos a conocer todos nuestros programas de gesti\u00f3n social.","robots":{"index":"index","follow":"follow","max-snippet":"max-snippet:-1","max-image-preview":"max-image-preview:large","max-video-preview":"max-video-preview:-1"},"canonical":"https:\/\/www.efigas.com.co\/programas-sociales\/","og_locale":"es_ES","og_type":"article","og_title":"Programas sociales - Efigas S.A. E.S.P.","og_description":"En Efigas estamos comprometidos con las comunidades y el desarrollo social del eje cafetero, te invitamos a conocer todos nuestros programas de gesti\u00f3n social.","og_url":"https:\/\/www.efigas.com.co\/programas-sociales\/","og_site_name":"Efigas S.A. E.S.P.","article_publisher":"https:\/\/www.facebook.com\/efigasoficial\/","article_modified_time":"2026-03-04T21:58:59+00:00","og_image":[{"width":1920,"height":1280,"url":"https:\/\/www.efigas.com.co\/ef_resources\/2024\/01\/Efigas_477571117.jpg","type":"image\/jpeg"}],"twitter_card":"summary_large_image","twitter_site":"@efigas_oficial","schema":{"@context":"https:\/\/schema.org","@graph":[{"@type":"WebPage","@id":"https:\/\/www.efigas.com.co\/programas-sociales\/","url":"https:\/\/www.efigas.com.co\/programas-sociales\/","name":"Programas sociales - Efigas S.A. E.S.P.","isPartOf":{"@id":"https:\/\/www.efigas.com.co\/#website"},"primaryImageOfPage":{"@id":"https:\/\/www.efigas.com.co\/programas-sociales\/#primaryimage"},"image":{"@id":"https:\/\/www.efigas.com.co\/programas-sociales\/#primaryimage"},"thumbnailUrl":"https:\/\/www.efigas.com.co\/ef_resources\/2024\/01\/Efigas_477571117.jpg","datePublished":"2023-12-29T04:57:56+00:00","dateModified":"2026-03-04T21:58:59+00:00","description":"En Efigas estamos comprometidos con las comunidades y el desarrollo social del eje cafetero, te invitamos a conocer todos nuestros programas de gesti\u00f3n social.","breadcrumb":{"@id":"https:\/\/www.efigas.com.co\/programas-sociales\/#breadcrumb"},"inLanguage":"es","potentialAction":[{"@type":"ReadAction","target":["https:\/\/www.efigas.com.co\/programas-sociales\/"]}]},{"@type":"ImageObject","inLanguage":"es","@id":"https:\/\/www.efigas.com.co\/programas-sociales\/#primaryimage","url":"https:\/\/www.efigas.com.co\/ef_resources\/2024\/01\/Efigas_477571117.jpg","contentUrl":"https:\/\/www.efigas.com.co\/ef_resources\/2024\/01\/Efigas_477571117.jpg","width":1920,"height":1280,"caption":"paisaje del eje cafetero gas natural, servicio p\u00fablico"},{"@type":"BreadcrumbList","@id":"https:\/\/www.efigas.com.co\/programas-sociales\/#breadcrumb","itemListElement":[{"@type":"ListItem","position":1,"name":"Inicio","item":"https:\/\/www.efigas.com.co\/"},{"@type":"ListItem","position":2,"name":"Programas sociales"}]},{"@type":"WebSite","@id":"https:\/\/www.efigas.com.co\/#website","url":"https:\/\/www.efigas.com.co\/","name":"Efigas S.A. E.S.P.","description":"Distribuidora de gas natural en el eje cafetero, Caldas, Quind\u00edo, Risaralda, servicio de   instalaci\u00f3n y reparaci\u00f3n de estufas de gas, cambio de   medidores de gas   natural, construcci\u00f3n de redes de gas natural, servicio de instalaci\u00f3n y reparaci\u00f3n de   calentadores de gas, servicio de Revisi\u00f3n T\u00e9cnica Reglamentaria.","publisher":{"@id":"https:\/\/www.efigas.com.co\/#organization"},"alternateName":"Efigas","potentialAction":[{"@type":"SearchAction","target":{"@type":"EntryPoint","urlTemplate":"https:\/\/www.efigas.com.co\/?s={search_term_string}"},"query-input":{"@type":"PropertyValueSpecification","valueRequired":true,"valueName":"search_term_string"}}],"inLanguage":"es"},{"@type":"Organization","@id":"https:\/\/www.efigas.com.co\/#organization","name":"Efigas S.A. E.S.P.","alternateName":"Efigas","url":"https:\/\/www.efigas.com.co\/","logo":{"@type":"ImageObject","inLanguage":"es","@id":"https:\/\/www.efigas.com.co\/#\/schema\/logo\/image\/","url":"https:\/\/www.efigas.com.co\/ef_resources\/2023\/12\/logo-efigas-negativo.svg","contentUrl":"https:\/\/www.efigas.com.co\/ef_resources\/2023\/12\/logo-efigas-negativo.svg","width":225,"height":123,"caption":"Efigas S.A. E.S.P."},"image":{"@id":"https:\/\/www.efigas.com.co\/#\/schema\/logo\/image\/"},"sameAs":["https:\/\/www.facebook.com\/efigasoficial\/","https:\/\/x.com\/efigas_oficial","https:\/\/www.linkedin.com\/company\/efigas\/"]}]}},"_links":{"self":[{"href":"https:\/\/www.efigas.com.co\/efi-json\/wp\/v2\/pages\/1015","targetHints":{"allow":["GET"]}}],"collection":[{"href":"https:\/\/www.efigas.com.co\/efi-json\/wp\/v2\/pages"}],"about":[{"href":"https:\/\/www.efigas.com.co\/efi-json\/wp\/v2\/types\/page"}],"author":[{"embeddable":true,"href":"https:\/\/www.efigas.com.co\/efi-json\/wp\/v2\/users\/1"}],"replies":[{"embeddable":true,"href":"https:\/\/www.efigas.com.co\/efi-json\/wp\/v2\/comments?post=1015"}],"version-history":[{"count":43,"href":"https:\/\/www.efigas.com.co\/efi-json\/wp\/v2\/pages\/1015\/revisions"}],"predecessor-version":[{"id":11899,"href":"https:\/\/www.efigas.com.co\/efi-json\/wp\/v2\/pages\/1015\/revisions\/11899"}],"wp:featuredmedia":[{"embeddable":true,"href":"https:\/\/www.efigas.com.co\/efi-json\/wp\/v2\/media\/1158"}],"wp:attachment":[{"href":"https:\/\/www.efigas.com.co\/efi-json\/wp\/v2\/media?parent=1015"}],"wp:term":[{"taxonomy":"category","embeddable":true,"href":"https:\/\/www.efigas.com.co\/efi-json\/wp\/v2\/categories?post=1015"},{"taxonomy":"post_tag","embeddable":true,"href":"https:\/\/www.efigas.com.co\/efi-json\/wp\/v2\/tags?post=1015"}],"curies":[{"name":"wp","href":"https:\/\/api.w.org\/{rel}","templated":true}]}}