{"id":1035,"date":"2023-12-29T00:07:42","date_gmt":"2023-12-29T05:07:42","guid":{"rendered":"http:\/\/172.26.3.13\/?page_id=1035"},"modified":"2026-03-12T11:13:28","modified_gmt":"2026-03-12T16:13:28","slug":"somos-un-gran-lugar-para-trabajar","status":"publish","type":"page","link":"https:\/\/www.efigas.com.co\/nuestro-talento\/somos-un-gran-lugar-para-trabajar\/","title":{"rendered":"Somos un gran lugar para trabajar"},"content":{"rendered":"\t\t<div data-elementor-type=\"efi-page\" data-elementor-id=\"1035\" class=\"elementor elementor-1035\" data-elementor-settings=\"{&quot;ha_cmc_init_switcher&quot;:&quot;no&quot;}\" data-elementor-post-type=\"page\">\n\t\t\t\t<div class=\"elementor-element elementor-element-b4994a5 e-flex e-con-boxed e-con e-parent\" data-id=\"b4994a5\" data-element_type=\"container\" data-settings=\"{&quot;_ha_eqh_enable&quot;:false}\">\n\t\t\t\t\t<div class=\"e-con-inner\">\n\t\t\t\t<div class=\"elementor-element elementor-element-e32b201 elementor-widget elementor-widget-image\" data-id=\"e32b201\" data-element_type=\"widget\" data-widget_type=\"image.default\">\n\t\t\t\t<div class=\"elementor-widget-container\">\n\t\t\t\t\t\t\t\t\t\t\t\t\t\t\t<img fetchpriority=\"high\" decoding=\"async\" width=\"800\" height=\"384\" src=\"https:\/\/www.efigas.com.co\/ef_resources\/2026\/03\/Somos-un-gran-lugar-para-el-trabajo.jpg\" class=\"attachment-large size-large efi-image-11969\" alt=\"\" srcset=\"https:\/\/www.efigas.com.co\/ef_resources\/2026\/03\/Somos-un-gran-lugar-para-el-trabajo.jpg 1920w, https:\/\/www.efigas.com.co\/ef_resources\/2026\/03\/Somos-un-gran-lugar-para-el-trabajo-300x144.jpg 300w, https:\/\/www.efigas.com.co\/ef_resources\/2026\/03\/Somos-un-gran-lugar-para-el-trabajo-150x72.jpg 150w, https:\/\/www.efigas.com.co\/ef_resources\/2026\/03\/Somos-un-gran-lugar-para-el-trabajo-768x369.jpg 768w, https:\/\/www.efigas.com.co\/ef_resources\/2026\/03\/Somos-un-gran-lugar-para-el-trabajo-1536x738.jpg 1536w, https:\/\/www.efigas.com.co\/ef_resources\/2026\/03\/Somos-un-gran-lugar-para-el-trabajo-24x12.jpg 24w, https:\/\/www.efigas.com.co\/ef_resources\/2026\/03\/Somos-un-gran-lugar-para-el-trabajo-36x17.jpg 36w, https:\/\/www.efigas.com.co\/ef_resources\/2026\/03\/Somos-un-gran-lugar-para-el-trabajo-52x25.jpg 52w\" sizes=\"(max-width: 800px) 100vw, 800px\" \/>\t\t\t\t\t\t\t\t\t\t\t\t\t\t\t<\/div>\n\t\t\t\t<\/div>\n\t\t\t\t\t<\/div>\n\t\t\t\t<\/div>\n\t\t<div class=\"elementor-element elementor-element-c02b125 e-flex e-con-boxed e-con e-parent\" data-id=\"c02b125\" data-element_type=\"container\" data-settings=\"{&quot;_ha_eqh_enable&quot;:false}\">\n\t\t\t\t\t<div class=\"e-con-inner\">\n\t\t\t\t<div class=\"elementor-element elementor-element-384cd0e elementor-widget elementor-widget-text-editor\" data-id=\"384cd0e\" data-element_type=\"widget\" data-widget_type=\"text-editor.default\">\n\t\t\t\t<div class=\"elementor-widget-container\">\n\t\t\t\t\t\t\t\t\t<h2>Nuestro talento<\/h2><p>En Efigas reconocemos que nuestro principal activo son las personas. Contamos<br \/>con un equipo de m\u00e1s de 450 colaboradores, conformado por 46 % mujeres y 54<br \/>% hombres, lo que refleja nuestro compromiso con la equidad de g\u00e9nero, la<br \/>diversidad y la igualdad de oportunidades.<br \/>Fomentamos un entorno de trabajo respetuoso, seguro e inclusivo, donde<br \/>valoramos las diferencias y promovemos relaciones basadas en la confianza, la<br \/>colaboraci\u00f3n y nuestros principios corporativos.<\/p><p>\u00a0<\/p><h2>Crecimiento y movilidad interna<\/h2><p data-start=\"0\" data-end=\"111\">\u2022 Gesti\u00f3n del potencial como habilitador del desarrollo individual y del fortalecimiento del talento interno.<\/p><p data-start=\"113\" data-end=\"243\">\u2022 Prioridad al talento interno en los procesos de selecci\u00f3n, promoviendo oportunidades de crecimiento dentro de la organizaci\u00f3n.<\/p><p data-start=\"245\" data-end=\"350\">\u2022 Encargos temporales para asumir roles con mayor responsabilidad y acelerar el desarrollo profesional.<\/p><p data-start=\"352\" data-end=\"500\">\u2022 Promociones basadas en m\u00e9rito, desempe\u00f1o y competencias demostradas, garantizando decisiones objetivas y alineadas con los valores corporativos.<\/p><p data-start=\"502\" data-end=\"682\" data-is-last-node=\"\" data-is-only-node=\"\">\u2022 Procesos de selecci\u00f3n transparentes, guiados por el ajuste del candidato al cargo, su formaci\u00f3n, experiencia y nivel de competencias, asegurando decisiones justas y consistentes.<\/p><h2>Gesti\u00f3n de compensaci\u00f3n<br \/>Contamos con una estructura salarial justa, equitativa y orientada al desarrollo del talento y a la sostenibilidad del negocio.<\/h2><p data-start=\"0\" data-end=\"158\">\u2022 Existe un Comit\u00e9 de Compensaci\u00f3n, integrado por miembros de la Junta Directiva, responsable de aprobar las pol\u00edticas salariales y los incrementos anuales.<\/p><p data-start=\"160\" data-end=\"295\" data-is-last-node=\"\" data-is-only-node=\"\">\u2022 Las decisiones se basan en una metodolog\u00eda formal de valoraci\u00f3n de cargos y en el an\u00e1lisis de las variables macroecon\u00f3micas del pa\u00eds.<\/p><p>Este documento contienen informaci\u00f3n privada &#8211; prohibido el acceso y\/o divulgaci\u00f3n no<br \/>autorizada.<\/p><p data-start=\"0\" data-end=\"186\">\u2022 Nuestra pol\u00edtica de compensaci\u00f3n, contrataci\u00f3n y calidad define lineamientos claros y consistentes para asegurar pr\u00e1cticas transparentes y alineadas con la estrategia organizacional.<\/p><p data-start=\"188\" data-end=\"399\" data-is-last-node=\"\" data-is-only-node=\"\">\u2022 Garantizamos igualdad salarial entre hombres y mujeres, cumpliendo con la normatividad vigente y reconociendo de manera objetiva la contribuci\u00f3n, el impacto y el nivel de responsabilidad asociado a cada cargo.<\/p><h2>Formaci\u00f3n y desarrollo<\/h2><p><br \/>La formaci\u00f3n y el desarrollo del talento humano son elementos estrat\u00e9gicos para Efigas.<br \/>Definimos para nuestros colaboradores rutas de aprendizaje de acuerdo con sus<br \/>necesidades individuales y los retos de los equipos de trabajo, poniendo a su<br \/>disposici\u00f3n plataformas e-learning con acceso a m\u00e1s de 6.500 cursos certificados, que fortalecen tanto las habilidades t\u00e9cnicas como las competencias comportamentales y de liderazgo.<br \/>Nuestro modelo de competencias, aplicado al 100 % de los colaboradores, es un pilar estrat\u00e9gico para fortalecer nuestra cultura y asegurar la preparaci\u00f3n del talento frente a los retos actuales y futuros del sector. Adem\u00e1s, nos permite contar con un marco m\u00e1s completo para orientar el desempe\u00f1o, la toma de decisiones y la manera en que generamos valor.<br \/>Las competencias organizacionales aportan claridad y consistencia a todos nuestros procesos de Talento Humano: seleccionamos con criterios m\u00e1s precisos, desarrollamos y formamos con mayor alineaci\u00f3n estrat\u00e9gica y evaluamos el desempe\u00f1o con est\u00e1ndares objetivos y consistentes, asegurando que cada colaborador cuente con las capacidades necesarias para contribuir al crecimiento de la organizaci\u00f3n.<\/p><h2>Bienestar y calidad de vida laboral<\/h2><p><br \/>La calidad de vida laboral es un objetivo prioritario para la organizaci\u00f3n. Dise\u00f1amos programas y acciones que buscan el bienestar integral de nuestros colaboradores, entendiendo al ser humano en su dimensi\u00f3n personal, familiar, social y laboral.<br \/>Entre nuestras iniciativas se destacan:<\/p><p>Este documento contienen informaci\u00f3n privada &#8211; prohibido el acceso y\/o divulgaci\u00f3n no<br \/>autorizada.<\/p><p>\u2022 Actividades de reconocimiento y participaci\u00f3n de las familias.<br data-start=\"64\" data-end=\"67\" \/>\u2022 Jornadas ambientales y de salud emocional y mental.<br data-start=\"120\" data-end=\"123\" \/>\u2022 Espacios de formaci\u00f3n en competencias blandas.<br \/>Estas acciones fortalecen el sentido de pertenencia y consolidan un ambiente de<br \/>trabajo sano, respetuoso y orientado al desarrollo humano.<\/p><h2>Un gran lugar para trabajar<\/h2><p><br \/>Para Efigas, un buen ambiente laboral se convierte en una ventaja competitiva.<br \/>Por eso, realizamos permanentemente monitoreos para definir iniciativas y planes de intervenci\u00f3n.<br \/>La gesti\u00f3n del clima y la cultura organizacional se sustenta en una trayectoria reconocida por Great Place to Work, donde Efigas ha sido posicionada de manera consistente como un gran lugar para trabajar en Colombia y Latinoam\u00e9rica, as\u00ed como una de las mejores empresas para trabajar para las mujeres.<br \/>Esta trayectoria confirma nuestro compromiso con la construcci\u00f3n de una experiencia positiva para el colaborador, en la que el bienestar, la confianza y el respeto constituyen ejes fundamentales.<\/p><h2>Liderazgo y sostenibilidad<\/h2><p><br \/>Impulsamos un modelo de liderazgo cercano y adaptativo, que incluye la habilidad de tomar decisiones efectivas en entornos cambiantes, comunicar una visi\u00f3n clara y flexible, desarrollar el talento de otros y crear un ambiente de trabajo que promueva la colaboraci\u00f3n, el aprendizaje continuo y el alto desempe\u00f1o.<br \/>El talento de nuestros colaboradores, sumado a una gesti\u00f3n responsable y humana, nos permite proyectarnos como una organizaci\u00f3n sostenible, competitiva y comprometida con el desarrollo de las regiones donde estamos presentes.<\/p>\t\t\t\t\t\t\t\t<\/div>\n\t\t\t\t<\/div>\n\t\t\t\t\t<\/div>\n\t\t\t\t<\/div>\n\t\t\t\t<\/div>\n\t\t","protected":false},"excerpt":{"rendered":"<p>Para Efigas, la formaci\u00f3n y el desarrollo del talento humano es clave para el apalancamiento de los objetivos estrat\u00e9gicos. Conoce nuestra oferta laboral y beneficios aqu\u00ed.<\/p>\n","protected":false},"author":1,"featured_media":3337,"parent":1290,"menu_order":0,"comment_status":"closed","ping_status":"closed","template":"","meta":{"inline_featured_image":false,"footnotes":""},"categories":[58],"tags":[],"class_list":["post-1035","page","type-page","status-publish","has-post-thumbnail","hentry","category-nuestro-talento"],"yoast_head":"\n<title>Somos un gran lugar para trabajar - Efigas S.A. E.S.P.<\/title>\n<meta name=\"description\" content=\"Para Efigas, la formaci\u00f3n y el desarrollo del talento humano es clave para el apalancamiento de los objetivos estrat\u00e9gicos. Conoce nuestra oferta laboral y beneficios aqu\u00ed.\" \/>\n<meta name=\"robots\" content=\"index, follow, max-snippet:-1, max-image-preview:large, max-video-preview:-1\" \/>\n<link rel=\"canonical\" href=\"https:\/\/www.efigas.com.co\/nuestro-talento\/somos-un-gran-lugar-para-trabajar\/\" \/>\n<meta property=\"og:locale\" content=\"es_ES\" \/>\n<meta property=\"og:type\" content=\"article\" \/>\n<meta property=\"og:title\" content=\"Somos un gran lugar para trabajar - Efigas S.A. E.S.P.\" \/>\n<meta property=\"og:description\" content=\"Para Efigas, la formaci\u00f3n y el desarrollo del talento humano es clave para el apalancamiento de los objetivos estrat\u00e9gicos. Conoce nuestra oferta laboral y beneficios aqu\u00ed.\" \/>\n<meta property=\"og:url\" content=\"https:\/\/www.efigas.com.co\/nuestro-talento\/somos-un-gran-lugar-para-trabajar\/\" \/>\n<meta property=\"og:site_name\" content=\"Efigas S.A. E.S.P.\" \/>\n<meta property=\"article:publisher\" content=\"https:\/\/www.facebook.com\/efigasoficial\/\" \/>\n<meta property=\"article:modified_time\" content=\"2026-03-12T16:13:28+00:00\" \/>\n<meta property=\"og:image\" content=\"https:\/\/www.efigas.com.co\/ef_resources\/2024\/02\/talento-efigas-mejor-clima-laboral.jpeg\" \/>\n\t<meta property=\"og:image:width\" content=\"1920\" \/>\n\t<meta property=\"og:image:height\" content=\"1280\" \/>\n\t<meta property=\"og:image:type\" content=\"image\/jpeg\" \/>\n<meta name=\"twitter:card\" content=\"summary_large_image\" \/>\n<meta name=\"twitter:site\" content=\"@efigas_oficial\" \/>\n<script type=\"application\/ld+json\" class=\"efiseo-schema-graph\">{\"@context\":\"https:\/\/schema.org\",\"@graph\":[{\"@type\":\"WebPage\",\"@id\":\"https:\/\/www.efigas.com.co\/nuestro-talento\/somos-un-gran-lugar-para-trabajar\/\",\"url\":\"https:\/\/www.efigas.com.co\/nuestro-talento\/somos-un-gran-lugar-para-trabajar\/\",\"name\":\"Somos un gran lugar para trabajar - Efigas S.A. E.S.P.\",\"isPartOf\":{\"@id\":\"https:\/\/www.efigas.com.co\/#website\"},\"primaryImageOfPage\":{\"@id\":\"https:\/\/www.efigas.com.co\/nuestro-talento\/somos-un-gran-lugar-para-trabajar\/#primaryimage\"},\"image\":{\"@id\":\"https:\/\/www.efigas.com.co\/nuestro-talento\/somos-un-gran-lugar-para-trabajar\/#primaryimage\"},\"thumbnailUrl\":\"https:\/\/www.efigas.com.co\/ef_resources\/2024\/02\/talento-efigas-mejor-clima-laboral.jpeg\",\"datePublished\":\"2023-12-29T05:07:42+00:00\",\"dateModified\":\"2026-03-12T16:13:28+00:00\",\"description\":\"Para Efigas, la formaci\u00f3n y el desarrollo del talento humano es clave para el apalancamiento de los objetivos estrat\u00e9gicos. Conoce nuestra oferta laboral y beneficios aqu\u00ed.\",\"breadcrumb\":{\"@id\":\"https:\/\/www.efigas.com.co\/nuestro-talento\/somos-un-gran-lugar-para-trabajar\/#breadcrumb\"},\"inLanguage\":\"es\",\"potentialAction\":[{\"@type\":\"ReadAction\",\"target\":[\"https:\/\/www.efigas.com.co\/nuestro-talento\/somos-un-gran-lugar-para-trabajar\/\"]}]},{\"@type\":\"ImageObject\",\"inLanguage\":\"es\",\"@id\":\"https:\/\/www.efigas.com.co\/nuestro-talento\/somos-un-gran-lugar-para-trabajar\/#primaryimage\",\"url\":\"https:\/\/www.efigas.com.co\/ef_resources\/2024\/02\/talento-efigas-mejor-clima-laboral.jpeg\",\"contentUrl\":\"https:\/\/www.efigas.com.co\/ef_resources\/2024\/02\/talento-efigas-mejor-clima-laboral.jpeg\",\"width\":1920,\"height\":1280,\"caption\":\"Somos un gran lugar para trabajar\"},{\"@type\":\"BreadcrumbList\",\"@id\":\"https:\/\/www.efigas.com.co\/nuestro-talento\/somos-un-gran-lugar-para-trabajar\/#breadcrumb\",\"itemListElement\":[{\"@type\":\"ListItem\",\"position\":1,\"name\":\"Inicio\",\"item\":\"https:\/\/www.efigas.com.co\/\"},{\"@type\":\"ListItem\",\"position\":2,\"name\":\"Nuestro talento\",\"item\":\"https:\/\/www.efigas.com.co\/nuestro-talento\/\"},{\"@type\":\"ListItem\",\"position\":3,\"name\":\"Somos un gran lugar para trabajar\"}]},{\"@type\":\"WebSite\",\"@id\":\"https:\/\/www.efigas.com.co\/#website\",\"url\":\"https:\/\/www.efigas.com.co\/\",\"name\":\"Efigas S.A. E.S.P.\",\"description\":\"Distribuidora de gas natural en el eje cafetero, Caldas, Quind\u00edo, Risaralda, servicio de   instalaci\u00f3n y reparaci\u00f3n de estufas de gas, cambio de   medidores de gas   natural, construcci\u00f3n de redes de gas natural, servicio de instalaci\u00f3n y reparaci\u00f3n de   calentadores de gas, servicio de Revisi\u00f3n T\u00e9cnica Reglamentaria.\",\"publisher\":{\"@id\":\"https:\/\/www.efigas.com.co\/#organization\"},\"alternateName\":\"Efigas\",\"potentialAction\":[{\"@type\":\"SearchAction\",\"target\":{\"@type\":\"EntryPoint\",\"urlTemplate\":\"https:\/\/www.efigas.com.co\/?s={search_term_string}\"},\"query-input\":{\"@type\":\"PropertyValueSpecification\",\"valueRequired\":true,\"valueName\":\"search_term_string\"}}],\"inLanguage\":\"es\"},{\"@type\":\"Organization\",\"@id\":\"https:\/\/www.efigas.com.co\/#organization\",\"name\":\"Efigas S.A. E.S.P.\",\"alternateName\":\"Efigas\",\"url\":\"https:\/\/www.efigas.com.co\/\",\"logo\":{\"@type\":\"ImageObject\",\"inLanguage\":\"es\",\"@id\":\"https:\/\/www.efigas.com.co\/#\/schema\/logo\/image\/\",\"url\":\"https:\/\/www.efigas.com.co\/ef_resources\/2023\/12\/logo-efigas-negativo.svg\",\"contentUrl\":\"https:\/\/www.efigas.com.co\/ef_resources\/2023\/12\/logo-efigas-negativo.svg\",\"width\":225,\"height\":123,\"caption\":\"Efigas S.A. E.S.P.\"},\"image\":{\"@id\":\"https:\/\/www.efigas.com.co\/#\/schema\/logo\/image\/\"},\"sameAs\":[\"https:\/\/www.facebook.com\/efigasoficial\/\",\"https:\/\/x.com\/efigas_oficial\",\"https:\/\/www.linkedin.com\/company\/efigas\/\"]}]}<\/script>\n","yoast_head_json":{"title":"Somos un gran lugar para trabajar - Efigas S.A. E.S.P.","description":"Para Efigas, la formaci\u00f3n y el desarrollo del talento humano es clave para el apalancamiento de los objetivos estrat\u00e9gicos. Conoce nuestra oferta laboral y beneficios aqu\u00ed.","robots":{"index":"index","follow":"follow","max-snippet":"max-snippet:-1","max-image-preview":"max-image-preview:large","max-video-preview":"max-video-preview:-1"},"canonical":"https:\/\/www.efigas.com.co\/nuestro-talento\/somos-un-gran-lugar-para-trabajar\/","og_locale":"es_ES","og_type":"article","og_title":"Somos un gran lugar para trabajar - Efigas S.A. E.S.P.","og_description":"Para Efigas, la formaci\u00f3n y el desarrollo del talento humano es clave para el apalancamiento de los objetivos estrat\u00e9gicos. Conoce nuestra oferta laboral y beneficios aqu\u00ed.","og_url":"https:\/\/www.efigas.com.co\/nuestro-talento\/somos-un-gran-lugar-para-trabajar\/","og_site_name":"Efigas S.A. E.S.P.","article_publisher":"https:\/\/www.facebook.com\/efigasoficial\/","article_modified_time":"2026-03-12T16:13:28+00:00","og_image":[{"width":1920,"height":1280,"url":"https:\/\/www.efigas.com.co\/ef_resources\/2024\/02\/talento-efigas-mejor-clima-laboral.jpeg","type":"image\/jpeg"}],"twitter_card":"summary_large_image","twitter_site":"@efigas_oficial","schema":{"@context":"https:\/\/schema.org","@graph":[{"@type":"WebPage","@id":"https:\/\/www.efigas.com.co\/nuestro-talento\/somos-un-gran-lugar-para-trabajar\/","url":"https:\/\/www.efigas.com.co\/nuestro-talento\/somos-un-gran-lugar-para-trabajar\/","name":"Somos un gran lugar para trabajar - Efigas S.A. E.S.P.","isPartOf":{"@id":"https:\/\/www.efigas.com.co\/#website"},"primaryImageOfPage":{"@id":"https:\/\/www.efigas.com.co\/nuestro-talento\/somos-un-gran-lugar-para-trabajar\/#primaryimage"},"image":{"@id":"https:\/\/www.efigas.com.co\/nuestro-talento\/somos-un-gran-lugar-para-trabajar\/#primaryimage"},"thumbnailUrl":"https:\/\/www.efigas.com.co\/ef_resources\/2024\/02\/talento-efigas-mejor-clima-laboral.jpeg","datePublished":"2023-12-29T05:07:42+00:00","dateModified":"2026-03-12T16:13:28+00:00","description":"Para Efigas, la formaci\u00f3n y el desarrollo del talento humano es clave para el apalancamiento de los objetivos estrat\u00e9gicos. Conoce nuestra oferta laboral y beneficios aqu\u00ed.","breadcrumb":{"@id":"https:\/\/www.efigas.com.co\/nuestro-talento\/somos-un-gran-lugar-para-trabajar\/#breadcrumb"},"inLanguage":"es","potentialAction":[{"@type":"ReadAction","target":["https:\/\/www.efigas.com.co\/nuestro-talento\/somos-un-gran-lugar-para-trabajar\/"]}]},{"@type":"ImageObject","inLanguage":"es","@id":"https:\/\/www.efigas.com.co\/nuestro-talento\/somos-un-gran-lugar-para-trabajar\/#primaryimage","url":"https:\/\/www.efigas.com.co\/ef_resources\/2024\/02\/talento-efigas-mejor-clima-laboral.jpeg","contentUrl":"https:\/\/www.efigas.com.co\/ef_resources\/2024\/02\/talento-efigas-mejor-clima-laboral.jpeg","width":1920,"height":1280,"caption":"Somos un gran lugar para trabajar"},{"@type":"BreadcrumbList","@id":"https:\/\/www.efigas.com.co\/nuestro-talento\/somos-un-gran-lugar-para-trabajar\/#breadcrumb","itemListElement":[{"@type":"ListItem","position":1,"name":"Inicio","item":"https:\/\/www.efigas.com.co\/"},{"@type":"ListItem","position":2,"name":"Nuestro talento","item":"https:\/\/www.efigas.com.co\/nuestro-talento\/"},{"@type":"ListItem","position":3,"name":"Somos un gran lugar para trabajar"}]},{"@type":"WebSite","@id":"https:\/\/www.efigas.com.co\/#website","url":"https:\/\/www.efigas.com.co\/","name":"Efigas S.A. E.S.P.","description":"Distribuidora de gas natural en el eje cafetero, Caldas, Quind\u00edo, Risaralda, servicio de   instalaci\u00f3n y reparaci\u00f3n de estufas de gas, cambio de   medidores de gas   natural, construcci\u00f3n de redes de gas natural, servicio de instalaci\u00f3n y reparaci\u00f3n de   calentadores de gas, servicio de Revisi\u00f3n T\u00e9cnica Reglamentaria.","publisher":{"@id":"https:\/\/www.efigas.com.co\/#organization"},"alternateName":"Efigas","potentialAction":[{"@type":"SearchAction","target":{"@type":"EntryPoint","urlTemplate":"https:\/\/www.efigas.com.co\/?s={search_term_string}"},"query-input":{"@type":"PropertyValueSpecification","valueRequired":true,"valueName":"search_term_string"}}],"inLanguage":"es"},{"@type":"Organization","@id":"https:\/\/www.efigas.com.co\/#organization","name":"Efigas S.A. E.S.P.","alternateName":"Efigas","url":"https:\/\/www.efigas.com.co\/","logo":{"@type":"ImageObject","inLanguage":"es","@id":"https:\/\/www.efigas.com.co\/#\/schema\/logo\/image\/","url":"https:\/\/www.efigas.com.co\/ef_resources\/2023\/12\/logo-efigas-negativo.svg","contentUrl":"https:\/\/www.efigas.com.co\/ef_resources\/2023\/12\/logo-efigas-negativo.svg","width":225,"height":123,"caption":"Efigas S.A. E.S.P."},"image":{"@id":"https:\/\/www.efigas.com.co\/#\/schema\/logo\/image\/"},"sameAs":["https:\/\/www.facebook.com\/efigasoficial\/","https:\/\/x.com\/efigas_oficial","https:\/\/www.linkedin.com\/company\/efigas\/"]}]}},"_links":{"self":[{"href":"https:\/\/www.efigas.com.co\/efi-json\/wp\/v2\/pages\/1035","targetHints":{"allow":["GET"]}}],"collection":[{"href":"https:\/\/www.efigas.com.co\/efi-json\/wp\/v2\/pages"}],"about":[{"href":"https:\/\/www.efigas.com.co\/efi-json\/wp\/v2\/types\/page"}],"author":[{"embeddable":true,"href":"https:\/\/www.efigas.com.co\/efi-json\/wp\/v2\/users\/1"}],"replies":[{"embeddable":true,"href":"https:\/\/www.efigas.com.co\/efi-json\/wp\/v2\/comments?post=1035"}],"version-history":[{"count":17,"href":"https:\/\/www.efigas.com.co\/efi-json\/wp\/v2\/pages\/1035\/revisions"}],"predecessor-version":[{"id":11999,"href":"https:\/\/www.efigas.com.co\/efi-json\/wp\/v2\/pages\/1035\/revisions\/11999"}],"up":[{"embeddable":true,"href":"https:\/\/www.efigas.com.co\/efi-json\/wp\/v2\/pages\/1290"}],"wp:featuredmedia":[{"embeddable":true,"href":"https:\/\/www.efigas.com.co\/efi-json\/wp\/v2\/media\/3337"}],"wp:attachment":[{"href":"https:\/\/www.efigas.com.co\/efi-json\/wp\/v2\/media?parent=1035"}],"wp:term":[{"taxonomy":"category","embeddable":true,"href":"https:\/\/www.efigas.com.co\/efi-json\/wp\/v2\/categories?post=1035"},{"taxonomy":"post_tag","embeddable":true,"href":"https:\/\/www.efigas.com.co\/efi-json\/wp\/v2\/tags?post=1035"}],"curies":[{"name":"wp","href":"https:\/\/api.w.org\/{rel}","templated":true}]}}