{"id":1180,"date":"2024-01-09T22:21:49","date_gmt":"2024-01-10T03:21:49","guid":{"rendered":"http:\/\/172.26.3.13\/?page_id=1180"},"modified":"2024-08-06T16:56:49","modified_gmt":"2024-08-06T21:56:49","slug":"perfil-del-talento-efigas","status":"publish","type":"page","link":"https:\/\/www.efigas.com.co\/nuestro-talento\/perfil-del-talento-efigas\/","title":{"rendered":"Perfil del talento Efigas"},"content":{"rendered":"\t\t<div data-elementor-type=\"efi-page\" data-elementor-id=\"1180\" class=\"elementor elementor-1180\" data-elementor-settings=\"{&quot;ha_cmc_init_switcher&quot;:&quot;no&quot;}\" data-elementor-post-type=\"page\">\n\t\t\t\t<div class=\"elementor-element elementor-element-788d1b8 e-flex e-con-boxed e-con e-parent\" data-id=\"788d1b8\" data-element_type=\"container\" data-settings=\"{&quot;_ha_eqh_enable&quot;:false}\">\n\t\t\t\t\t<div class=\"e-con-inner\">\n\t\t\t\t\t<\/div>\n\t\t\t\t<\/div>\n\t\t<div class=\"elementor-element elementor-element-c02b125 e-flex e-con-boxed e-con e-parent\" data-id=\"c02b125\" data-element_type=\"container\" data-settings=\"{&quot;_ha_eqh_enable&quot;:false}\">\n\t\t\t\t\t<div class=\"e-con-inner\">\n\t\t\t\t<div class=\"elementor-element elementor-element-384cd0e elementor-widget elementor-widget-text-editor\" data-id=\"384cd0e\" data-element_type=\"widget\" data-widget_type=\"text-editor.default\">\n\t\t\t\t<div class=\"elementor-widget-container\">\n\t\t\t\t\t\t\t\t\t<p>El<strong> talento Efigas<\/strong> est\u00e1 conformado por personas que se transforman continuamente y se adaptan a las nuevas tendencias que exige el mercado general para de esta manera transformar su entorno e impactar positivamente en su entorno laboral y personal.<\/p><p>Son personas inquietas por el conocimiento y conciencia de s\u00ed mismos as\u00ed como de los dem\u00e1s para tejer redes interdisciplinarias que fortalezcan el trabajo colaborativo y vivencien el prop\u00f3sito supuerior de la organizaci\u00f3n: <strong>Estar ah\u00ed siempre<\/strong>.<\/p>\t\t\t\t\t\t\t\t<\/div>\n\t\t\t\t<\/div>\n\t\t\t\t\t<\/div>\n\t\t\t\t<\/div>\n\t\t\t\t<\/div>\n\t\t","protected":false},"excerpt":{"rendered":"<p>El talento Efigas est\u00e1 conformado por personas que se transforman continuamente y se adaptan a las nuevas tendencias que exige el mercado general para de esta manera transformar su entorno e impactar positivamente en su entorno laboral y personal. Son personas inquietas por el conocimiento y conciencia de s\u00ed mismos as\u00ed como de los dem\u00e1s [&hellip;]<\/p>\n","protected":false},"author":1,"featured_media":3335,"parent":1290,"menu_order":0,"comment_status":"closed","ping_status":"closed","template":"","meta":{"inline_featured_image":false,"footnotes":""},"categories":[58],"tags":[],"class_list":["post-1180","page","type-page","status-publish","has-post-thumbnail","hentry","category-nuestro-talento"],"yoast_head":"\n<title>Perfil del talento Efigas - Efigas S.A. E.S.P.<\/title>\n<meta name=\"robots\" content=\"index, follow, max-snippet:-1, max-image-preview:large, max-video-preview:-1\" \/>\n<link rel=\"canonical\" href=\"https:\/\/www.efigas.com.co\/nuestro-talento\/perfil-del-talento-efigas\/\" \/>\n<meta property=\"og:locale\" content=\"es_ES\" \/>\n<meta property=\"og:type\" content=\"article\" \/>\n<meta property=\"og:title\" content=\"Perfil del talento Efigas - Efigas S.A. E.S.P.\" \/>\n<meta property=\"og:description\" content=\"El talento Efigas est\u00e1 conformado por personas que se transforman continuamente y se adaptan a las nuevas tendencias que exige el mercado general para de esta manera transformar su entorno e impactar positivamente en su entorno laboral y personal. Son personas inquietas por el conocimiento y conciencia de s\u00ed mismos as\u00ed como de los dem\u00e1s [&hellip;]\" \/>\n<meta property=\"og:url\" content=\"https:\/\/www.efigas.com.co\/nuestro-talento\/perfil-del-talento-efigas\/\" \/>\n<meta property=\"og:site_name\" content=\"Efigas S.A. E.S.P.\" \/>\n<meta property=\"article:publisher\" content=\"https:\/\/www.facebook.com\/efigasoficial\/\" \/>\n<meta property=\"article:modified_time\" content=\"2024-08-06T21:56:49+00:00\" \/>\n<meta property=\"og:image\" content=\"https:\/\/www.efigas.com.co\/ef_resources\/2024\/02\/talento-efigas-colaboradores-trabjando-oficina.jpeg\" \/>\n\t<meta property=\"og:image:width\" content=\"1920\" \/>\n\t<meta property=\"og:image:height\" content=\"1280\" \/>\n\t<meta property=\"og:image:type\" content=\"image\/jpeg\" \/>\n<meta name=\"twitter:card\" content=\"summary_large_image\" \/>\n<meta name=\"twitter:site\" content=\"@efigas_oficial\" \/>\n<script type=\"application\/ld+json\" class=\"efiseo-schema-graph\">{\"@context\":\"https:\/\/schema.org\",\"@graph\":[{\"@type\":\"WebPage\",\"@id\":\"https:\/\/www.efigas.com.co\/nuestro-talento\/perfil-del-talento-efigas\/\",\"url\":\"https:\/\/www.efigas.com.co\/nuestro-talento\/perfil-del-talento-efigas\/\",\"name\":\"Perfil del talento Efigas - Efigas S.A. E.S.P.\",\"isPartOf\":{\"@id\":\"https:\/\/www.efigas.com.co\/#website\"},\"primaryImageOfPage\":{\"@id\":\"https:\/\/www.efigas.com.co\/nuestro-talento\/perfil-del-talento-efigas\/#primaryimage\"},\"image\":{\"@id\":\"https:\/\/www.efigas.com.co\/nuestro-talento\/perfil-del-talento-efigas\/#primaryimage\"},\"thumbnailUrl\":\"https:\/\/www.efigas.com.co\/ef_resources\/2024\/02\/talento-efigas-colaboradores-trabjando-oficina.jpeg\",\"datePublished\":\"2024-01-10T03:21:49+00:00\",\"dateModified\":\"2024-08-06T21:56:49+00:00\",\"breadcrumb\":{\"@id\":\"https:\/\/www.efigas.com.co\/nuestro-talento\/perfil-del-talento-efigas\/#breadcrumb\"},\"inLanguage\":\"es\",\"potentialAction\":[{\"@type\":\"ReadAction\",\"target\":[\"https:\/\/www.efigas.com.co\/nuestro-talento\/perfil-del-talento-efigas\/\"]}]},{\"@type\":\"ImageObject\",\"inLanguage\":\"es\",\"@id\":\"https:\/\/www.efigas.com.co\/nuestro-talento\/perfil-del-talento-efigas\/#primaryimage\",\"url\":\"https:\/\/www.efigas.com.co\/ef_resources\/2024\/02\/talento-efigas-colaboradores-trabjando-oficina.jpeg\",\"contentUrl\":\"https:\/\/www.efigas.com.co\/ef_resources\/2024\/02\/talento-efigas-colaboradores-trabjando-oficina.jpeg\",\"width\":1920,\"height\":1280,\"caption\":\"Aqu\u00ed creemos en tu desarrollo y crecimiento\"},{\"@type\":\"BreadcrumbList\",\"@id\":\"https:\/\/www.efigas.com.co\/nuestro-talento\/perfil-del-talento-efigas\/#breadcrumb\",\"itemListElement\":[{\"@type\":\"ListItem\",\"position\":1,\"name\":\"Inicio\",\"item\":\"https:\/\/www.efigas.com.co\/\"},{\"@type\":\"ListItem\",\"position\":2,\"name\":\"Nuestro talento\",\"item\":\"https:\/\/www.efigas.com.co\/nuestro-talento\/\"},{\"@type\":\"ListItem\",\"position\":3,\"name\":\"Perfil del talento Efigas\"}]},{\"@type\":\"WebSite\",\"@id\":\"https:\/\/www.efigas.com.co\/#website\",\"url\":\"https:\/\/www.efigas.com.co\/\",\"name\":\"Efigas S.A. E.S.P.\",\"description\":\"Distribuidora de gas natural en el eje cafetero, Caldas, Quind\u00edo, Risaralda, servicio de   instalaci\u00f3n y reparaci\u00f3n de estufas de gas, cambio de   medidores de gas   natural, construcci\u00f3n de redes de gas natural, servicio de instalaci\u00f3n y reparaci\u00f3n de   calentadores de gas, servicio de Revisi\u00f3n T\u00e9cnica Reglamentaria.\",\"publisher\":{\"@id\":\"https:\/\/www.efigas.com.co\/#organization\"},\"alternateName\":\"Efigas\",\"potentialAction\":[{\"@type\":\"SearchAction\",\"target\":{\"@type\":\"EntryPoint\",\"urlTemplate\":\"https:\/\/www.efigas.com.co\/?s={search_term_string}\"},\"query-input\":{\"@type\":\"PropertyValueSpecification\",\"valueRequired\":true,\"valueName\":\"search_term_string\"}}],\"inLanguage\":\"es\"},{\"@type\":\"Organization\",\"@id\":\"https:\/\/www.efigas.com.co\/#organization\",\"name\":\"Efigas S.A. E.S.P.\",\"alternateName\":\"Efigas\",\"url\":\"https:\/\/www.efigas.com.co\/\",\"logo\":{\"@type\":\"ImageObject\",\"inLanguage\":\"es\",\"@id\":\"https:\/\/www.efigas.com.co\/#\/schema\/logo\/image\/\",\"url\":\"https:\/\/www.efigas.com.co\/ef_resources\/2023\/12\/logo-efigas-negativo.svg\",\"contentUrl\":\"https:\/\/www.efigas.com.co\/ef_resources\/2023\/12\/logo-efigas-negativo.svg\",\"width\":225,\"height\":123,\"caption\":\"Efigas S.A. E.S.P.\"},\"image\":{\"@id\":\"https:\/\/www.efigas.com.co\/#\/schema\/logo\/image\/\"},\"sameAs\":[\"https:\/\/www.facebook.com\/efigasoficial\/\",\"https:\/\/x.com\/efigas_oficial\",\"https:\/\/www.linkedin.com\/company\/efigas\/\"]}]}<\/script>\n","yoast_head_json":{"title":"Perfil del talento Efigas - Efigas S.A. E.S.P.","robots":{"index":"index","follow":"follow","max-snippet":"max-snippet:-1","max-image-preview":"max-image-preview:large","max-video-preview":"max-video-preview:-1"},"canonical":"https:\/\/www.efigas.com.co\/nuestro-talento\/perfil-del-talento-efigas\/","og_locale":"es_ES","og_type":"article","og_title":"Perfil del talento Efigas - Efigas S.A. E.S.P.","og_description":"El talento Efigas est\u00e1 conformado por personas que se transforman continuamente y se adaptan a las nuevas tendencias que exige el mercado general para de esta manera transformar su entorno e impactar positivamente en su entorno laboral y personal. Son personas inquietas por el conocimiento y conciencia de s\u00ed mismos as\u00ed como de los dem\u00e1s [&hellip;]","og_url":"https:\/\/www.efigas.com.co\/nuestro-talento\/perfil-del-talento-efigas\/","og_site_name":"Efigas S.A. E.S.P.","article_publisher":"https:\/\/www.facebook.com\/efigasoficial\/","article_modified_time":"2024-08-06T21:56:49+00:00","og_image":[{"width":1920,"height":1280,"url":"https:\/\/www.efigas.com.co\/ef_resources\/2024\/02\/talento-efigas-colaboradores-trabjando-oficina.jpeg","type":"image\/jpeg"}],"twitter_card":"summary_large_image","twitter_site":"@efigas_oficial","schema":{"@context":"https:\/\/schema.org","@graph":[{"@type":"WebPage","@id":"https:\/\/www.efigas.com.co\/nuestro-talento\/perfil-del-talento-efigas\/","url":"https:\/\/www.efigas.com.co\/nuestro-talento\/perfil-del-talento-efigas\/","name":"Perfil del talento Efigas - Efigas S.A. E.S.P.","isPartOf":{"@id":"https:\/\/www.efigas.com.co\/#website"},"primaryImageOfPage":{"@id":"https:\/\/www.efigas.com.co\/nuestro-talento\/perfil-del-talento-efigas\/#primaryimage"},"image":{"@id":"https:\/\/www.efigas.com.co\/nuestro-talento\/perfil-del-talento-efigas\/#primaryimage"},"thumbnailUrl":"https:\/\/www.efigas.com.co\/ef_resources\/2024\/02\/talento-efigas-colaboradores-trabjando-oficina.jpeg","datePublished":"2024-01-10T03:21:49+00:00","dateModified":"2024-08-06T21:56:49+00:00","breadcrumb":{"@id":"https:\/\/www.efigas.com.co\/nuestro-talento\/perfil-del-talento-efigas\/#breadcrumb"},"inLanguage":"es","potentialAction":[{"@type":"ReadAction","target":["https:\/\/www.efigas.com.co\/nuestro-talento\/perfil-del-talento-efigas\/"]}]},{"@type":"ImageObject","inLanguage":"es","@id":"https:\/\/www.efigas.com.co\/nuestro-talento\/perfil-del-talento-efigas\/#primaryimage","url":"https:\/\/www.efigas.com.co\/ef_resources\/2024\/02\/talento-efigas-colaboradores-trabjando-oficina.jpeg","contentUrl":"https:\/\/www.efigas.com.co\/ef_resources\/2024\/02\/talento-efigas-colaboradores-trabjando-oficina.jpeg","width":1920,"height":1280,"caption":"Aqu\u00ed creemos en tu desarrollo y crecimiento"},{"@type":"BreadcrumbList","@id":"https:\/\/www.efigas.com.co\/nuestro-talento\/perfil-del-talento-efigas\/#breadcrumb","itemListElement":[{"@type":"ListItem","position":1,"name":"Inicio","item":"https:\/\/www.efigas.com.co\/"},{"@type":"ListItem","position":2,"name":"Nuestro talento","item":"https:\/\/www.efigas.com.co\/nuestro-talento\/"},{"@type":"ListItem","position":3,"name":"Perfil del talento Efigas"}]},{"@type":"WebSite","@id":"https:\/\/www.efigas.com.co\/#website","url":"https:\/\/www.efigas.com.co\/","name":"Efigas S.A. E.S.P.","description":"Distribuidora de gas natural en el eje cafetero, Caldas, Quind\u00edo, Risaralda, servicio de   instalaci\u00f3n y reparaci\u00f3n de estufas de gas, cambio de   medidores de gas   natural, construcci\u00f3n de redes de gas natural, servicio de instalaci\u00f3n y reparaci\u00f3n de   calentadores de gas, servicio de Revisi\u00f3n T\u00e9cnica Reglamentaria.","publisher":{"@id":"https:\/\/www.efigas.com.co\/#organization"},"alternateName":"Efigas","potentialAction":[{"@type":"SearchAction","target":{"@type":"EntryPoint","urlTemplate":"https:\/\/www.efigas.com.co\/?s={search_term_string}"},"query-input":{"@type":"PropertyValueSpecification","valueRequired":true,"valueName":"search_term_string"}}],"inLanguage":"es"},{"@type":"Organization","@id":"https:\/\/www.efigas.com.co\/#organization","name":"Efigas S.A. E.S.P.","alternateName":"Efigas","url":"https:\/\/www.efigas.com.co\/","logo":{"@type":"ImageObject","inLanguage":"es","@id":"https:\/\/www.efigas.com.co\/#\/schema\/logo\/image\/","url":"https:\/\/www.efigas.com.co\/ef_resources\/2023\/12\/logo-efigas-negativo.svg","contentUrl":"https:\/\/www.efigas.com.co\/ef_resources\/2023\/12\/logo-efigas-negativo.svg","width":225,"height":123,"caption":"Efigas S.A. E.S.P."},"image":{"@id":"https:\/\/www.efigas.com.co\/#\/schema\/logo\/image\/"},"sameAs":["https:\/\/www.facebook.com\/efigasoficial\/","https:\/\/x.com\/efigas_oficial","https:\/\/www.linkedin.com\/company\/efigas\/"]}]}},"_links":{"self":[{"href":"https:\/\/www.efigas.com.co\/efi-json\/wp\/v2\/pages\/1180","targetHints":{"allow":["GET"]}}],"collection":[{"href":"https:\/\/www.efigas.com.co\/efi-json\/wp\/v2\/pages"}],"about":[{"href":"https:\/\/www.efigas.com.co\/efi-json\/wp\/v2\/types\/page"}],"author":[{"embeddable":true,"href":"https:\/\/www.efigas.com.co\/efi-json\/wp\/v2\/users\/1"}],"replies":[{"embeddable":true,"href":"https:\/\/www.efigas.com.co\/efi-json\/wp\/v2\/comments?post=1180"}],"version-history":[{"count":10,"href":"https:\/\/www.efigas.com.co\/efi-json\/wp\/v2\/pages\/1180\/revisions"}],"predecessor-version":[{"id":5789,"href":"https:\/\/www.efigas.com.co\/efi-json\/wp\/v2\/pages\/1180\/revisions\/5789"}],"up":[{"embeddable":true,"href":"https:\/\/www.efigas.com.co\/efi-json\/wp\/v2\/pages\/1290"}],"wp:featuredmedia":[{"embeddable":true,"href":"https:\/\/www.efigas.com.co\/efi-json\/wp\/v2\/media\/3335"}],"wp:attachment":[{"href":"https:\/\/www.efigas.com.co\/efi-json\/wp\/v2\/media?parent=1180"}],"wp:term":[{"taxonomy":"category","embeddable":true,"href":"https:\/\/www.efigas.com.co\/efi-json\/wp\/v2\/categories?post=1180"},{"taxonomy":"post_tag","embeddable":true,"href":"https:\/\/www.efigas.com.co\/efi-json\/wp\/v2\/tags?post=1180"}],"curies":[{"name":"wp","href":"https:\/\/api.w.org\/{rel}","templated":true}]}}