{"id":1298,"date":"2024-01-10T09:13:49","date_gmt":"2024-01-10T14:13:49","guid":{"rendered":"http:\/\/172.26.3.13\/?page_id=1298"},"modified":"2024-02-26T21:06:33","modified_gmt":"2024-02-27T02:06:33","slug":"sostenibilidad","status":"publish","type":"page","link":"https:\/\/www.efigas.com.co\/sostenibilidad\/","title":{"rendered":"Modelo de sostenibilidad"},"content":{"rendered":"\t\t<div data-elementor-type=\"efi-page\" data-elementor-id=\"1298\" class=\"elementor elementor-1298\" data-elementor-settings=\"{&quot;ha_cmc_init_switcher&quot;:&quot;no&quot;}\" data-elementor-post-type=\"page\">\n\t\t\t\t<div class=\"elementor-element elementor-element-26a58ff e-flex e-con-boxed e-con e-parent\" data-id=\"26a58ff\" data-element_type=\"container\" data-settings=\"{&quot;_ha_eqh_enable&quot;:false}\">\n\t\t\t\t\t<div class=\"e-con-inner\">\n\t\t\t\t<div class=\"elementor-element elementor-element-8d7b3e8 elementor-grid-2 elementor-grid-tablet-2 elementor-grid-mobile-1 elementor-posts--thumbnail-top elementor-card-shadow-yes elementor-posts__hover-gradient elementor-widget elementor-widget-posts\" data-id=\"8d7b3e8\" data-element_type=\"widget\" data-settings=\"{&quot;cards_columns&quot;:&quot;2&quot;,&quot;cards_columns_tablet&quot;:&quot;2&quot;,&quot;cards_columns_mobile&quot;:&quot;1&quot;,&quot;cards_row_gap&quot;:{&quot;unit&quot;:&quot;px&quot;,&quot;size&quot;:35,&quot;sizes&quot;:[]},&quot;cards_row_gap_widescreen&quot;:{&quot;unit&quot;:&quot;px&quot;,&quot;size&quot;:&quot;&quot;,&quot;sizes&quot;:[]},&quot;cards_row_gap_laptop&quot;:{&quot;unit&quot;:&quot;px&quot;,&quot;size&quot;:&quot;&quot;,&quot;sizes&quot;:[]},&quot;cards_row_gap_tablet_extra&quot;:{&quot;unit&quot;:&quot;px&quot;,&quot;size&quot;:&quot;&quot;,&quot;sizes&quot;:[]},&quot;cards_row_gap_tablet&quot;:{&quot;unit&quot;:&quot;px&quot;,&quot;size&quot;:&quot;&quot;,&quot;sizes&quot;:[]},&quot;cards_row_gap_mobile&quot;:{&quot;unit&quot;:&quot;px&quot;,&quot;size&quot;:&quot;&quot;,&quot;sizes&quot;:[]}}\" data-widget_type=\"posts.cards\">\n\t\t\t\t<div class=\"elementor-widget-container\">\n\t\t\t\t\t\t\t<div class=\"elementor-posts-container elementor-posts elementor-posts--skin-cards elementor-grid\">\n\t\t\t\t<article class=\"elementor-post elementor-grid-item post-704 page type-page status-publish has-post-thumbnail hentry category-sostenibilidad\">\n\t\t\t<div class=\"elementor-post__card\">\n\t\t\t\t<a class=\"elementor-post__thumbnail__link\" href=\"https:\/\/www.efigas.com.co\/sostenibilidad\/politica-de-sostenibilidad\/\" tabindex=\"-1\" ><div class=\"elementor-post__thumbnail\"><img fetchpriority=\"high\" decoding=\"async\" width=\"1920\" height=\"932\" src=\"https:\/\/www.efigas.com.co\/ef_resources\/2024\/01\/Efigas_269481754.jpg\" class=\"attachment-full size-full efi-image-1146\" alt=\"persona disfrutando del aire puro y la calidad de vida, gas natural, servicio p\u00fablico y eje cafetero\" srcset=\"https:\/\/www.efigas.com.co\/ef_resources\/2024\/01\/Efigas_269481754.jpg 1920w, https:\/\/www.efigas.com.co\/ef_resources\/2024\/01\/Efigas_269481754-300x146.jpg 300w, https:\/\/www.efigas.com.co\/ef_resources\/2024\/01\/Efigas_269481754-150x73.jpg 150w, https:\/\/www.efigas.com.co\/ef_resources\/2024\/01\/Efigas_269481754-768x373.jpg 768w, https:\/\/www.efigas.com.co\/ef_resources\/2024\/01\/Efigas_269481754-1536x746.jpg 1536w\" sizes=\"(max-width: 1920px) 100vw, 1920px\" \/><\/div><\/a>\n\t\t\t\t<div class=\"elementor-post__text\">\n\t\t\t\t<h2 class=\"elementor-post__title\">\n\t\t\t<a href=\"https:\/\/www.efigas.com.co\/sostenibilidad\/politica-de-sostenibilidad\/\" >\n\t\t\t\tDeclaraci\u00f3n Estrat\u00e9gica\t\t\t<\/a>\n\t\t<\/h2>\n\t\t\t\t<\/div>\n\t\t\t\t\t<\/div>\n\t\t<\/article>\n\t\t\t\t<article class=\"elementor-post elementor-grid-item post-1015 page type-page status-publish has-post-thumbnail hentry category-sostenibilidad\">\n\t\t\t<div class=\"elementor-post__card\">\n\t\t\t\t<a class=\"elementor-post__thumbnail__link\" href=\"https:\/\/www.efigas.com.co\/programas-sociales\/\" tabindex=\"-1\" ><div class=\"elementor-post__thumbnail\"><img decoding=\"async\" width=\"1920\" height=\"1280\" src=\"https:\/\/www.efigas.com.co\/ef_resources\/2024\/01\/Efigas_477571117.jpg\" class=\"attachment-full size-full efi-image-1158\" alt=\"paisaje del eje cafetero gas natural, servicio p\u00fablico\" srcset=\"https:\/\/www.efigas.com.co\/ef_resources\/2024\/01\/Efigas_477571117.jpg 1920w, https:\/\/www.efigas.com.co\/ef_resources\/2024\/01\/Efigas_477571117-300x200.jpg 300w, https:\/\/www.efigas.com.co\/ef_resources\/2024\/01\/Efigas_477571117-150x100.jpg 150w, https:\/\/www.efigas.com.co\/ef_resources\/2024\/01\/Efigas_477571117-768x512.jpg 768w, https:\/\/www.efigas.com.co\/ef_resources\/2024\/01\/Efigas_477571117-1536x1024.jpg 1536w\" sizes=\"(max-width: 1920px) 100vw, 1920px\" \/><\/div><\/a>\n\t\t\t\t<div class=\"elementor-post__text\">\n\t\t\t\t<h2 class=\"elementor-post__title\">\n\t\t\t<a href=\"https:\/\/www.efigas.com.co\/programas-sociales\/\" >\n\t\t\t\tProgramas sociales\t\t\t<\/a>\n\t\t<\/h2>\n\t\t\t\t<\/div>\n\t\t\t\t\t<\/div>\n\t\t<\/article>\n\t\t\t\t<article class=\"elementor-post elementor-grid-item post-1305 page type-page status-publish has-post-thumbnail hentry category-sostenibilidad tag-efigas tag-sostenibilidad\">\n\t\t\t<div class=\"elementor-post__card\">\n\t\t\t\t<a class=\"elementor-post__thumbnail__link\" href=\"https:\/\/www.efigas.com.co\/sostenibilidad\/gestion-ambiental\/\" tabindex=\"-1\" ><div class=\"elementor-post__thumbnail\"><img decoding=\"async\" width=\"1920\" height=\"899\" src=\"https:\/\/www.efigas.com.co\/ef_resources\/2024\/01\/Efigas_324597119-e1706129031249.jpg\" class=\"attachment-full size-full efi-image-1149\" alt=\"Barranquero Coronado Ave emblema de Manizales\" srcset=\"https:\/\/www.efigas.com.co\/ef_resources\/2024\/01\/Efigas_324597119-e1706129031249.jpg 1920w, https:\/\/www.efigas.com.co\/ef_resources\/2024\/01\/Efigas_324597119-e1706129031249-300x140.jpg 300w, https:\/\/www.efigas.com.co\/ef_resources\/2024\/01\/Efigas_324597119-e1706129031249-150x70.jpg 150w, https:\/\/www.efigas.com.co\/ef_resources\/2024\/01\/Efigas_324597119-e1706129031249-768x360.jpg 768w, https:\/\/www.efigas.com.co\/ef_resources\/2024\/01\/Efigas_324597119-e1706129031249-1536x719.jpg 1536w\" sizes=\"(max-width: 1920px) 100vw, 1920px\" \/><\/div><\/a>\n\t\t\t\t<div class=\"elementor-post__text\">\n\t\t\t\t<h2 class=\"elementor-post__title\">\n\t\t\t<a href=\"https:\/\/www.efigas.com.co\/sostenibilidad\/gestion-ambiental\/\" >\n\t\t\t\tGesti\u00f3n ambiental\t\t\t<\/a>\n\t\t<\/h2>\n\t\t\t\t<\/div>\n\t\t\t\t\t<\/div>\n\t\t<\/article>\n\t\t\t\t<article class=\"elementor-post elementor-grid-item post-3016 page type-page status-publish has-post-thumbnail hentry category-sostenibilidad\">\n\t\t\t<div class=\"elementor-post__card\">\n\t\t\t\t<a class=\"elementor-post__thumbnail__link\" href=\"https:\/\/www.efigas.com.co\/sostenibilidad\/logros\/\" tabindex=\"-1\" ><div class=\"elementor-post__thumbnail\"><img loading=\"lazy\" decoding=\"async\" width=\"643\" height=\"360\" src=\"https:\/\/www.efigas.com.co\/ef_resources\/2024\/02\/sostenibilidad-manos-efigas.jpg\" class=\"attachment-full size-full efi-image-3041\" alt=\"sostenibilidad manos efigas\" srcset=\"https:\/\/www.efigas.com.co\/ef_resources\/2024\/02\/sostenibilidad-manos-efigas.jpg 643w, https:\/\/www.efigas.com.co\/ef_resources\/2024\/02\/sostenibilidad-manos-efigas-300x168.jpg 300w, https:\/\/www.efigas.com.co\/ef_resources\/2024\/02\/sostenibilidad-manos-efigas-150x84.jpg 150w\" sizes=\"(max-width: 643px) 100vw, 643px\" \/><\/div><\/a>\n\t\t\t\t<div class=\"elementor-post__text\">\n\t\t\t\t<h2 class=\"elementor-post__title\">\n\t\t\t<a href=\"https:\/\/www.efigas.com.co\/sostenibilidad\/logros\/\" >\n\t\t\t\tLogros\t\t\t<\/a>\n\t\t<\/h2>\n\t\t\t\t<\/div>\n\t\t\t\t\t<\/div>\n\t\t<\/article>\n\t\t\t\t<\/div>\n\t\t\n\t\t\t\t\t\t<\/div>\n\t\t\t\t<\/div>\n\t\t\t\t\t<\/div>\n\t\t\t\t<\/div>\n\t\t\t\t<\/div>\n\t\t","protected":false},"excerpt":{"rendered":"","protected":false},"author":1,"featured_media":1142,"parent":0,"menu_order":0,"comment_status":"closed","ping_status":"closed","template":"","meta":{"inline_featured_image":false,"footnotes":""},"categories":[51],"tags":[],"class_list":["post-1298","page","type-page","status-publish","has-post-thumbnail","hentry","category-sostenibilidad"],"yoast_head":"\n<title>Modelo de sostenibilidad - Efigas S.A. E.S.P.<\/title>\n<meta name=\"robots\" content=\"index, follow, max-snippet:-1, max-image-preview:large, max-video-preview:-1\" \/>\n<link rel=\"canonical\" href=\"https:\/\/www.efigas.com.co\/sostenibilidad\/\" \/>\n<meta property=\"og:locale\" content=\"es_ES\" \/>\n<meta property=\"og:type\" content=\"article\" \/>\n<meta property=\"og:title\" content=\"Modelo de sostenibilidad - Efigas S.A. E.S.P.\" \/>\n<meta property=\"og:url\" content=\"https:\/\/www.efigas.com.co\/sostenibilidad\/\" \/>\n<meta property=\"og:site_name\" content=\"Efigas S.A. E.S.P.\" \/>\n<meta property=\"article:publisher\" content=\"https:\/\/www.facebook.com\/efigasoficial\/\" \/>\n<meta property=\"article:modified_time\" content=\"2024-02-27T02:06:33+00:00\" \/>\n<meta property=\"og:image\" content=\"https:\/\/www.efigas.com.co\/ef_resources\/2024\/01\/Efigas_165448075.jpg\" \/>\n\t<meta property=\"og:image:width\" content=\"1920\" \/>\n\t<meta property=\"og:image:height\" content=\"1280\" \/>\n\t<meta property=\"og:image:type\" content=\"image\/jpeg\" \/>\n<meta name=\"twitter:card\" content=\"summary_large_image\" \/>\n<meta name=\"twitter:site\" content=\"@efigas_oficial\" \/>\n<script type=\"application\/ld+json\" class=\"efiseo-schema-graph\">{\"@context\":\"https:\/\/schema.org\",\"@graph\":[{\"@type\":\"WebPage\",\"@id\":\"https:\/\/www.efigas.com.co\/sostenibilidad\/\",\"url\":\"https:\/\/www.efigas.com.co\/sostenibilidad\/\",\"name\":\"Modelo de sostenibilidad - Efigas S.A. E.S.P.\",\"isPartOf\":{\"@id\":\"https:\/\/www.efigas.com.co\/#website\"},\"primaryImageOfPage\":{\"@id\":\"https:\/\/www.efigas.com.co\/sostenibilidad\/#primaryimage\"},\"image\":{\"@id\":\"https:\/\/www.efigas.com.co\/sostenibilidad\/#primaryimage\"},\"thumbnailUrl\":\"https:\/\/www.efigas.com.co\/ef_resources\/2024\/01\/Efigas_165448075.jpg\",\"datePublished\":\"2024-01-10T14:13:49+00:00\",\"dateModified\":\"2024-02-27T02:06:33+00:00\",\"breadcrumb\":{\"@id\":\"https:\/\/www.efigas.com.co\/sostenibilidad\/#breadcrumb\"},\"inLanguage\":\"es\",\"potentialAction\":[{\"@type\":\"ReadAction\",\"target\":[\"https:\/\/www.efigas.com.co\/sostenibilidad\/\"]}]},{\"@type\":\"ImageObject\",\"inLanguage\":\"es\",\"@id\":\"https:\/\/www.efigas.com.co\/sostenibilidad\/#primaryimage\",\"url\":\"https:\/\/www.efigas.com.co\/ef_resources\/2024\/01\/Efigas_165448075.jpg\",\"contentUrl\":\"https:\/\/www.efigas.com.co\/ef_resources\/2024\/01\/Efigas_165448075.jpg\",\"width\":1920,\"height\":1280,\"caption\":\"colibr\u00edes en un paisaje del eje cafetero\"},{\"@type\":\"BreadcrumbList\",\"@id\":\"https:\/\/www.efigas.com.co\/sostenibilidad\/#breadcrumb\",\"itemListElement\":[{\"@type\":\"ListItem\",\"position\":1,\"name\":\"Inicio\",\"item\":\"https:\/\/www.efigas.com.co\/\"},{\"@type\":\"ListItem\",\"position\":2,\"name\":\"Modelo de sostenibilidad\"}]},{\"@type\":\"WebSite\",\"@id\":\"https:\/\/www.efigas.com.co\/#website\",\"url\":\"https:\/\/www.efigas.com.co\/\",\"name\":\"Efigas S.A. E.S.P.\",\"description\":\"Distribuidora de gas natural en el eje cafetero, Caldas, Quind\u00edo, Risaralda, servicio de   instalaci\u00f3n y reparaci\u00f3n de estufas de gas, cambio de   medidores de gas   natural, construcci\u00f3n de redes de gas natural, servicio de instalaci\u00f3n y reparaci\u00f3n de   calentadores de gas, servicio de Revisi\u00f3n T\u00e9cnica Reglamentaria.\",\"publisher\":{\"@id\":\"https:\/\/www.efigas.com.co\/#organization\"},\"alternateName\":\"Efigas\",\"potentialAction\":[{\"@type\":\"SearchAction\",\"target\":{\"@type\":\"EntryPoint\",\"urlTemplate\":\"https:\/\/www.efigas.com.co\/?s={search_term_string}\"},\"query-input\":{\"@type\":\"PropertyValueSpecification\",\"valueRequired\":true,\"valueName\":\"search_term_string\"}}],\"inLanguage\":\"es\"},{\"@type\":\"Organization\",\"@id\":\"https:\/\/www.efigas.com.co\/#organization\",\"name\":\"Efigas S.A. E.S.P.\",\"alternateName\":\"Efigas\",\"url\":\"https:\/\/www.efigas.com.co\/\",\"logo\":{\"@type\":\"ImageObject\",\"inLanguage\":\"es\",\"@id\":\"https:\/\/www.efigas.com.co\/#\/schema\/logo\/image\/\",\"url\":\"https:\/\/www.efigas.com.co\/ef_resources\/2023\/12\/logo-efigas-negativo.svg\",\"contentUrl\":\"https:\/\/www.efigas.com.co\/ef_resources\/2023\/12\/logo-efigas-negativo.svg\",\"width\":225,\"height\":123,\"caption\":\"Efigas S.A. E.S.P.\"},\"image\":{\"@id\":\"https:\/\/www.efigas.com.co\/#\/schema\/logo\/image\/\"},\"sameAs\":[\"https:\/\/www.facebook.com\/efigasoficial\/\",\"https:\/\/x.com\/efigas_oficial\",\"https:\/\/www.linkedin.com\/company\/efigas\/\"]}]}<\/script>\n","yoast_head_json":{"title":"Modelo de sostenibilidad - Efigas S.A. E.S.P.","robots":{"index":"index","follow":"follow","max-snippet":"max-snippet:-1","max-image-preview":"max-image-preview:large","max-video-preview":"max-video-preview:-1"},"canonical":"https:\/\/www.efigas.com.co\/sostenibilidad\/","og_locale":"es_ES","og_type":"article","og_title":"Modelo de sostenibilidad - Efigas S.A. E.S.P.","og_url":"https:\/\/www.efigas.com.co\/sostenibilidad\/","og_site_name":"Efigas S.A. E.S.P.","article_publisher":"https:\/\/www.facebook.com\/efigasoficial\/","article_modified_time":"2024-02-27T02:06:33+00:00","og_image":[{"width":1920,"height":1280,"url":"https:\/\/www.efigas.com.co\/ef_resources\/2024\/01\/Efigas_165448075.jpg","type":"image\/jpeg"}],"twitter_card":"summary_large_image","twitter_site":"@efigas_oficial","schema":{"@context":"https:\/\/schema.org","@graph":[{"@type":"WebPage","@id":"https:\/\/www.efigas.com.co\/sostenibilidad\/","url":"https:\/\/www.efigas.com.co\/sostenibilidad\/","name":"Modelo de sostenibilidad - Efigas S.A. E.S.P.","isPartOf":{"@id":"https:\/\/www.efigas.com.co\/#website"},"primaryImageOfPage":{"@id":"https:\/\/www.efigas.com.co\/sostenibilidad\/#primaryimage"},"image":{"@id":"https:\/\/www.efigas.com.co\/sostenibilidad\/#primaryimage"},"thumbnailUrl":"https:\/\/www.efigas.com.co\/ef_resources\/2024\/01\/Efigas_165448075.jpg","datePublished":"2024-01-10T14:13:49+00:00","dateModified":"2024-02-27T02:06:33+00:00","breadcrumb":{"@id":"https:\/\/www.efigas.com.co\/sostenibilidad\/#breadcrumb"},"inLanguage":"es","potentialAction":[{"@type":"ReadAction","target":["https:\/\/www.efigas.com.co\/sostenibilidad\/"]}]},{"@type":"ImageObject","inLanguage":"es","@id":"https:\/\/www.efigas.com.co\/sostenibilidad\/#primaryimage","url":"https:\/\/www.efigas.com.co\/ef_resources\/2024\/01\/Efigas_165448075.jpg","contentUrl":"https:\/\/www.efigas.com.co\/ef_resources\/2024\/01\/Efigas_165448075.jpg","width":1920,"height":1280,"caption":"colibr\u00edes en un paisaje del eje cafetero"},{"@type":"BreadcrumbList","@id":"https:\/\/www.efigas.com.co\/sostenibilidad\/#breadcrumb","itemListElement":[{"@type":"ListItem","position":1,"name":"Inicio","item":"https:\/\/www.efigas.com.co\/"},{"@type":"ListItem","position":2,"name":"Modelo de sostenibilidad"}]},{"@type":"WebSite","@id":"https:\/\/www.efigas.com.co\/#website","url":"https:\/\/www.efigas.com.co\/","name":"Efigas S.A. E.S.P.","description":"Distribuidora de gas natural en el eje cafetero, Caldas, Quind\u00edo, Risaralda, servicio de   instalaci\u00f3n y reparaci\u00f3n de estufas de gas, cambio de   medidores de gas   natural, construcci\u00f3n de redes de gas natural, servicio de instalaci\u00f3n y reparaci\u00f3n de   calentadores de gas, servicio de Revisi\u00f3n T\u00e9cnica Reglamentaria.","publisher":{"@id":"https:\/\/www.efigas.com.co\/#organization"},"alternateName":"Efigas","potentialAction":[{"@type":"SearchAction","target":{"@type":"EntryPoint","urlTemplate":"https:\/\/www.efigas.com.co\/?s={search_term_string}"},"query-input":{"@type":"PropertyValueSpecification","valueRequired":true,"valueName":"search_term_string"}}],"inLanguage":"es"},{"@type":"Organization","@id":"https:\/\/www.efigas.com.co\/#organization","name":"Efigas S.A. E.S.P.","alternateName":"Efigas","url":"https:\/\/www.efigas.com.co\/","logo":{"@type":"ImageObject","inLanguage":"es","@id":"https:\/\/www.efigas.com.co\/#\/schema\/logo\/image\/","url":"https:\/\/www.efigas.com.co\/ef_resources\/2023\/12\/logo-efigas-negativo.svg","contentUrl":"https:\/\/www.efigas.com.co\/ef_resources\/2023\/12\/logo-efigas-negativo.svg","width":225,"height":123,"caption":"Efigas S.A. E.S.P."},"image":{"@id":"https:\/\/www.efigas.com.co\/#\/schema\/logo\/image\/"},"sameAs":["https:\/\/www.facebook.com\/efigasoficial\/","https:\/\/x.com\/efigas_oficial","https:\/\/www.linkedin.com\/company\/efigas\/"]}]}},"_links":{"self":[{"href":"https:\/\/www.efigas.com.co\/efi-json\/wp\/v2\/pages\/1298","targetHints":{"allow":["GET"]}}],"collection":[{"href":"https:\/\/www.efigas.com.co\/efi-json\/wp\/v2\/pages"}],"about":[{"href":"https:\/\/www.efigas.com.co\/efi-json\/wp\/v2\/types\/page"}],"author":[{"embeddable":true,"href":"https:\/\/www.efigas.com.co\/efi-json\/wp\/v2\/users\/1"}],"replies":[{"embeddable":true,"href":"https:\/\/www.efigas.com.co\/efi-json\/wp\/v2\/comments?post=1298"}],"version-history":[{"count":20,"href":"https:\/\/www.efigas.com.co\/efi-json\/wp\/v2\/pages\/1298\/revisions"}],"predecessor-version":[{"id":3554,"href":"https:\/\/www.efigas.com.co\/efi-json\/wp\/v2\/pages\/1298\/revisions\/3554"}],"wp:featuredmedia":[{"embeddable":true,"href":"https:\/\/www.efigas.com.co\/efi-json\/wp\/v2\/media\/1142"}],"wp:attachment":[{"href":"https:\/\/www.efigas.com.co\/efi-json\/wp\/v2\/media?parent=1298"}],"wp:term":[{"taxonomy":"category","embeddable":true,"href":"https:\/\/www.efigas.com.co\/efi-json\/wp\/v2\/categories?post=1298"},{"taxonomy":"post_tag","embeddable":true,"href":"https:\/\/www.efigas.com.co\/efi-json\/wp\/v2\/tags?post=1298"}],"curies":[{"name":"wp","href":"https:\/\/api.w.org\/{rel}","templated":true}]}}