{"id":857,"date":"2023-12-27T19:55:48","date_gmt":"2023-12-28T00:55:48","guid":{"rendered":"http:\/\/172.26.3.13\/?page_id=857"},"modified":"2025-11-10T09:43:20","modified_gmt":"2025-11-10T14:43:20","slug":"efigas-te-da-mas-por-tu-bienestar","status":"publish","type":"page","link":"https:\/\/www.efigas.com.co\/efigas-te-da-mas-por-tu-bienestar\/","title":{"rendered":"Efigas te da m\u00e1s por tu bienestar"},"content":{"rendered":"\t\t<div data-elementor-type=\"efi-page\" data-elementor-id=\"857\" class=\"elementor elementor-857\" data-elementor-settings=\"{&quot;ha_cmc_init_switcher&quot;:&quot;no&quot;}\" data-elementor-post-type=\"page\">\n\t\t\t\t<div class=\"elementor-element elementor-element-c02b125 e-flex e-con-boxed e-con e-parent\" data-id=\"c02b125\" data-element_type=\"container\" data-settings=\"{&quot;_ha_eqh_enable&quot;:false}\">\n\t\t\t\t\t<div class=\"e-con-inner\">\n\t\t\t\t<div class=\"elementor-element elementor-element-384cd0e elementor-widget elementor-widget-text-editor\" data-id=\"384cd0e\" data-element_type=\"widget\" data-widget_type=\"text-editor.default\">\n\t\t\t\t<div class=\"elementor-widget-container\">\n\t\t\t\t\t\t\t\t\t<p>Beneficios y m\u00e1s calidad de vida para usuarios de estratos 1 y 2:<\/p><p>Descuento del 10% del valor total facturado incluyendo todo lo relacionado con consumo, cuotas de Brilla, conexiones, servicios adicionales y otros durante los meses de abril y mayo del a\u00f1o 2020, siempre y cuando realicen el pago de manera oportuna, de acuerdo con la fecha de vencimiento de la factura. Este descuento ser\u00e1 aplicado en la siguiente factura emitida.<\/p><p>En caso de no poder realizar el pago de las facturas de abril y mayo, la empresa decidi\u00f3 ampliar el alivio establecido en la Resoluci\u00f3n CREG (Comisi\u00f3n de Regulaci\u00f3n de Energ\u00eda y Gas) 059 de 2020, para lo cual diferir\u00e1 el valor total de la factura de consumo, cuotas de Brilla, cargo por conexi\u00f3n, servicios adicionales y otros a 36 meses sin ning\u00fan tipo de inter\u00e9s de financiaci\u00f3n.<\/p><p>El diferido tendr\u00e1 un periodo de gracia hasta el 31 de julio del presente a\u00f1o, es decir, de dos meses para los conceptos de consumo; para los dem\u00e1s, como cuotas de Brilla, cargo por conexi\u00f3n, servicios adicionales y otros, se aplicar\u00e1 un periodo de gracia de un mes.<\/p><p>Si tienes facturas pendientes de febrero y marzo y realizas el pago total de lo adeudado hasta la fecha, se har\u00e1 un descuento del 10%. Si no, se aplicar\u00e1 el diferido autom\u00e1ticamente a 36 meses.<\/p><p>Oportunidades de alivio para los usuarios de estratos 3 y 4<\/p><p>En caso de no poder realizar el pago de las facturas de abril y mayo, Efigas decidi\u00f3 ampliar el alivio establecido en la Resoluci\u00f3n CREG (Comisi\u00f3n de Regulaci\u00f3n de Energ\u00eda y Gas) 059 de 2020, para lo cual diferir\u00e1 el valor total de la factura, no solo del concepto de consumo, sino tambi\u00e9n las cuotas de Brilla, cargo por conexi\u00f3n, servicios adicionales y otros a 24 meses.<\/p><p>Para lo mencionado en lo que se refiere a consumo y cargo fijo, de conformidad con la resoluci\u00f3n CREG (Comisi\u00f3n de Regulaci\u00f3n de Energ\u00eda y Gas) 059 se aplicar\u00e1 una tasa de financiaci\u00f3n para estos estratos.<\/p><p>Para diferir otros servicios como Brilla, cargo por conexi\u00f3n, servicios adicionales y otros no se aplicar\u00e1 tasa de inter\u00e9s alguna.<\/p><p>El diferimiento mencionado anteriormente tendr\u00e1 un periodo de gracia hasta el 31 de julio para los conceptos de consumo y cargo fijo; para los dem\u00e1s conceptos como cuotas Brilla, cargo por conexi\u00f3n, servicios adicionales y otros, se aplicar\u00e1 un periodo de gracia de 1 mes.<\/p><p>Si tienes facturas pendientes de pago de febrero y marzo, se podr\u00e1n diferir autom\u00e1ticamente a 24 meses.<\/p><p>Medidas estratos 5, 6 y usuarios no residenciales, como comercio e industria regulada<\/p><p>Aplicaci\u00f3n a lo definido en la resoluci\u00f3n CREG (Comisi\u00f3n de Regulaci\u00f3n de Energ\u00eda y Gas) 059 de 2020 y acuerdos de pago para aquellos usuarios que, al no realizarlos dentro de las fechas establecidas, entrar\u00e1n en causal de suspensi\u00f3n del servicio con la tasa de financiaci\u00f3n definida sobre el concepto de consumo y cargo fijo.<\/p><p>La compa\u00f1\u00eda tambi\u00e9n dise\u00f1\u00f3 un plan de negociaci\u00f3n diferencial y personalizado para estos mercados.<\/p><p>Si tienes inquietudes, puedes ingresar a nuestro chat en la l\u00ednea <a href=\"https:\/\/clientes.efigas.com.co\/\" target=\"_blank\" rel=\"noopener\">https:\/\/clientes.efigas.com.co\/<\/a>\u00a0 o llamar al 6068983222. Emergencias 164.<\/p><p>Para ti, ah\u00ed siempre, d\u00e1ndote m\u00e1s por tu bienestar a trav\u00e9s de un servicio continuo, seguro y competitivo.\u00a0<\/p>\t\t\t\t\t\t\t\t<\/div>\n\t\t\t\t<\/div>\n\t\t\t\t\t<\/div>\n\t\t\t\t<\/div>\n\t\t\t\t<\/div>\n\t\t","protected":false},"excerpt":{"rendered":"<p>Beneficios y m\u00e1s calidad de vida para usuarios de estratos 1 y 2: Descuento del 10% del valor total facturado incluyendo todo lo relacionado con consumo, cuotas de Brilla, conexiones, servicios adicionales y otros durante los meses de abril y mayo del a\u00f1o 2020, siempre y cuando realicen el pago de manera oportuna, de acuerdo [&hellip;]<\/p>\n","protected":false},"author":1,"featured_media":0,"parent":0,"menu_order":0,"comment_status":"closed","ping_status":"closed","template":"","meta":{"inline_featured_image":false,"footnotes":""},"categories":[96],"tags":[],"class_list":["post-857","page","type-page","status-publish","hentry","category-nuestros-usuarios"],"yoast_head":"\n<title>Efigas te da m\u00e1s por tu bienestar - Efigas S.A. E.S.P.<\/title>\n<meta name=\"robots\" content=\"index, follow, max-snippet:-1, max-image-preview:large, max-video-preview:-1\" \/>\n<link rel=\"canonical\" href=\"https:\/\/www.efigas.com.co\/efigas-te-da-mas-por-tu-bienestar\/\" \/>\n<meta property=\"og:locale\" content=\"es_ES\" \/>\n<meta property=\"og:type\" content=\"article\" \/>\n<meta property=\"og:title\" content=\"Efigas te da m\u00e1s por tu bienestar - Efigas S.A. E.S.P.\" \/>\n<meta property=\"og:description\" content=\"Beneficios y m\u00e1s calidad de vida para usuarios de estratos 1 y 2: Descuento del 10% del valor total facturado incluyendo todo lo relacionado con consumo, cuotas de Brilla, conexiones, servicios adicionales y otros durante los meses de abril y mayo del a\u00f1o 2020, siempre y cuando realicen el pago de manera oportuna, de acuerdo [&hellip;]\" \/>\n<meta property=\"og:url\" content=\"https:\/\/www.efigas.com.co\/efigas-te-da-mas-por-tu-bienestar\/\" \/>\n<meta property=\"og:site_name\" content=\"Efigas S.A. E.S.P.\" \/>\n<meta property=\"article:publisher\" content=\"https:\/\/www.facebook.com\/efigasoficial\/\" \/>\n<meta property=\"article:modified_time\" content=\"2025-11-10T14:43:20+00:00\" \/>\n<meta property=\"og:image\" content=\"https:\/\/www.efigas.com.co\/ef_resources\/2024\/02\/banner-sostenibilidad-febrero.jpg\" \/>\n\t<meta property=\"og:image:width\" content=\"2480\" \/>\n\t<meta property=\"og:image:height\" content=\"1240\" \/>\n\t<meta property=\"og:image:type\" content=\"image\/jpeg\" \/>\n<meta name=\"twitter:card\" content=\"summary_large_image\" \/>\n<meta name=\"twitter:site\" content=\"@efigas_oficial\" \/>\n<script type=\"application\/ld+json\" class=\"efiseo-schema-graph\">{\"@context\":\"https:\/\/schema.org\",\"@graph\":[{\"@type\":\"WebPage\",\"@id\":\"https:\/\/www.efigas.com.co\/efigas-te-da-mas-por-tu-bienestar\/\",\"url\":\"https:\/\/www.efigas.com.co\/efigas-te-da-mas-por-tu-bienestar\/\",\"name\":\"Efigas te da m\u00e1s por tu bienestar - Efigas S.A. E.S.P.\",\"isPartOf\":{\"@id\":\"https:\/\/www.efigas.com.co\/#website\"},\"datePublished\":\"2023-12-28T00:55:48+00:00\",\"dateModified\":\"2025-11-10T14:43:20+00:00\",\"breadcrumb\":{\"@id\":\"https:\/\/www.efigas.com.co\/efigas-te-da-mas-por-tu-bienestar\/#breadcrumb\"},\"inLanguage\":\"es\",\"potentialAction\":[{\"@type\":\"ReadAction\",\"target\":[\"https:\/\/www.efigas.com.co\/efigas-te-da-mas-por-tu-bienestar\/\"]}]},{\"@type\":\"BreadcrumbList\",\"@id\":\"https:\/\/www.efigas.com.co\/efigas-te-da-mas-por-tu-bienestar\/#breadcrumb\",\"itemListElement\":[{\"@type\":\"ListItem\",\"position\":1,\"name\":\"Inicio\",\"item\":\"https:\/\/www.efigas.com.co\/\"},{\"@type\":\"ListItem\",\"position\":2,\"name\":\"Efigas te da m\u00e1s por tu bienestar\"}]},{\"@type\":\"WebSite\",\"@id\":\"https:\/\/www.efigas.com.co\/#website\",\"url\":\"https:\/\/www.efigas.com.co\/\",\"name\":\"Efigas S.A. E.S.P.\",\"description\":\"Distribuidora de gas natural en el eje cafetero, Caldas, Quind\u00edo, Risaralda, servicio de   instalaci\u00f3n y reparaci\u00f3n de estufas de gas, cambio de   medidores de gas   natural, construcci\u00f3n de redes de gas natural, servicio de instalaci\u00f3n y reparaci\u00f3n de   calentadores de gas, servicio de Revisi\u00f3n T\u00e9cnica Reglamentaria.\",\"publisher\":{\"@id\":\"https:\/\/www.efigas.com.co\/#organization\"},\"alternateName\":\"Efigas\",\"potentialAction\":[{\"@type\":\"SearchAction\",\"target\":{\"@type\":\"EntryPoint\",\"urlTemplate\":\"https:\/\/www.efigas.com.co\/?s={search_term_string}\"},\"query-input\":{\"@type\":\"PropertyValueSpecification\",\"valueRequired\":true,\"valueName\":\"search_term_string\"}}],\"inLanguage\":\"es\"},{\"@type\":\"Organization\",\"@id\":\"https:\/\/www.efigas.com.co\/#organization\",\"name\":\"Efigas S.A. E.S.P.\",\"alternateName\":\"Efigas\",\"url\":\"https:\/\/www.efigas.com.co\/\",\"logo\":{\"@type\":\"ImageObject\",\"inLanguage\":\"es\",\"@id\":\"https:\/\/www.efigas.com.co\/#\/schema\/logo\/image\/\",\"url\":\"https:\/\/www.efigas.com.co\/ef_resources\/2023\/12\/logo-efigas-negativo.svg\",\"contentUrl\":\"https:\/\/www.efigas.com.co\/ef_resources\/2023\/12\/logo-efigas-negativo.svg\",\"width\":225,\"height\":123,\"caption\":\"Efigas S.A. E.S.P.\"},\"image\":{\"@id\":\"https:\/\/www.efigas.com.co\/#\/schema\/logo\/image\/\"},\"sameAs\":[\"https:\/\/www.facebook.com\/efigasoficial\/\",\"https:\/\/x.com\/efigas_oficial\",\"https:\/\/www.linkedin.com\/company\/efigas\/\"]}]}<\/script>\n","yoast_head_json":{"title":"Efigas te da m\u00e1s por tu bienestar - Efigas S.A. E.S.P.","robots":{"index":"index","follow":"follow","max-snippet":"max-snippet:-1","max-image-preview":"max-image-preview:large","max-video-preview":"max-video-preview:-1"},"canonical":"https:\/\/www.efigas.com.co\/efigas-te-da-mas-por-tu-bienestar\/","og_locale":"es_ES","og_type":"article","og_title":"Efigas te da m\u00e1s por tu bienestar - Efigas S.A. E.S.P.","og_description":"Beneficios y m\u00e1s calidad de vida para usuarios de estratos 1 y 2: Descuento del 10% del valor total facturado incluyendo todo lo relacionado con consumo, cuotas de Brilla, conexiones, servicios adicionales y otros durante los meses de abril y mayo del a\u00f1o 2020, siempre y cuando realicen el pago de manera oportuna, de acuerdo [&hellip;]","og_url":"https:\/\/www.efigas.com.co\/efigas-te-da-mas-por-tu-bienestar\/","og_site_name":"Efigas S.A. E.S.P.","article_publisher":"https:\/\/www.facebook.com\/efigasoficial\/","article_modified_time":"2025-11-10T14:43:20+00:00","og_image":[{"width":2480,"height":1240,"url":"https:\/\/www.efigas.com.co\/ef_resources\/2024\/02\/banner-sostenibilidad-febrero.jpg","type":"image\/jpeg"}],"twitter_card":"summary_large_image","twitter_site":"@efigas_oficial","schema":{"@context":"https:\/\/schema.org","@graph":[{"@type":"WebPage","@id":"https:\/\/www.efigas.com.co\/efigas-te-da-mas-por-tu-bienestar\/","url":"https:\/\/www.efigas.com.co\/efigas-te-da-mas-por-tu-bienestar\/","name":"Efigas te da m\u00e1s por tu bienestar - Efigas S.A. E.S.P.","isPartOf":{"@id":"https:\/\/www.efigas.com.co\/#website"},"datePublished":"2023-12-28T00:55:48+00:00","dateModified":"2025-11-10T14:43:20+00:00","breadcrumb":{"@id":"https:\/\/www.efigas.com.co\/efigas-te-da-mas-por-tu-bienestar\/#breadcrumb"},"inLanguage":"es","potentialAction":[{"@type":"ReadAction","target":["https:\/\/www.efigas.com.co\/efigas-te-da-mas-por-tu-bienestar\/"]}]},{"@type":"BreadcrumbList","@id":"https:\/\/www.efigas.com.co\/efigas-te-da-mas-por-tu-bienestar\/#breadcrumb","itemListElement":[{"@type":"ListItem","position":1,"name":"Inicio","item":"https:\/\/www.efigas.com.co\/"},{"@type":"ListItem","position":2,"name":"Efigas te da m\u00e1s por tu bienestar"}]},{"@type":"WebSite","@id":"https:\/\/www.efigas.com.co\/#website","url":"https:\/\/www.efigas.com.co\/","name":"Efigas S.A. E.S.P.","description":"Distribuidora de gas natural en el eje cafetero, Caldas, Quind\u00edo, Risaralda, servicio de   instalaci\u00f3n y reparaci\u00f3n de estufas de gas, cambio de   medidores de gas   natural, construcci\u00f3n de redes de gas natural, servicio de instalaci\u00f3n y reparaci\u00f3n de   calentadores de gas, servicio de Revisi\u00f3n T\u00e9cnica Reglamentaria.","publisher":{"@id":"https:\/\/www.efigas.com.co\/#organization"},"alternateName":"Efigas","potentialAction":[{"@type":"SearchAction","target":{"@type":"EntryPoint","urlTemplate":"https:\/\/www.efigas.com.co\/?s={search_term_string}"},"query-input":{"@type":"PropertyValueSpecification","valueRequired":true,"valueName":"search_term_string"}}],"inLanguage":"es"},{"@type":"Organization","@id":"https:\/\/www.efigas.com.co\/#organization","name":"Efigas S.A. E.S.P.","alternateName":"Efigas","url":"https:\/\/www.efigas.com.co\/","logo":{"@type":"ImageObject","inLanguage":"es","@id":"https:\/\/www.efigas.com.co\/#\/schema\/logo\/image\/","url":"https:\/\/www.efigas.com.co\/ef_resources\/2023\/12\/logo-efigas-negativo.svg","contentUrl":"https:\/\/www.efigas.com.co\/ef_resources\/2023\/12\/logo-efigas-negativo.svg","width":225,"height":123,"caption":"Efigas S.A. E.S.P."},"image":{"@id":"https:\/\/www.efigas.com.co\/#\/schema\/logo\/image\/"},"sameAs":["https:\/\/www.facebook.com\/efigasoficial\/","https:\/\/x.com\/efigas_oficial","https:\/\/www.linkedin.com\/company\/efigas\/"]}]}},"_links":{"self":[{"href":"https:\/\/www.efigas.com.co\/efi-json\/wp\/v2\/pages\/857","targetHints":{"allow":["GET"]}}],"collection":[{"href":"https:\/\/www.efigas.com.co\/efi-json\/wp\/v2\/pages"}],"about":[{"href":"https:\/\/www.efigas.com.co\/efi-json\/wp\/v2\/types\/page"}],"author":[{"embeddable":true,"href":"https:\/\/www.efigas.com.co\/efi-json\/wp\/v2\/users\/1"}],"replies":[{"embeddable":true,"href":"https:\/\/www.efigas.com.co\/efi-json\/wp\/v2\/comments?post=857"}],"version-history":[{"count":14,"href":"https:\/\/www.efigas.com.co\/efi-json\/wp\/v2\/pages\/857\/revisions"}],"predecessor-version":[{"id":11036,"href":"https:\/\/www.efigas.com.co\/efi-json\/wp\/v2\/pages\/857\/revisions\/11036"}],"wp:attachment":[{"href":"https:\/\/www.efigas.com.co\/efi-json\/wp\/v2\/media?parent=857"}],"wp:term":[{"taxonomy":"category","embeddable":true,"href":"https:\/\/www.efigas.com.co\/efi-json\/wp\/v2\/categories?post=857"},{"taxonomy":"post_tag","embeddable":true,"href":"https:\/\/www.efigas.com.co\/efi-json\/wp\/v2\/tags?post=857"}],"curies":[{"name":"wp","href":"https:\/\/api.w.org\/{rel}","templated":true}]}}