{"id":863,"date":"2023-12-27T20:00:09","date_gmt":"2023-12-28T01:00:09","guid":{"rendered":"http:\/\/172.26.3.13\/?page_id=863"},"modified":"2026-03-02T11:02:08","modified_gmt":"2026-03-02T16:02:08","slug":"atencion-al-cliente-efigas","status":"publish","type":"page","link":"https:\/\/www.efigas.com.co\/atencion-al-cliente-efigas\/","title":{"rendered":"Atenci\u00f3n al cliente Efigas"},"content":{"rendered":"\t\t<div data-elementor-type=\"efi-page\" data-elementor-id=\"863\" class=\"elementor elementor-863\" data-elementor-settings=\"{&quot;ha_cmc_init_switcher&quot;:&quot;no&quot;}\" data-elementor-post-type=\"page\">\n\t\t\t\t<div class=\"elementor-element elementor-element-41f6c24 e-flex e-con-boxed e-con e-parent\" data-id=\"41f6c24\" data-element_type=\"container\" data-settings=\"{&quot;_ha_eqh_enable&quot;:false}\">\n\t\t\t\t\t<div class=\"e-con-inner\">\n\t\t<div class=\"elementor-element elementor-element-c34d214 e-con-full e-flex e-con e-child\" data-id=\"c34d214\" data-element_type=\"container\" data-settings=\"{&quot;_ha_eqh_enable&quot;:false}\">\n\t\t\t\t<div class=\"elementor-element elementor-element-384cd0e elementor-widget elementor-widget-text-editor\" data-id=\"384cd0e\" data-element_type=\"widget\" data-widget_type=\"text-editor.default\">\n\t\t\t\t<div class=\"elementor-widget-container\">\n\t\t\t\t\t\t\t\t\t<h2>Servicio al cliente<\/h2><p><span style=\"font-weight: 400;\">Comprometidos con la excelencia en el servicio, contamos con 32 puntos de atenci\u00f3n distribuidos en las zonas de cobertura. Pensamos en la comodidad y bienestar de nuestros usuarios, por lo que nuestros asesores est\u00e1n preparados para brindar una atenci\u00f3n de calidad, \u00e1gil, clara y oportuna.<\/span><\/p>\t\t\t\t\t\t\t\t<\/div>\n\t\t\t\t<\/div>\n\t\t\t\t<\/div>\n\t\t\t\t\t<\/div>\n\t\t\t\t<\/div>\n\t\t<div class=\"elementor-element elementor-element-dda4362 e-flex e-con-boxed e-con e-parent\" data-id=\"dda4362\" data-element_type=\"container\" data-settings=\"{&quot;_ha_eqh_enable&quot;:false}\">\n\t\t\t\t\t<div class=\"e-con-inner\">\n\t\t<div class=\"elementor-element elementor-element-f0f6713 e-con-full e-flex e-con e-child\" data-id=\"f0f6713\" data-element_type=\"container\" data-settings=\"{&quot;_ha_eqh_enable&quot;:false}\">\n\t\t\t\t<div class=\"elementor-element elementor-element-8003c82 elementor-widget elementor-widget-heading\" data-id=\"8003c82\" data-element_type=\"widget\" data-widget_type=\"heading.default\">\n\t\t\t\t<div class=\"elementor-widget-container\">\n\t\t\t\t\t<h2 class=\"elementor-heading-title elementor-size-default\">Callcenter<\/h2>\t\t\t\t<\/div>\n\t\t\t\t<\/div>\n\t\t\t\t<div class=\"elementor-element elementor-element-0d74ee4 elementor-widget elementor-widget-text-editor\" data-id=\"0d74ee4\" data-element_type=\"widget\" data-widget_type=\"text-editor.default\">\n\t\t\t\t<div class=\"elementor-widget-container\">\n\t\t\t\t\t\t\t\t\t<p><strong>L\u00ednea telef\u00f3nica: 606 898 3222\u00a0<\/strong><\/p><p><strong>Horario de atenci\u00f3n:\u00a0<\/strong><span style=\"text-align: var(--text-align); color: var( --e-global-color-text ); font-family: var( --e-global-typography-text-font-family ), Sans-serif; font-size: var( --e-global-typography-text-font-size ); font-weight: var( --e-global-typography-text-font-weight ); background-color: var( --e-global-color-38cccd0 );\">lunes a s\u00e1bado de 7:00 a.m. a 7:00 p.m.<\/span><\/p><p><span style=\"font-weight: 400;\"><strong>L\u00ednea de WhatsApp:<\/strong> 323 471 0933<\/span><\/p><h3 style=\"text-align: center;\"><span style=\"text-align: start;\">L\u00ednea de emergencias <strong>164<\/strong> est\u00e1 disponible 24 horas 7 d\u00edas a la semana para tu seguridad.<\/span><\/h3><h3 style=\"text-align: center;\"><span style=\"background-color: #f8fafd; text-align: start; color: #656f80; font-family: Montserrat, sans-serif; font-size: 16px;\">En todas estas oficinas est\u00e1n dispuestos sistemas de informaci\u00f3n s\u00f3lidos y confiables y la actualizaci\u00f3n tecnol\u00f3gica permanente tanto en equipos como en capacitaci\u00f3n del personal.<\/span><\/h3>\t\t\t\t\t\t\t\t<\/div>\n\t\t\t\t<\/div>\n\t\t\t\t<\/div>\n\t\t<div class=\"elementor-element elementor-element-64556a9 e-con-full e-flex e-con e-child\" data-id=\"64556a9\" data-element_type=\"container\" data-settings=\"{&quot;_ha_eqh_enable&quot;:false}\">\n\t\t\t\t<div class=\"elementor-element elementor-element-3102917 elementor-widget elementor-widget-heading\" data-id=\"3102917\" data-element_type=\"widget\" data-widget_type=\"heading.default\">\n\t\t\t\t<div class=\"elementor-widget-container\">\n\t\t\t\t\t<h2 class=\"elementor-heading-title elementor-size-default\">Oficinas de atenci\u00f3n al cliente presencial<\/h2>\t\t\t\t<\/div>\n\t\t\t\t<\/div>\n\t\t\t\t<div class=\"elementor-element elementor-element-da877a1 elementor-widget elementor-widget-text-editor\" data-id=\"da877a1\" data-element_type=\"widget\" data-widget_type=\"text-editor.default\">\n\t\t\t\t<div class=\"elementor-widget-container\">\n\t\t\t\t\t\t\t\t\t<p><strong>Sede Efigas Manizales<\/strong> (Caldas): +57 606 898 23 23<\/p><p><strong>Sede Efigas Armenia<\/strong> (Quind\u00edo): +57 606 736 89 50<\/p><p><strong>Sede Efigas Pereira<\/strong> (Risaralda): +57 606 351 53 51<\/p><p><strong>Horarios de atenci\u00f3n: <\/strong><\/p><p>lunes a viernes de 8:00 a.m. a 4:30 p.m. Jornada continua<\/p>\t\t\t\t\t\t\t\t<\/div>\n\t\t\t\t<\/div>\n\t\t\t\t<\/div>\n\t\t<div class=\"elementor-element elementor-element-5136698 e-con-full e-flex e-con e-child\" data-id=\"5136698\" data-element_type=\"container\" data-settings=\"{&quot;_ha_eqh_enable&quot;:false}\">\n\t\t\t\t<div class=\"elementor-element elementor-element-0dd4e52 elementor-widget elementor-widget-heading\" data-id=\"0dd4e52\" data-element_type=\"widget\" data-widget_type=\"heading.default\">\n\t\t\t\t<div class=\"elementor-widget-container\">\n\t\t\t\t\t<h2 class=\"elementor-heading-title elementor-size-default\">Reportes de emergencias<\/h2>\t\t\t\t<\/div>\n\t\t\t\t<\/div>\n\t\t\t\t<div class=\"elementor-element elementor-element-2507b12 elementor-widget elementor-widget-text-editor\" data-id=\"2507b12\" data-element_type=\"widget\" data-widget_type=\"text-editor.default\">\n\t\t\t\t<div class=\"elementor-widget-container\">\n\t\t\t\t\t\t\t\t\t<p>Desde cualquier celular o tel\u00e9fono fijo l\u00ednea 164<\/p>\n<p>Horario de atenci\u00f3n (24\/7) 24 horas los 7 d\u00edas de la semana<\/p>\n<p>Conoce d\u00f3nde est\u00e1n nuestros centros de Atenci\u00f3n SAC (Sistema de Atenci\u00f3n al Ciudadano)<\/p>\n<p><strong>Manizales<\/strong>: sobre la Avenida Kevin \u00c1ngel No. 70-70, sector San Rafael<\/p>\n<p><strong>Pereira<\/strong>: sobre la Avenida 30 de agosto No.32B-41<\/p>\n<p><strong>Armenia<\/strong>: Calle 15 Norte No.12-34<\/p>\t\t\t\t\t\t\t\t<\/div>\n\t\t\t\t<\/div>\n\t\t\t\t<\/div>\n\t\t\t\t\t<\/div>\n\t\t\t\t<\/div>\n\t\t<div class=\"elementor-element elementor-element-f38a556 e-flex e-con-boxed e-con e-parent\" data-id=\"f38a556\" data-element_type=\"container\" data-settings=\"{&quot;_ha_eqh_enable&quot;:false}\">\n\t\t\t\t\t<div class=\"e-con-inner\">\n\t\t\t\t<div class=\"elementor-element elementor-element-19066b4 elementor-widget elementor-widget-n-accordion\" data-id=\"19066b4\" data-element_type=\"widget\" data-settings=\"{&quot;default_state&quot;:&quot;all_collapsed&quot;,&quot;max_items_expended&quot;:&quot;one&quot;,&quot;n_accordion_animation_duration&quot;:{&quot;unit&quot;:&quot;ms&quot;,&quot;size&quot;:400,&quot;sizes&quot;:[]}}\" data-widget_type=\"nested-accordion.default\">\n\t\t\t\t<div class=\"elementor-widget-container\">\n\t\t\t\t\t\t\t<div class=\"e-n-accordion\" aria-label=\"Accordion. Open links with Enter or Space, close with Escape, and navigate with Arrow Keys\">\n\t\t\t\t\t\t<details id=\"e-n-accordion-item-2620\" class=\"e-n-accordion-item\" >\n\t\t\t\t<summary class=\"e-n-accordion-item-title\" data-accordion-index=\"1\" tabindex=\"0\" aria-expanded=\"false\" aria-controls=\"e-n-accordion-item-2620\" >\n\t\t\t\t\t<span class='e-n-accordion-item-title-header'><div class=\"e-n-accordion-item-title-text\"> Efigas Caldas <\/div><\/span>\n\t\t\t\t\t\t\t<span class='e-n-accordion-item-title-icon'>\n\t\t\t<span class='e-opened' ><svg aria-hidden=\"true\" class=\"e-font-icon-svg e-fas-minus\" viewBox=\"0 0 448 512\" xmlns=\"http:\/\/www.w3.org\/2000\/svg\"><path d=\"M416 208H32c-17.67 0-32 14.33-32 32v32c0 17.67 14.33 32 32 32h384c17.67 0 32-14.33 32-32v-32c0-17.67-14.33-32-32-32z\"><\/path><\/svg><\/span>\n\t\t\t<span class='e-closed'><svg aria-hidden=\"true\" class=\"e-font-icon-svg e-fas-plus\" viewBox=\"0 0 448 512\" xmlns=\"http:\/\/www.w3.org\/2000\/svg\"><path d=\"M416 208H272V64c0-17.67-14.33-32-32-32h-32c-17.67 0-32 14.33-32 32v144H32c-17.67 0-32 14.33-32 32v32c0 17.67 14.33 32 32 32h144v144c0 17.67 14.33 32 32 32h32c17.67 0 32-14.33 32-32V304h144c17.67 0 32-14.33 32-32v-32c0-17.67-14.33-32-32-32z\"><\/path><\/svg><\/span>\n\t\t<\/span>\n\n\t\t\t\t\t\t<\/summary>\n\t\t\t\t<div role=\"region\" aria-labelledby=\"e-n-accordion-item-2620\" class=\"elementor-element elementor-element-89be70d e-con-full e-flex e-con e-child\" data-id=\"89be70d\" data-element_type=\"container\" data-settings=\"{&quot;_ha_eqh_enable&quot;:false}\">\n\t\t\t\t<div class=\"elementor-element elementor-element-57222f3 elementor-widget elementor-widget-text-editor\" data-id=\"57222f3\" data-element_type=\"widget\" data-widget_type=\"text-editor.default\">\n\t\t\t\t<div class=\"elementor-widget-container\">\n\t\t\t\t\t\t\t\t\t<p><strong>CIAC<\/strong>: Carrera 21 No. 29-29, Edificio de Infimanizales, piso 1<\/p><p><strong>Manizales<\/strong>: Avenida Kevin \u00c1ngel No.70-70<\/p><p><strong>Chinchin\u00e1<\/strong>: Calle 12 No.8-54, local 101<\/p><p><strong>Neira<\/strong>: Carrera 10 No.8-24, Centro Comercial El Roble, L-12<\/p><p><strong>Palestina<\/strong>: Calle 7 No.6-31 &#8211; Estaci\u00f3n de bomberos<\/p><p><strong>Villamar\u00eda<\/strong>: Carrera 6 No.8-69<\/p><p><strong>Arauca<\/strong>: Carrera 3 No.7\u201314<\/p><p><strong>Anserma<\/strong>: Calle 13 No.3-15<\/p><p><strong>Belalc\u00e1zar<\/strong>: Carrera 4 No.19 \u2013 20<\/p><p><strong>Riosucio<\/strong>: Calle 6 No.7-23<\/p><p><strong>Risaralda<\/strong>: Carrera 3 No.7 \u2013 20<\/p><p><strong>San Jos\u00e9<\/strong>: Estaci\u00f3n Bomberos Cra 2 Cll \u00a01 &#8211; 113 sector La Cruz<\/p><p><strong>Sup\u00eda<\/strong>: Carrera 6 \u2013 Calle 33 \u2013 29, local 1<\/p><p><strong>Viterbo<\/strong>: Calle 8, carrera 8, esquina &#8211; Edificio Sorrento.<\/p>\t\t\t\t\t\t\t\t<\/div>\n\t\t\t\t<\/div>\n\t\t\t\t<\/div>\n\t\t\t\t\t<\/details>\n\t\t\t\t\t\t<details id=\"e-n-accordion-item-2621\" class=\"e-n-accordion-item\" >\n\t\t\t\t<summary class=\"e-n-accordion-item-title\" data-accordion-index=\"2\" tabindex=\"-1\" aria-expanded=\"false\" aria-controls=\"e-n-accordion-item-2621\" >\n\t\t\t\t\t<span class='e-n-accordion-item-title-header'><div class=\"e-n-accordion-item-title-text\"> Efigas Quind\u00edo <\/div><\/span>\n\t\t\t\t\t\t\t<span class='e-n-accordion-item-title-icon'>\n\t\t\t<span class='e-opened' ><svg aria-hidden=\"true\" class=\"e-font-icon-svg e-fas-minus\" viewBox=\"0 0 448 512\" xmlns=\"http:\/\/www.w3.org\/2000\/svg\"><path d=\"M416 208H32c-17.67 0-32 14.33-32 32v32c0 17.67 14.33 32 32 32h384c17.67 0 32-14.33 32-32v-32c0-17.67-14.33-32-32-32z\"><\/path><\/svg><\/span>\n\t\t\t<span class='e-closed'><svg aria-hidden=\"true\" class=\"e-font-icon-svg e-fas-plus\" viewBox=\"0 0 448 512\" xmlns=\"http:\/\/www.w3.org\/2000\/svg\"><path d=\"M416 208H272V64c0-17.67-14.33-32-32-32h-32c-17.67 0-32 14.33-32 32v144H32c-17.67 0-32 14.33-32 32v32c0 17.67 14.33 32 32 32h144v144c0 17.67 14.33 32 32 32h32c17.67 0 32-14.33 32-32V304h144c17.67 0 32-14.33 32-32v-32c0-17.67-14.33-32-32-32z\"><\/path><\/svg><\/span>\n\t\t<\/span>\n\n\t\t\t\t\t\t<\/summary>\n\t\t\t\t<div role=\"region\" aria-labelledby=\"e-n-accordion-item-2621\" class=\"elementor-element elementor-element-463a5fa e-con-full e-flex e-con e-child\" data-id=\"463a5fa\" data-element_type=\"container\" data-settings=\"{&quot;_ha_eqh_enable&quot;:false}\">\n\t\t\t\t<div class=\"elementor-element elementor-element-c7d6dab elementor-widget elementor-widget-text-editor\" data-id=\"c7d6dab\" data-element_type=\"widget\" data-widget_type=\"text-editor.default\">\n\t\t\t\t<div class=\"elementor-widget-container\">\n\t\t\t\t\t\t\t\t\t<p><strong>Armenia<\/strong>: Calle 15 Norte No.12-34<\/p><p><strong>Circasia<\/strong>: Calle 6 No.11-53 Edificio San Jos\u00e9<\/p><p><strong>La Tebaida<\/strong>: Carrera 6 No.11-72<\/p><p><strong>Montenegro<\/strong>: Carrera 5, calle 13, esquina<\/p><p><strong>Quimbaya<\/strong>: Carrera 6, calle 15, esquina<\/p><p><strong>Calarc\u00e1<\/strong>: Carrera 24 No.36-50<\/p><p><strong>Salento<\/strong>: Carrera 3 No.5-09<\/p><p><strong>Filandia<\/strong>: Calle 7 No.4-42<\/p><p><strong>Barcelona<\/strong>: Carrera 11 No.9-48<\/p>\t\t\t\t\t\t\t\t<\/div>\n\t\t\t\t<\/div>\n\t\t\t\t<\/div>\n\t\t\t\t\t<\/details>\n\t\t\t\t\t\t<details id=\"e-n-accordion-item-2622\" class=\"e-n-accordion-item\" >\n\t\t\t\t<summary class=\"e-n-accordion-item-title\" data-accordion-index=\"3\" tabindex=\"-1\" aria-expanded=\"false\" aria-controls=\"e-n-accordion-item-2622\" >\n\t\t\t\t\t<span class='e-n-accordion-item-title-header'><div class=\"e-n-accordion-item-title-text\"> Efigas Risaralda <\/div><\/span>\n\t\t\t\t\t\t\t<span class='e-n-accordion-item-title-icon'>\n\t\t\t<span class='e-opened' ><svg aria-hidden=\"true\" class=\"e-font-icon-svg e-fas-minus\" viewBox=\"0 0 448 512\" xmlns=\"http:\/\/www.w3.org\/2000\/svg\"><path d=\"M416 208H32c-17.67 0-32 14.33-32 32v32c0 17.67 14.33 32 32 32h384c17.67 0 32-14.33 32-32v-32c0-17.67-14.33-32-32-32z\"><\/path><\/svg><\/span>\n\t\t\t<span class='e-closed'><svg aria-hidden=\"true\" class=\"e-font-icon-svg e-fas-plus\" viewBox=\"0 0 448 512\" xmlns=\"http:\/\/www.w3.org\/2000\/svg\"><path d=\"M416 208H272V64c0-17.67-14.33-32-32-32h-32c-17.67 0-32 14.33-32 32v144H32c-17.67 0-32 14.33-32 32v32c0 17.67 14.33 32 32 32h144v144c0 17.67 14.33 32 32 32h32c17.67 0 32-14.33 32-32V304h144c17.67 0 32-14.33 32-32v-32c0-17.67-14.33-32-32-32z\"><\/path><\/svg><\/span>\n\t\t<\/span>\n\n\t\t\t\t\t\t<\/summary>\n\t\t\t\t<div role=\"region\" aria-labelledby=\"e-n-accordion-item-2622\" class=\"elementor-element elementor-element-4f595b0 e-con-full e-flex e-con e-child\" data-id=\"4f595b0\" data-element_type=\"container\" data-settings=\"{&quot;_ha_eqh_enable&quot;:false}\">\n\t\t\t\t<div class=\"elementor-element elementor-element-f7858c8 elementor-widget elementor-widget-text-editor\" data-id=\"f7858c8\" data-element_type=\"widget\" data-widget_type=\"text-editor.default\">\n\t\t\t\t<div class=\"elementor-widget-container\">\n\t\t\t\t\t\t\t\t\t<p><strong>Pereira<\/strong>: Avenida 30 de agosto No.32b-41<\/p><p><strong>Dosquebradas<\/strong>: Carrera 16 No.33-25, B\/ Guadalupe<\/p><p><strong>Santa Rosa de Cabal<\/strong>: Carrera 14 No.10-36<\/p><p><strong>La Virginia<\/strong>: Carrera 8 No.6-27<\/p><p><strong>Marsella<\/strong>: Carrera 11 No.9-29<\/p><p><strong>La Celia<\/strong>: Carrera 2 No.2-04, Estaci\u00f3n de bomberos<\/p><p><strong>Balboa<\/strong>: Carrera 4 No.6-36, Estaci\u00f3n de bomberos<\/p><p><strong>Quinch\u00eda<\/strong>: Calle 7 No.7-20<\/p><p><strong>Ap\u00eda<\/strong>: Carrera 8 No.10-55<\/p><p><strong>Bel\u00e9n de Umbr\u00eda<\/strong>: Carrera 9 No 4 &#8211; 68, esquina.<\/p><p><strong>Gu\u00e1tica<\/strong>: Carrera 6 No.9-51<\/p><p><strong>Santuario<\/strong>: Carrera 7 No.6-31<\/p>\t\t\t\t\t\t\t\t<\/div>\n\t\t\t\t<\/div>\n\t\t\t\t<\/div>\n\t\t\t\t\t<\/details>\n\t\t\t\t\t<\/div>\n\t\t\t\t\t\t<\/div>\n\t\t\t\t<\/div>\n\t\t\t\t<div class=\"elementor-element elementor-element-cf7ac77 elementor-widget elementor-widget-sidebar\" data-id=\"cf7ac77\" data-element_type=\"widget\" data-widget_type=\"sidebar.default\">\n\t\t\t\t<div class=\"elementor-widget-container\">\n\t\t\t\t\t<iframe src=\"https:\/\/www.google.com\/maps\/d\/embed?mid=1Z2VDGghmTzm0CwC0OsuVVqOCsTQKgpk&ehbc=2E312F\" width=\"640\" height=\"480\"><\/iframe>\t\t\t\t<\/div>\n\t\t\t\t<\/div>\n\t\t\t\t\t<\/div>\n\t\t\t\t<\/div>\n\t\t\t\t<\/div>\n\t\t","protected":false},"excerpt":{"rendered":"<p>Servicio al cliente Comprometidos con la excelencia en el servicio, contamos con 32 puntos de atenci\u00f3n distribuidos en las zonas de cobertura. Pensamos en la comodidad y bienestar de nuestros usuarios, por lo que nuestros asesores est\u00e1n preparados para brindar una atenci\u00f3n de calidad, \u00e1gil, clara y oportuna. Callcenter L\u00ednea telef\u00f3nica: 606 898 3222\u00a0 Horario [&hellip;]<\/p>\n","protected":false},"author":1,"featured_media":1136,"parent":0,"menu_order":0,"comment_status":"closed","ping_status":"closed","template":"","meta":{"inline_featured_image":false,"footnotes":""},"categories":[96],"tags":[],"class_list":["post-863","page","type-page","status-publish","has-post-thumbnail","hentry","category-nuestros-usuarios"],"yoast_head":"\n<title>Atenci\u00f3n al cliente Efigas - Efigas S.A. E.S.P.<\/title>\n<meta name=\"robots\" content=\"index, follow, max-snippet:-1, max-image-preview:large, max-video-preview:-1\" \/>\n<link rel=\"canonical\" href=\"https:\/\/www.efigas.com.co\/atencion-al-cliente-efigas\/\" \/>\n<meta property=\"og:locale\" content=\"es_ES\" \/>\n<meta property=\"og:type\" content=\"article\" \/>\n<meta property=\"og:title\" content=\"Atenci\u00f3n al cliente Efigas - Efigas S.A. E.S.P.\" \/>\n<meta property=\"og:description\" content=\"Servicio al cliente Comprometidos con la excelencia en el servicio, contamos con 32 puntos de atenci\u00f3n distribuidos en las zonas de cobertura. Pensamos en la comodidad y bienestar de nuestros usuarios, por lo que nuestros asesores est\u00e1n preparados para brindar una atenci\u00f3n de calidad, \u00e1gil, clara y oportuna. Callcenter L\u00ednea telef\u00f3nica: 606 898 3222\u00a0 Horario [&hellip;]\" \/>\n<meta property=\"og:url\" content=\"https:\/\/www.efigas.com.co\/atencion-al-cliente-efigas\/\" \/>\n<meta property=\"og:site_name\" content=\"Efigas S.A. E.S.P.\" \/>\n<meta property=\"article:publisher\" content=\"https:\/\/www.facebook.com\/efigasoficial\/\" \/>\n<meta property=\"article:modified_time\" content=\"2026-03-02T16:02:08+00:00\" \/>\n<meta property=\"og:image\" content=\"https:\/\/www.efigas.com.co\/ef_resources\/2024\/01\/Efigas_60645776.jpg\" \/>\n\t<meta property=\"og:image:width\" content=\"1920\" \/>\n\t<meta property=\"og:image:height\" content=\"1280\" \/>\n\t<meta property=\"og:image:type\" content=\"image\/jpeg\" \/>\n<meta name=\"twitter:card\" content=\"summary_large_image\" \/>\n<meta name=\"twitter:site\" content=\"@efigas_oficial\" \/>\n<script type=\"application\/ld+json\" class=\"efiseo-schema-graph\">{\"@context\":\"https:\/\/schema.org\",\"@graph\":[{\"@type\":\"WebPage\",\"@id\":\"https:\/\/www.efigas.com.co\/atencion-al-cliente-efigas\/\",\"url\":\"https:\/\/www.efigas.com.co\/atencion-al-cliente-efigas\/\",\"name\":\"Atenci\u00f3n al cliente Efigas - Efigas S.A. E.S.P.\",\"isPartOf\":{\"@id\":\"https:\/\/www.efigas.com.co\/#website\"},\"primaryImageOfPage\":{\"@id\":\"https:\/\/www.efigas.com.co\/atencion-al-cliente-efigas\/#primaryimage\"},\"image\":{\"@id\":\"https:\/\/www.efigas.com.co\/atencion-al-cliente-efigas\/#primaryimage\"},\"thumbnailUrl\":\"https:\/\/www.efigas.com.co\/ef_resources\/2024\/01\/Efigas_60645776.jpg\",\"datePublished\":\"2023-12-28T01:00:09+00:00\",\"dateModified\":\"2026-03-02T16:02:08+00:00\",\"breadcrumb\":{\"@id\":\"https:\/\/www.efigas.com.co\/atencion-al-cliente-efigas\/#breadcrumb\"},\"inLanguage\":\"es\",\"potentialAction\":[{\"@type\":\"ReadAction\",\"target\":[\"https:\/\/www.efigas.com.co\/atencion-al-cliente-efigas\/\"]}]},{\"@type\":\"ImageObject\",\"inLanguage\":\"es\",\"@id\":\"https:\/\/www.efigas.com.co\/atencion-al-cliente-efigas\/#primaryimage\",\"url\":\"https:\/\/www.efigas.com.co\/ef_resources\/2024\/01\/Efigas_60645776.jpg\",\"contentUrl\":\"https:\/\/www.efigas.com.co\/ef_resources\/2024\/01\/Efigas_60645776.jpg\",\"width\":1920,\"height\":1280,\"caption\":\"atenci\u00f3n en l\u00ednea de nuestros clientes del servicio p\u00fablico de gas natural en el eje cafetero\"},{\"@type\":\"BreadcrumbList\",\"@id\":\"https:\/\/www.efigas.com.co\/atencion-al-cliente-efigas\/#breadcrumb\",\"itemListElement\":[{\"@type\":\"ListItem\",\"position\":1,\"name\":\"Inicio\",\"item\":\"https:\/\/www.efigas.com.co\/\"},{\"@type\":\"ListItem\",\"position\":2,\"name\":\"Atenci\u00f3n al cliente Efigas\"}]},{\"@type\":\"WebSite\",\"@id\":\"https:\/\/www.efigas.com.co\/#website\",\"url\":\"https:\/\/www.efigas.com.co\/\",\"name\":\"Efigas S.A. E.S.P.\",\"description\":\"Distribuidora de gas natural en el eje cafetero, Caldas, Quind\u00edo, Risaralda, servicio de   instalaci\u00f3n y reparaci\u00f3n de estufas de gas, cambio de   medidores de gas   natural, construcci\u00f3n de redes de gas natural, servicio de instalaci\u00f3n y reparaci\u00f3n de   calentadores de gas, servicio de Revisi\u00f3n T\u00e9cnica Reglamentaria.\",\"publisher\":{\"@id\":\"https:\/\/www.efigas.com.co\/#organization\"},\"alternateName\":\"Efigas\",\"potentialAction\":[{\"@type\":\"SearchAction\",\"target\":{\"@type\":\"EntryPoint\",\"urlTemplate\":\"https:\/\/www.efigas.com.co\/?s={search_term_string}\"},\"query-input\":{\"@type\":\"PropertyValueSpecification\",\"valueRequired\":true,\"valueName\":\"search_term_string\"}}],\"inLanguage\":\"es\"},{\"@type\":\"Organization\",\"@id\":\"https:\/\/www.efigas.com.co\/#organization\",\"name\":\"Efigas S.A. E.S.P.\",\"alternateName\":\"Efigas\",\"url\":\"https:\/\/www.efigas.com.co\/\",\"logo\":{\"@type\":\"ImageObject\",\"inLanguage\":\"es\",\"@id\":\"https:\/\/www.efigas.com.co\/#\/schema\/logo\/image\/\",\"url\":\"https:\/\/www.efigas.com.co\/ef_resources\/2023\/12\/logo-efigas-negativo.svg\",\"contentUrl\":\"https:\/\/www.efigas.com.co\/ef_resources\/2023\/12\/logo-efigas-negativo.svg\",\"width\":225,\"height\":123,\"caption\":\"Efigas S.A. E.S.P.\"},\"image\":{\"@id\":\"https:\/\/www.efigas.com.co\/#\/schema\/logo\/image\/\"},\"sameAs\":[\"https:\/\/www.facebook.com\/efigasoficial\/\",\"https:\/\/x.com\/efigas_oficial\",\"https:\/\/www.linkedin.com\/company\/efigas\/\"]}]}<\/script>\n","yoast_head_json":{"title":"Atenci\u00f3n al cliente Efigas - Efigas S.A. E.S.P.","robots":{"index":"index","follow":"follow","max-snippet":"max-snippet:-1","max-image-preview":"max-image-preview:large","max-video-preview":"max-video-preview:-1"},"canonical":"https:\/\/www.efigas.com.co\/atencion-al-cliente-efigas\/","og_locale":"es_ES","og_type":"article","og_title":"Atenci\u00f3n al cliente Efigas - Efigas S.A. E.S.P.","og_description":"Servicio al cliente Comprometidos con la excelencia en el servicio, contamos con 32 puntos de atenci\u00f3n distribuidos en las zonas de cobertura. Pensamos en la comodidad y bienestar de nuestros usuarios, por lo que nuestros asesores est\u00e1n preparados para brindar una atenci\u00f3n de calidad, \u00e1gil, clara y oportuna. Callcenter L\u00ednea telef\u00f3nica: 606 898 3222\u00a0 Horario [&hellip;]","og_url":"https:\/\/www.efigas.com.co\/atencion-al-cliente-efigas\/","og_site_name":"Efigas S.A. E.S.P.","article_publisher":"https:\/\/www.facebook.com\/efigasoficial\/","article_modified_time":"2026-03-02T16:02:08+00:00","og_image":[{"width":1920,"height":1280,"url":"https:\/\/www.efigas.com.co\/ef_resources\/2024\/01\/Efigas_60645776.jpg","type":"image\/jpeg"}],"twitter_card":"summary_large_image","twitter_site":"@efigas_oficial","schema":{"@context":"https:\/\/schema.org","@graph":[{"@type":"WebPage","@id":"https:\/\/www.efigas.com.co\/atencion-al-cliente-efigas\/","url":"https:\/\/www.efigas.com.co\/atencion-al-cliente-efigas\/","name":"Atenci\u00f3n al cliente Efigas - Efigas S.A. E.S.P.","isPartOf":{"@id":"https:\/\/www.efigas.com.co\/#website"},"primaryImageOfPage":{"@id":"https:\/\/www.efigas.com.co\/atencion-al-cliente-efigas\/#primaryimage"},"image":{"@id":"https:\/\/www.efigas.com.co\/atencion-al-cliente-efigas\/#primaryimage"},"thumbnailUrl":"https:\/\/www.efigas.com.co\/ef_resources\/2024\/01\/Efigas_60645776.jpg","datePublished":"2023-12-28T01:00:09+00:00","dateModified":"2026-03-02T16:02:08+00:00","breadcrumb":{"@id":"https:\/\/www.efigas.com.co\/atencion-al-cliente-efigas\/#breadcrumb"},"inLanguage":"es","potentialAction":[{"@type":"ReadAction","target":["https:\/\/www.efigas.com.co\/atencion-al-cliente-efigas\/"]}]},{"@type":"ImageObject","inLanguage":"es","@id":"https:\/\/www.efigas.com.co\/atencion-al-cliente-efigas\/#primaryimage","url":"https:\/\/www.efigas.com.co\/ef_resources\/2024\/01\/Efigas_60645776.jpg","contentUrl":"https:\/\/www.efigas.com.co\/ef_resources\/2024\/01\/Efigas_60645776.jpg","width":1920,"height":1280,"caption":"atenci\u00f3n en l\u00ednea de nuestros clientes del servicio p\u00fablico de gas natural en el eje cafetero"},{"@type":"BreadcrumbList","@id":"https:\/\/www.efigas.com.co\/atencion-al-cliente-efigas\/#breadcrumb","itemListElement":[{"@type":"ListItem","position":1,"name":"Inicio","item":"https:\/\/www.efigas.com.co\/"},{"@type":"ListItem","position":2,"name":"Atenci\u00f3n al cliente Efigas"}]},{"@type":"WebSite","@id":"https:\/\/www.efigas.com.co\/#website","url":"https:\/\/www.efigas.com.co\/","name":"Efigas S.A. E.S.P.","description":"Distribuidora de gas natural en el eje cafetero, Caldas, Quind\u00edo, Risaralda, servicio de   instalaci\u00f3n y reparaci\u00f3n de estufas de gas, cambio de   medidores de gas   natural, construcci\u00f3n de redes de gas natural, servicio de instalaci\u00f3n y reparaci\u00f3n de   calentadores de gas, servicio de Revisi\u00f3n T\u00e9cnica Reglamentaria.","publisher":{"@id":"https:\/\/www.efigas.com.co\/#organization"},"alternateName":"Efigas","potentialAction":[{"@type":"SearchAction","target":{"@type":"EntryPoint","urlTemplate":"https:\/\/www.efigas.com.co\/?s={search_term_string}"},"query-input":{"@type":"PropertyValueSpecification","valueRequired":true,"valueName":"search_term_string"}}],"inLanguage":"es"},{"@type":"Organization","@id":"https:\/\/www.efigas.com.co\/#organization","name":"Efigas S.A. E.S.P.","alternateName":"Efigas","url":"https:\/\/www.efigas.com.co\/","logo":{"@type":"ImageObject","inLanguage":"es","@id":"https:\/\/www.efigas.com.co\/#\/schema\/logo\/image\/","url":"https:\/\/www.efigas.com.co\/ef_resources\/2023\/12\/logo-efigas-negativo.svg","contentUrl":"https:\/\/www.efigas.com.co\/ef_resources\/2023\/12\/logo-efigas-negativo.svg","width":225,"height":123,"caption":"Efigas S.A. E.S.P."},"image":{"@id":"https:\/\/www.efigas.com.co\/#\/schema\/logo\/image\/"},"sameAs":["https:\/\/www.facebook.com\/efigasoficial\/","https:\/\/x.com\/efigas_oficial","https:\/\/www.linkedin.com\/company\/efigas\/"]}]}},"_links":{"self":[{"href":"https:\/\/www.efigas.com.co\/efi-json\/wp\/v2\/pages\/863","targetHints":{"allow":["GET"]}}],"collection":[{"href":"https:\/\/www.efigas.com.co\/efi-json\/wp\/v2\/pages"}],"about":[{"href":"https:\/\/www.efigas.com.co\/efi-json\/wp\/v2\/types\/page"}],"author":[{"embeddable":true,"href":"https:\/\/www.efigas.com.co\/efi-json\/wp\/v2\/users\/1"}],"replies":[{"embeddable":true,"href":"https:\/\/www.efigas.com.co\/efi-json\/wp\/v2\/comments?post=863"}],"version-history":[{"count":74,"href":"https:\/\/www.efigas.com.co\/efi-json\/wp\/v2\/pages\/863\/revisions"}],"predecessor-version":[{"id":11840,"href":"https:\/\/www.efigas.com.co\/efi-json\/wp\/v2\/pages\/863\/revisions\/11840"}],"wp:featuredmedia":[{"embeddable":true,"href":"https:\/\/www.efigas.com.co\/efi-json\/wp\/v2\/media\/1136"}],"wp:attachment":[{"href":"https:\/\/www.efigas.com.co\/efi-json\/wp\/v2\/media?parent=863"}],"wp:term":[{"taxonomy":"category","embeddable":true,"href":"https:\/\/www.efigas.com.co\/efi-json\/wp\/v2\/categories?post=863"},{"taxonomy":"post_tag","embeddable":true,"href":"https:\/\/www.efigas.com.co\/efi-json\/wp\/v2\/tags?post=863"}],"curies":[{"name":"wp","href":"https:\/\/api.w.org\/{rel}","templated":true}]}}