{"id":914,"date":"2023-12-27T21:13:14","date_gmt":"2023-12-28T02:13:14","guid":{"rendered":"http:\/\/172.26.3.13\/?page_id=914"},"modified":"2025-06-30T22:04:44","modified_gmt":"2025-07-01T03:04:44","slug":"preguntas-frecuentes","status":"publish","type":"page","link":"https:\/\/www.efigas.com.co\/preguntas-frecuentes\/","title":{"rendered":"Preguntas frecuentes"},"content":{"rendered":"\t\t<div data-elementor-type=\"efi-page\" data-elementor-id=\"914\" class=\"elementor elementor-914\" data-elementor-settings=\"{&quot;ha_cmc_init_switcher&quot;:&quot;no&quot;}\" data-elementor-post-type=\"page\">\n\t\t\t\t<div class=\"elementor-element elementor-element-c02b125 e-flex e-con-boxed e-con e-parent\" data-id=\"c02b125\" data-element_type=\"container\" data-settings=\"{&quot;_ha_eqh_enable&quot;:false}\">\n\t\t\t\t\t<div class=\"e-con-inner\">\n\t\t\t\t<div class=\"elementor-element elementor-element-6860762 elementor-widget elementor-widget-text-editor\" data-id=\"6860762\" data-element_type=\"widget\" data-widget_type=\"text-editor.default\">\n\t\t\t\t<div class=\"elementor-widget-container\">\n\t\t\t\t\t\t\t\t\t<p><span style=\"font-weight: 400;\">P<\/span><span style=\"font-weight: 400;\">ara nuestros usuarios las inquietudes m\u00e1s comunes surgen alrededor de los siguientes temas: <\/span><span style=\"font-weight: 400;\"><strong>facturaci\u00f3n, cartera, venta de instalaciones y Revisi\u00f3n t\u00e9cnica reglamentaria<\/strong>.<\/span><span style=\"font-weight: 400;\"> Para mayor satisfacci\u00f3n con nuestro servicio, aqu\u00ed damos respuestas a las preguntas.<\/span><\/p><h2>Facturaci\u00f3n Efigas<\/h2><p><span style=\"font-weight: 400;\">A continuaci\u00f3n, se detallan los principales conceptos facturados, haciendo claridad que cada uno se incluir\u00e1 en la<\/span><strong> facturaci\u00f3n Efigas<\/strong><span style=\"font-weight: 400;\">, teniendo en cuenta el caso particular de cada usuario:<\/span><\/p>\t\t\t\t\t\t\t\t<\/div>\n\t\t\t\t<\/div>\n\t\t\t\t<div class=\"elementor-element elementor-element-82c6d66 elementor-widget elementor-widget-n-accordion\" data-id=\"82c6d66\" data-element_type=\"widget\" data-settings=\"{&quot;default_state&quot;:&quot;all_collapsed&quot;,&quot;max_items_expended&quot;:&quot;one&quot;,&quot;n_accordion_animation_duration&quot;:{&quot;unit&quot;:&quot;ms&quot;,&quot;size&quot;:400,&quot;sizes&quot;:[]}}\" data-widget_type=\"nested-accordion.default\">\n\t\t\t\t<div class=\"elementor-widget-container\">\n\t\t\t\t\t\t\t<div class=\"e-n-accordion\" aria-label=\"Accordion. Open links with Enter or Space, close with Escape, and navigate with Arrow Keys\">\n\t\t\t\t\t\t<details id=\"e-n-accordion-item-1370\" class=\"e-n-accordion-item\" >\n\t\t\t\t<summary class=\"e-n-accordion-item-title\" data-accordion-index=\"1\" tabindex=\"0\" aria-expanded=\"false\" aria-controls=\"e-n-accordion-item-1370\" >\n\t\t\t\t\t<span class='e-n-accordion-item-title-header'><div class=\"e-n-accordion-item-title-text\"> Si yo pagu\u00e9 el mes pasado, \u00bfpor qu\u00e9 me llega la factura por dos meses con pago inmediato? <\/div><\/span>\n\t\t\t\t\t\t\t<span class='e-n-accordion-item-title-icon'>\n\t\t\t<span class='e-opened' ><svg aria-hidden=\"true\" class=\"e-font-icon-svg e-fas-minus\" viewBox=\"0 0 448 512\" xmlns=\"http:\/\/www.w3.org\/2000\/svg\"><path d=\"M416 208H32c-17.67 0-32 14.33-32 32v32c0 17.67 14.33 32 32 32h384c17.67 0 32-14.33 32-32v-32c0-17.67-14.33-32-32-32z\"><\/path><\/svg><\/span>\n\t\t\t<span class='e-closed'><svg aria-hidden=\"true\" class=\"e-font-icon-svg e-fas-plus\" viewBox=\"0 0 448 512\" xmlns=\"http:\/\/www.w3.org\/2000\/svg\"><path d=\"M416 208H272V64c0-17.67-14.33-32-32-32h-32c-17.67 0-32 14.33-32 32v144H32c-17.67 0-32 14.33-32 32v32c0 17.67 14.33 32 32 32h144v144c0 17.67 14.33 32 32 32h32c17.67 0 32-14.33 32-32V304h144c17.67 0 32-14.33 32-32v-32c0-17.67-14.33-32-32-32z\"><\/path><\/svg><\/span>\n\t\t<\/span>\n\n\t\t\t\t\t\t<\/summary>\n\t\t\t\t<div role=\"region\" aria-labelledby=\"e-n-accordion-item-1370\" class=\"elementor-element elementor-element-b717737 e-con-full e-flex e-con e-child\" data-id=\"b717737\" data-element_type=\"container\" data-settings=\"{&quot;_ha_eqh_enable&quot;:false}\">\n\t\t\t\t<div class=\"elementor-element elementor-element-384cd0e elementor-widget elementor-widget-text-editor\" data-id=\"384cd0e\" data-element_type=\"widget\" data-widget_type=\"text-editor.default\">\n\t\t\t\t<div class=\"elementor-widget-container\">\n\t\t\t\t\t\t\t\t\t<p><span style=\"font-weight: 400;\">En este caso se verifica la informaci\u00f3n contenida en la factura del usuario con la informaci\u00f3n del sistema comercial, respecto de lo cual pueden existir varias posibilidades:<\/span><\/p><p><span style=\"font-weight: 400;\">Si es porque el cliente pag\u00f3 despu\u00e9s de la fecha de vencimiento:<\/span><\/p><p><span style=\"font-weight: 400;\">La fecha de vencimiento de la<\/span><strong> factura Efigas<\/strong><span style=\"font-weight: 400;\"> del mes pasado fue XXXX, al momento de pagar tu factura anterior la empresa ya hab\u00eda liquidado una nueva factura y por esta raz\u00f3n te lleg\u00f3 por dos meses la factura a tu vivienda, pero en nuestro sistema comercial esta informaci\u00f3n se encuentra actualizada y aparece con solo una factura pendiente por un valor de $XXX. En este caso, si te acercas a nuestros <\/span><span style=\"font-weight: 400;\"><strong>centros de servicio al cliente Efigas<\/strong> <\/span><span style=\"font-weight: 400;\">y se te genera una nueva factura por este valor para que la puedas cancelar en los <\/span><strong>puntos de pago Efigas<\/strong><span style=\"font-weight: 400;\"> la cual tiene fecha de vencimiento diferente.<\/span><\/p><p><span style=\"font-weight: 400;\">Si es porque el usuario cancel\u00f3, pero la empresa no ha ingresado el pago al sistema comercial:<\/span><\/p><p><span style=\"font-weight: 400;\">En este caso si tu pago no ha sido ingresado a nuestro sistema comercial, por favor ac\u00e9rcate a nuestros centros de servicio al cliente adjuntando la original de la factura y una copia del pago que realizaste para proceder a ingresar la solicitud de ingreso del pago al sistema (se recibe la original y se coloca el sello de \u201cRecibido factura original cancelada\u201d con el nombre y apellido de quien recibi\u00f3, la fecha y la hora de recepci\u00f3n en la fotocopia y se le devuelve al cliente como comprobante de recepci\u00f3n del original); adem\u00e1s, se te ofrecen disculpas por los inconvenientes causados y se te da la garant\u00eda de que el pago ser\u00e1 ingresado. Al mismo tiempo, se generan los respectivos motivos de atenciones en nuestro sistema comercial con el fin de asegurarnos que el \u00e1rea de tesorer\u00eda ingrese el pago y tambi\u00e9n se genera un abono a Factura sin cobro al cliente, para que pueda pagar el mes que adeuda.<\/span><\/p>\t\t\t\t\t\t\t\t<\/div>\n\t\t\t\t<\/div>\n\t\t\t\t<\/div>\n\t\t\t\t\t<\/details>\n\t\t\t\t\t\t<details id=\"e-n-accordion-item-1371\" class=\"e-n-accordion-item\" >\n\t\t\t\t<summary class=\"e-n-accordion-item-title\" data-accordion-index=\"2\" tabindex=\"-1\" aria-expanded=\"false\" aria-controls=\"e-n-accordion-item-1371\" >\n\t\t\t\t\t<span class='e-n-accordion-item-title-header'><div class=\"e-n-accordion-item-title-text\"> \u00bfPor qu\u00e9 cobran $1.190 por el duplicado de la factura Efigas? <\/div><\/span>\n\t\t\t\t\t\t\t<span class='e-n-accordion-item-title-icon'>\n\t\t\t<span class='e-opened' ><svg aria-hidden=\"true\" class=\"e-font-icon-svg e-fas-minus\" viewBox=\"0 0 448 512\" xmlns=\"http:\/\/www.w3.org\/2000\/svg\"><path d=\"M416 208H32c-17.67 0-32 14.33-32 32v32c0 17.67 14.33 32 32 32h384c17.67 0 32-14.33 32-32v-32c0-17.67-14.33-32-32-32z\"><\/path><\/svg><\/span>\n\t\t\t<span class='e-closed'><svg aria-hidden=\"true\" class=\"e-font-icon-svg e-fas-plus\" viewBox=\"0 0 448 512\" xmlns=\"http:\/\/www.w3.org\/2000\/svg\"><path d=\"M416 208H272V64c0-17.67-14.33-32-32-32h-32c-17.67 0-32 14.33-32 32v144H32c-17.67 0-32 14.33-32 32v32c0 17.67 14.33 32 32 32h144v144c0 17.67 14.33 32 32 32h32c17.67 0 32-14.33 32-32V304h144c17.67 0 32-14.33 32-32v-32c0-17.67-14.33-32-32-32z\"><\/path><\/svg><\/span>\n\t\t<\/span>\n\n\t\t\t\t\t\t<\/summary>\n\t\t\t\t<div role=\"region\" aria-labelledby=\"e-n-accordion-item-1371\" class=\"elementor-element elementor-element-5372116 e-con-full e-flex e-con e-child\" data-id=\"5372116\" data-element_type=\"container\" data-settings=\"{&quot;_ha_eqh_enable&quot;:false}\">\n\t\t\t\t<div class=\"elementor-element elementor-element-fa52c1c elementor-widget elementor-widget-text-editor\" data-id=\"fa52c1c\" data-element_type=\"widget\" data-widget_type=\"text-editor.default\">\n\t\t\t\t<div class=\"elementor-widget-container\">\n\t\t\t\t\t\t\t\t\t<p>Porque el par\u00e1grafo segundo del art\u00edculo 33 del Contrato de Condiciones Uniformes que habla sobre las facturas enuncia que cuando el usuario solicite de manera voluntaria un duplicado de una determinada factura, despu\u00e9s de esta haber sido entregada por LA EMPRESA, o para realizar un abono parcial, deber\u00e1 cancelar el valor establecido por la empresa, el cual equivale a $1000 m\u00e1s IVA, total $1.190. Este valor es cobrado, adem\u00e1s, teniendo en cuenta que en la tarifa cobrada a los usuarios de Efigas no est\u00e1n incluidos los costos en que esta incurre por concepto de generaci\u00f3n de duplicados de las facturas, es decir, que este valor no hace parte de los costos de comercializaci\u00f3n.<\/p>\t\t\t\t\t\t\t\t<\/div>\n\t\t\t\t<\/div>\n\t\t\t\t<\/div>\n\t\t\t\t\t<\/details>\n\t\t\t\t\t\t<details id=\"e-n-accordion-item-1372\" class=\"e-n-accordion-item\" >\n\t\t\t\t<summary class=\"e-n-accordion-item-title\" data-accordion-index=\"3\" tabindex=\"-1\" aria-expanded=\"false\" aria-controls=\"e-n-accordion-item-1372\" >\n\t\t\t\t\t<span class='e-n-accordion-item-title-header'><div class=\"e-n-accordion-item-title-text\"> \u00bfPor qu\u00e9 si mi factura Efigas llegaba con fecha para pago el d\u00eda XXXX ahora se adelant\u00f3 tanto y me est\u00e1 llegando para pagar el d\u00eda XXXXX? <\/div><\/span>\n\t\t\t\t\t\t\t<span class='e-n-accordion-item-title-icon'>\n\t\t\t<span class='e-opened' ><svg aria-hidden=\"true\" class=\"e-font-icon-svg e-fas-minus\" viewBox=\"0 0 448 512\" xmlns=\"http:\/\/www.w3.org\/2000\/svg\"><path d=\"M416 208H32c-17.67 0-32 14.33-32 32v32c0 17.67 14.33 32 32 32h384c17.67 0 32-14.33 32-32v-32c0-17.67-14.33-32-32-32z\"><\/path><\/svg><\/span>\n\t\t\t<span class='e-closed'><svg aria-hidden=\"true\" class=\"e-font-icon-svg e-fas-plus\" viewBox=\"0 0 448 512\" xmlns=\"http:\/\/www.w3.org\/2000\/svg\"><path d=\"M416 208H272V64c0-17.67-14.33-32-32-32h-32c-17.67 0-32 14.33-32 32v144H32c-17.67 0-32 14.33-32 32v32c0 17.67 14.33 32 32 32h144v144c0 17.67 14.33 32 32 32h32c17.67 0 32-14.33 32-32V304h144c17.67 0 32-14.33 32-32v-32c0-17.67-14.33-32-32-32z\"><\/path><\/svg><\/span>\n\t\t<\/span>\n\n\t\t\t\t\t\t<\/summary>\n\t\t\t\t<div role=\"region\" aria-labelledby=\"e-n-accordion-item-1372\" class=\"elementor-element elementor-element-ca129df e-con-full e-flex e-con e-child\" data-id=\"ca129df\" data-element_type=\"container\" data-settings=\"{&quot;_ha_eqh_enable&quot;:false}\">\n\t\t\t\t<div class=\"elementor-element elementor-element-311826f elementor-widget elementor-widget-text-editor\" data-id=\"311826f\" data-element_type=\"widget\" data-widget_type=\"text-editor.default\">\n\t\t\t\t<div class=\"elementor-widget-container\">\n\t\t\t\t\t\t\t\t\t<p>Porque se realiz\u00f3 un ajuste en nuestro proceso de facturaci\u00f3n, consistente en adelantar el reparto y fechas de vencimiento de facturas, manteniendo los per\u00edodos de consumo en 30 d\u00edas, es decir, se respeta la fecha de toma de lecturas y se garantiza el cumplimiento de la ley de otorgar cinco d\u00edas h\u00e1biles entre la fecha de reparto de facturaci\u00f3n y la fecha de vencimiento para el pago de la misma, esto debido a que la compa\u00f1\u00eda ven\u00eda otorgando un periodo demasiado amplio para el vencimiento de la factura.<\/p>\t\t\t\t\t\t\t\t<\/div>\n\t\t\t\t<\/div>\n\t\t\t\t<\/div>\n\t\t\t\t\t<\/details>\n\t\t\t\t\t\t<details id=\"e-n-accordion-item-1373\" class=\"e-n-accordion-item\" >\n\t\t\t\t<summary class=\"e-n-accordion-item-title\" data-accordion-index=\"4\" tabindex=\"-1\" aria-expanded=\"false\" aria-controls=\"e-n-accordion-item-1373\" >\n\t\t\t\t\t<span class='e-n-accordion-item-title-header'><div class=\"e-n-accordion-item-title-text\"> \u00bfPor qu\u00e9 me est\u00e1 llegando tan alto el consumo de gas? <\/div><\/span>\n\t\t\t\t\t\t\t<span class='e-n-accordion-item-title-icon'>\n\t\t\t<span class='e-opened' ><svg aria-hidden=\"true\" class=\"e-font-icon-svg e-fas-minus\" viewBox=\"0 0 448 512\" xmlns=\"http:\/\/www.w3.org\/2000\/svg\"><path d=\"M416 208H32c-17.67 0-32 14.33-32 32v32c0 17.67 14.33 32 32 32h384c17.67 0 32-14.33 32-32v-32c0-17.67-14.33-32-32-32z\"><\/path><\/svg><\/span>\n\t\t\t<span class='e-closed'><svg aria-hidden=\"true\" class=\"e-font-icon-svg e-fas-plus\" viewBox=\"0 0 448 512\" xmlns=\"http:\/\/www.w3.org\/2000\/svg\"><path d=\"M416 208H272V64c0-17.67-14.33-32-32-32h-32c-17.67 0-32 14.33-32 32v144H32c-17.67 0-32 14.33-32 32v32c0 17.67 14.33 32 32 32h144v144c0 17.67 14.33 32 32 32h32c17.67 0 32-14.33 32-32V304h144c17.67 0 32-14.33 32-32v-32c0-17.67-14.33-32-32-32z\"><\/path><\/svg><\/span>\n\t\t<\/span>\n\n\t\t\t\t\t\t<\/summary>\n\t\t\t\t<div role=\"region\" aria-labelledby=\"e-n-accordion-item-1373\" class=\"elementor-element elementor-element-1715c63 e-con-full e-flex e-con e-child\" data-id=\"1715c63\" data-element_type=\"container\" data-settings=\"{&quot;_ha_eqh_enable&quot;:false}\">\n\t\t\t\t<div class=\"elementor-element elementor-element-8d5bb39 elementor-widget elementor-widget-text-editor\" data-id=\"8d5bb39\" data-element_type=\"widget\" data-widget_type=\"text-editor.default\">\n\t\t\t\t<div class=\"elementor-widget-container\">\n\t\t\t\t\t\t\t\t\t<p>Primero debemos verificar en el sistema para revisar si el cliente ya ha generado alguna petici\u00f3n, queja o reclamo recientemente, ya sea por \u2018Verificaci\u00f3n lectura y medidor\u2019 o por \u2018Visita verificaci\u00f3n servicio\u2019. Despu\u00e9s, revisamos si la lectura est\u00e1 correcta seg\u00fan el reporte del motivo. En caso de ser correcta, le explicamos al cliente que ya se realiz\u00f3 una visita de verificaci\u00f3n y se encontr\u00f3 que la lectura que le aparece en su factura coincide con la que se tom\u00f3 en terreno.<\/p><p>Adicionalmente, verificamos el hist\u00f3rico de lectura, lo que nos permite confirmar si ha habido variaciones representativas en los \u00faltimos seis meses. En caso de no ser as\u00ed, el auxiliar proceder\u00e1 a explicar al usuario c\u00f3mo \u00e9l mismo puede verificar en terreno si la lectura que se le est\u00e1 facturando coincide con la que tiene en el medidor (teniendo en cuenta la lectura actual se revisa el medidor que debe marcar una lectura mayor o igual a la que aparece en la factura). En caso de que el medidor presente error en la lectura, puedes llamar a los siguientes tel\u00e9fonos para solicitar una revisi\u00f3n por lectura errada:\u00a0\u00a0<\/p><p><strong>Manizales<\/strong>: 8982323<\/p><p><strong>Armenia<\/strong>: 7368950\u00a0<\/p><p><strong>Pereira<\/strong>:\u00a0 3515351\u200b<\/p><p>Tambi\u00e9n se te explica qu\u00e9 puedes verificar que la red no tenga fugas de la siguiente manera: al terminar tus labores diarias, toma la lectura completa que tiene el medidor, tanto metros como litros y deja las v\u00e1lvulas abiertas. Al d\u00eda siguiente, antes de iniciar tus labores, verifica la lectura que aparece en el medidor, tanto metros como litros, los cuales no pueden presentar variaci\u00f3n con respecto a la lectura tomada el d\u00eda anterior.\u00a0<\/p><p>En caso de que exista variaci\u00f3n, debes reportarla a nuestras l\u00edneas de Servicio al Cliente 606 898 3222, de lunes a s\u00e1bado de 7:00 a.m. a 7:00 p.m. O comunicarte a los tel\u00e9fonos:\u00a0<\/p><p><strong>Manizales<\/strong>: 8982323<\/p><p><strong>Armenia<\/strong>: 7368950\u00a0<\/p><p><strong>Pereira<\/strong>:\u00a0 3515351<\/p>\t\t\t\t\t\t\t\t<\/div>\n\t\t\t\t<\/div>\n\t\t\t\t<\/div>\n\t\t\t\t\t<\/details>\n\t\t\t\t\t\t<details id=\"e-n-accordion-item-1374\" class=\"e-n-accordion-item\" >\n\t\t\t\t<summary class=\"e-n-accordion-item-title\" data-accordion-index=\"5\" tabindex=\"-1\" aria-expanded=\"false\" aria-controls=\"e-n-accordion-item-1374\" >\n\t\t\t\t\t<span class='e-n-accordion-item-title-header'><div class=\"e-n-accordion-item-title-text\"> No entiendo todos los conceptos que me est\u00e1n cobrando en la factura <\/div><\/span>\n\t\t\t\t\t\t\t<span class='e-n-accordion-item-title-icon'>\n\t\t\t<span class='e-opened' ><svg aria-hidden=\"true\" class=\"e-font-icon-svg e-fas-minus\" viewBox=\"0 0 448 512\" xmlns=\"http:\/\/www.w3.org\/2000\/svg\"><path d=\"M416 208H32c-17.67 0-32 14.33-32 32v32c0 17.67 14.33 32 32 32h384c17.67 0 32-14.33 32-32v-32c0-17.67-14.33-32-32-32z\"><\/path><\/svg><\/span>\n\t\t\t<span class='e-closed'><svg aria-hidden=\"true\" class=\"e-font-icon-svg e-fas-plus\" viewBox=\"0 0 448 512\" xmlns=\"http:\/\/www.w3.org\/2000\/svg\"><path d=\"M416 208H272V64c0-17.67-14.33-32-32-32h-32c-17.67 0-32 14.33-32 32v144H32c-17.67 0-32 14.33-32 32v32c0 17.67 14.33 32 32 32h144v144c0 17.67 14.33 32 32 32h32c17.67 0 32-14.33 32-32V304h144c17.67 0 32-14.33 32-32v-32c0-17.67-14.33-32-32-32z\"><\/path><\/svg><\/span>\n\t\t<\/span>\n\n\t\t\t\t\t\t<\/summary>\n\t\t\t\t<div role=\"region\" aria-labelledby=\"e-n-accordion-item-1374\" class=\"elementor-element elementor-element-f267a9e e-con-full e-flex e-con e-child\" data-id=\"f267a9e\" data-element_type=\"container\" data-settings=\"{&quot;_ha_eqh_enable&quot;:false}\">\n\t\t\t\t<div class=\"elementor-element elementor-element-3cdf39c elementor-widget elementor-widget-text-editor\" data-id=\"3cdf39c\" data-element_type=\"widget\" data-widget_type=\"text-editor.default\">\n\t\t\t\t<div class=\"elementor-widget-container\">\n\t\t\t\t\t\t\t\t\t<p><strong>Consumo:\u00a0<\/strong>precio que el usuario paga por el metro c\u00fabico de gas natural consumido en el periodo facturado, los cuales fueron le\u00eddos en los equipos de medici\u00f3n correspondientes.<\/p><p><strong>Cargo fijo:<\/strong>\u00a0es el valor mensual que se cobra a todo usuario, el cual refleja los costos econ\u00f3micos involucrados en garantizar la disponibilidad permanente del servicio para el usuario, independiente de su nivel de uso.<\/p><p><strong>Cargo por conexi\u00f3n residencial:\u00a0<\/strong>capital que se le abona al cargo por conexi\u00f3n el cual est\u00e1 compuesto por la acometida, el medidor, el regulador y el conjunto elevador-v\u00e1lvula.<\/p><p><strong>Financiaci\u00f3n por cargo de conexi\u00f3n residencial:<\/strong>\u00a0intereses que se le abonan al cargo por conexi\u00f3n el cual est\u00e1 compuesto por la acometida, el medidor, el regulador y el conjunto elevador-v\u00e1lvula.<\/p><p><strong>Instalaci\u00f3n interna residencial:<\/strong>\u00a0capital que se le abona a la instalaci\u00f3n interna que comprende el conjunto de tuber\u00edas, accesorios y equipos a partir del equipo de medida hasta los aparatos de consumo.<\/p><p><strong>Financiaci\u00f3n de\u00a0 instalaci\u00f3n de red Interna residencial:<\/strong>\u00a0intereses que se le abonan a la instalaci\u00f3n interna que comprende el conjunto de tuber\u00edas, accesorios y equipos a partir del equipo de medida hasta los aparatos de consumo.<\/p><p><strong>Recargo por mora:<\/strong>\u00a0intereses por mora que se cobran por el retraso en el pago de la factura despu\u00e9s de la fecha de vencimiento. Este porcentaje est\u00e1 regulado por la Superintendencia Financiera.<\/p><p><strong>IVA Financiaci\u00f3n\u00a0 instalaci\u00f3n de red interna residencial:<\/strong>\u00a0es el IVA que se cobra por la financiaci\u00f3n de la instalaci\u00f3n de gas natural. Este IVA se aplica a los intereses de financiaci\u00f3n de la instalaci\u00f3n interna y se aplica el 16% sobre los intereses generados en el correspondiente mes.<\/p><p><strong>Saldo anterior:<\/strong>\u00a0es el saldo que se ha dejado de pagar en el mes o meses anteriores y que aparece acumulado en la factura.<\/p>\t\t\t\t\t\t\t\t<\/div>\n\t\t\t\t<\/div>\n\t\t\t\t<\/div>\n\t\t\t\t\t<\/details>\n\t\t\t\t\t\t<details id=\"e-n-accordion-item-1375\" class=\"e-n-accordion-item\" >\n\t\t\t\t<summary class=\"e-n-accordion-item-title\" data-accordion-index=\"6\" tabindex=\"-1\" aria-expanded=\"false\" aria-controls=\"e-n-accordion-item-1375\" >\n\t\t\t\t\t<span class='e-n-accordion-item-title-header'><div class=\"e-n-accordion-item-title-text\"> \u00bfA partir de cu\u00e1ndo la empresa empieza a facturar el cargo fijo en el servicio de gas natural? <\/div><\/span>\n\t\t\t\t\t\t\t<span class='e-n-accordion-item-title-icon'>\n\t\t\t<span class='e-opened' ><svg aria-hidden=\"true\" class=\"e-font-icon-svg e-fas-minus\" viewBox=\"0 0 448 512\" xmlns=\"http:\/\/www.w3.org\/2000\/svg\"><path d=\"M416 208H32c-17.67 0-32 14.33-32 32v32c0 17.67 14.33 32 32 32h384c17.67 0 32-14.33 32-32v-32c0-17.67-14.33-32-32-32z\"><\/path><\/svg><\/span>\n\t\t\t<span class='e-closed'><svg aria-hidden=\"true\" class=\"e-font-icon-svg e-fas-plus\" viewBox=\"0 0 448 512\" xmlns=\"http:\/\/www.w3.org\/2000\/svg\"><path d=\"M416 208H272V64c0-17.67-14.33-32-32-32h-32c-17.67 0-32 14.33-32 32v144H32c-17.67 0-32 14.33-32 32v32c0 17.67 14.33 32 32 32h144v144c0 17.67 14.33 32 32 32h32c17.67 0 32-14.33 32-32V304h144c17.67 0 32-14.33 32-32v-32c0-17.67-14.33-32-32-32z\"><\/path><\/svg><\/span>\n\t\t<\/span>\n\n\t\t\t\t\t\t<\/summary>\n\t\t\t\t<div role=\"region\" aria-labelledby=\"e-n-accordion-item-1375\" class=\"elementor-element elementor-element-e55ce3b e-con-full e-flex e-con e-child\" data-id=\"e55ce3b\" data-element_type=\"container\" data-settings=\"{&quot;_ha_eqh_enable&quot;:false}\">\n\t\t\t\t<div class=\"elementor-element elementor-element-9c918a0 elementor-widget elementor-widget-text-editor\" data-id=\"9c918a0\" data-element_type=\"widget\" data-widget_type=\"text-editor.default\">\n\t\t\t\t<div class=\"elementor-widget-container\">\n\t\t\t\t\t\t\t\t\t<p>La facturaci\u00f3n del cargo fijo comienza una vez la empresa coloca el medidor y conecta al suscriptor a las redes locales, es decir, da disponibilidad del servicio y empieza a facturar el cargo fijo, incluso sin que el suscriptor o usuario est\u00e9 utilizando el servicio.<\/p>\t\t\t\t\t\t\t\t<\/div>\n\t\t\t\t<\/div>\n\t\t\t\t<\/div>\n\t\t\t\t\t<\/details>\n\t\t\t\t\t\t<details id=\"e-n-accordion-item-1376\" class=\"e-n-accordion-item\" >\n\t\t\t\t<summary class=\"e-n-accordion-item-title\" data-accordion-index=\"7\" tabindex=\"-1\" aria-expanded=\"false\" aria-controls=\"e-n-accordion-item-1376\" >\n\t\t\t\t\t<span class='e-n-accordion-item-title-header'><div class=\"e-n-accordion-item-title-text\"> \u00bfQu\u00e9 debo hacer si no me llega la factura de Efigas a mi casa? <\/div><\/span>\n\t\t\t\t\t\t\t<span class='e-n-accordion-item-title-icon'>\n\t\t\t<span class='e-opened' ><svg aria-hidden=\"true\" class=\"e-font-icon-svg e-fas-minus\" viewBox=\"0 0 448 512\" xmlns=\"http:\/\/www.w3.org\/2000\/svg\"><path d=\"M416 208H32c-17.67 0-32 14.33-32 32v32c0 17.67 14.33 32 32 32h384c17.67 0 32-14.33 32-32v-32c0-17.67-14.33-32-32-32z\"><\/path><\/svg><\/span>\n\t\t\t<span class='e-closed'><svg aria-hidden=\"true\" class=\"e-font-icon-svg e-fas-plus\" viewBox=\"0 0 448 512\" xmlns=\"http:\/\/www.w3.org\/2000\/svg\"><path d=\"M416 208H272V64c0-17.67-14.33-32-32-32h-32c-17.67 0-32 14.33-32 32v144H32c-17.67 0-32 14.33-32 32v32c0 17.67 14.33 32 32 32h144v144c0 17.67 14.33 32 32 32h32c17.67 0 32-14.33 32-32V304h144c17.67 0 32-14.33 32-32v-32c0-17.67-14.33-32-32-32z\"><\/path><\/svg><\/span>\n\t\t<\/span>\n\n\t\t\t\t\t\t<\/summary>\n\t\t\t\t<div role=\"region\" aria-labelledby=\"e-n-accordion-item-1376\" class=\"elementor-element elementor-element-51a38c3 e-con-full e-flex e-con e-child\" data-id=\"51a38c3\" data-element_type=\"container\" data-settings=\"{&quot;_ha_eqh_enable&quot;:false}\">\n\t\t\t\t<div class=\"elementor-element elementor-element-288d320 elementor-widget elementor-widget-text-editor\" data-id=\"288d320\" data-element_type=\"widget\" data-widget_type=\"text-editor.default\">\n\t\t\t\t<div class=\"elementor-widget-container\">\n\t\t\t\t\t\t\t\t\t<p>Si no recibiste la factura a su debido tiempo, debes contactar a la empresa para solicitar y reclamar un duplicado para realizar el pago oportunamente y as\u00ed evitar posibles suspensiones del servicio.<\/p>\t\t\t\t\t\t\t\t<\/div>\n\t\t\t\t<\/div>\n\t\t\t\t<\/div>\n\t\t\t\t\t<\/details>\n\t\t\t\t\t<\/div>\n\t\t\t\t\t<script type=\"application\/ld+json\">{\"@context\":\"https:\\\/\\\/schema.org\",\"@type\":\"FAQPage\",\"mainEntity\":[{\"@type\":\"Question\",\"name\":\"Si yo pagu\\u00e9 el mes pasado, \\u00bfpor qu\\u00e9 me llega la factura por dos meses con pago inmediato?\",\"acceptedAnswer\":{\"@type\":\"Answer\",\"text\":\"En este caso se verifica la informaci\\u00f3n contenida en la factura del usuario con la informaci\\u00f3n del sistema comercial, respecto de lo cual pueden existir varias posibilidades:Si es porque el cliente pag\\u00f3 despu\\u00e9s de la fecha de vencimiento:La fecha de vencimiento de la factura Efigas del mes pasado fue XXXX, al momento de pagar tu factura anterior la empresa ya hab\\u00eda liquidado una nueva factura y por esta raz\\u00f3n te lleg\\u00f3 por dos meses la factura a tu vivienda, pero en nuestro sistema comercial esta informaci\\u00f3n se encuentra actualizada y aparece con solo una factura pendiente por un valor de $XXX. En este caso, si te acercas a nuestros centros de servicio al cliente Efigas y se te genera una nueva factura por este valor para que la puedas cancelar en los puntos de pago Efigas la cual tiene fecha de vencimiento diferente.Si es porque el usuario cancel\\u00f3, pero la empresa no ha ingresado el pago al sistema comercial:En este caso si tu pago no ha sido ingresado a nuestro sistema comercial, por favor ac\\u00e9rcate a nuestros centros de servicio al cliente adjuntando la original de la factura y una copia del pago que realizaste para proceder a ingresar la solicitud de ingreso del pago al sistema (se recibe la original y se coloca el sello de \\u201cRecibido factura original cancelada\\u201d con el nombre y apellido de quien recibi\\u00f3, la fecha y la hora de recepci\\u00f3n en la fotocopia y se le devuelve al cliente como comprobante de recepci\\u00f3n del original); adem\\u00e1s, se te ofrecen disculpas por los inconvenientes causados y se te da la garant\\u00eda de que el pago ser\\u00e1 ingresado. Al mismo tiempo, se generan los respectivos motivos de atenciones en nuestro sistema comercial con el fin de asegurarnos que el \\u00e1rea de tesorer\\u00eda ingrese el pago y tambi\\u00e9n se genera un abono a Factura sin cobro al cliente, para que pueda pagar el mes que adeuda.\"}},{\"@type\":\"Question\",\"name\":\"\\u00bfPor qu\\u00e9 cobran $1.190 por el duplicado de la factura Efigas?\",\"acceptedAnswer\":{\"@type\":\"Answer\",\"text\":\"Porque el par\\u00e1grafo segundo del art\\u00edculo 33 del Contrato de Condiciones Uniformes que habla sobre las facturas enuncia que cuando el usuario solicite de manera voluntaria un duplicado de una determinada factura, despu\\u00e9s de esta haber sido entregada por LA EMPRESA, o para realizar un abono parcial, deber\\u00e1 cancelar el valor establecido por la empresa, el cual equivale a $1000 m\\u00e1s IVA, total $1.190. Este valor es cobrado, adem\\u00e1s, teniendo en cuenta que en la tarifa cobrada a los usuarios de Efigas no est\\u00e1n incluidos los costos en que esta incurre por concepto de generaci\\u00f3n de duplicados de las facturas, es decir, que este valor no hace parte de los costos de comercializaci\\u00f3n.\"}},{\"@type\":\"Question\",\"name\":\"\\u00bfPor qu\\u00e9 si mi factura Efigas llegaba con fecha para pago el d\\u00eda XXXX ahora se adelant\\u00f3 tanto y me est\\u00e1 llegando para pagar el d\\u00eda XXXXX?\",\"acceptedAnswer\":{\"@type\":\"Answer\",\"text\":\"Porque se realiz\\u00f3 un ajuste en nuestro proceso de facturaci\\u00f3n, consistente en adelantar el reparto y fechas de vencimiento de facturas, manteniendo los per\\u00edodos de consumo en 30 d\\u00edas, es decir, se respeta la fecha de toma de lecturas y se garantiza el cumplimiento de la ley de otorgar cinco d\\u00edas h\\u00e1biles entre la fecha de reparto de facturaci\\u00f3n y la fecha de vencimiento para el pago de la misma, esto debido a que la compa\\u00f1\\u00eda ven\\u00eda otorgando un periodo demasiado amplio para el vencimiento de la factura.\"}},{\"@type\":\"Question\",\"name\":\"\\u00bfPor qu\\u00e9 me est\\u00e1 llegando tan alto el consumo de gas?\",\"acceptedAnswer\":{\"@type\":\"Answer\",\"text\":\"Primero debemos verificar en el sistema para revisar si el cliente ya ha generado alguna petici\\u00f3n, queja o reclamo recientemente, ya sea por \\u2018Verificaci\\u00f3n lectura y medidor\\u2019 o por \\u2018Visita verificaci\\u00f3n servicio\\u2019. Despu\\u00e9s, revisamos si la lectura est\\u00e1 correcta seg\\u00fan el reporte del motivo. En caso de ser correcta, le explicamos al cliente que ya se realiz\\u00f3 una visita de verificaci\\u00f3n y se encontr\\u00f3 que la lectura que le aparece en su factura coincide con la que se tom\\u00f3 en terreno.Adicionalmente, verificamos el hist\\u00f3rico de lectura, lo que nos permite confirmar si ha habido variaciones representativas en los \\u00faltimos seis meses. En caso de no ser as\\u00ed, el auxiliar proceder\\u00e1 a explicar al usuario c\\u00f3mo \\u00e9l mismo puede verificar en terreno si la lectura que se le est\\u00e1 facturando coincide con la que tiene en el medidor (teniendo en cuenta la lectura actual se revisa el medidor que debe marcar una lectura mayor o igual a la que aparece en la factura). En caso de que el medidor presente error en la lectura, puedes llamar a los siguientes tel\\u00e9fonos para solicitar una revisi\\u00f3n por lectura errada:\\u00a0\\u00a0Manizales: 8982323Armenia: 7368950\\u00a0Pereira:\\u00a0 3515351\\u200bTambi\\u00e9n se te explica qu\\u00e9 puedes verificar que la red no tenga fugas de la siguiente manera: al terminar tus labores diarias, toma la lectura completa que tiene el medidor, tanto metros como litros y deja las v\\u00e1lvulas abiertas. Al d\\u00eda siguiente, antes de iniciar tus labores, verifica la lectura que aparece en el medidor, tanto metros como litros, los cuales no pueden presentar variaci\\u00f3n con respecto a la lectura tomada el d\\u00eda anterior.\\u00a0En caso de que exista variaci\\u00f3n, debes reportarla a nuestras l\\u00edneas de Servicio al Cliente 606 898 3222, de lunes a s\\u00e1bado de 7:00 a.m. a 7:00 p.m. O comunicarte a los tel\\u00e9fonos:\\u00a0Manizales: 8982323Armenia: 7368950\\u00a0Pereira:\\u00a0 3515351\"}},{\"@type\":\"Question\",\"name\":\"No entiendo todos los conceptos que me est\\u00e1n cobrando en la factura\",\"acceptedAnswer\":{\"@type\":\"Answer\",\"text\":\"Consumo:\\u00a0precio que el usuario paga por el metro c\\u00fabico de gas natural consumido en el periodo facturado, los cuales fueron le\\u00eddos en los equipos de medici\\u00f3n correspondientes.Cargo fijo:\\u00a0es el valor mensual que se cobra a todo usuario, el cual refleja los costos econ\\u00f3micos involucrados en garantizar la disponibilidad permanente del servicio para el usuario, independiente de su nivel de uso.Cargo por conexi\\u00f3n residencial:\\u00a0capital que se le abona al cargo por conexi\\u00f3n el cual est\\u00e1 compuesto por la acometida, el medidor, el regulador y el conjunto elevador-v\\u00e1lvula.Financiaci\\u00f3n por cargo de conexi\\u00f3n residencial:\\u00a0intereses que se le abonan al cargo por conexi\\u00f3n el cual est\\u00e1 compuesto por la acometida, el medidor, el regulador y el conjunto elevador-v\\u00e1lvula.Instalaci\\u00f3n interna residencial:\\u00a0capital que se le abona a la instalaci\\u00f3n interna que comprende el conjunto de tuber\\u00edas, accesorios y equipos a partir del equipo de medida hasta los aparatos de consumo.Financiaci\\u00f3n de\\u00a0 instalaci\\u00f3n de red Interna residencial:\\u00a0intereses que se le abonan a la instalaci\\u00f3n interna que comprende el conjunto de tuber\\u00edas, accesorios y equipos a partir del equipo de medida hasta los aparatos de consumo.Recargo por mora:\\u00a0intereses por mora que se cobran por el retraso en el pago de la factura despu\\u00e9s de la fecha de vencimiento. Este porcentaje est\\u00e1 regulado por la Superintendencia Financiera.IVA Financiaci\\u00f3n\\u00a0 instalaci\\u00f3n de red interna residencial:\\u00a0es el IVA que se cobra por la financiaci\\u00f3n de la instalaci\\u00f3n de gas natural. Este IVA se aplica a los intereses de financiaci\\u00f3n de la instalaci\\u00f3n interna y se aplica el 16% sobre los intereses generados en el correspondiente mes.Saldo anterior:\\u00a0es el saldo que se ha dejado de pagar en el mes o meses anteriores y que aparece acumulado en la factura.\"}},{\"@type\":\"Question\",\"name\":\"\\u00bfA partir de cu\\u00e1ndo la empresa empieza a facturar el cargo fijo en el servicio de gas natural?\",\"acceptedAnswer\":{\"@type\":\"Answer\",\"text\":\"La facturaci\\u00f3n del cargo fijo comienza una vez la empresa coloca el medidor y conecta al suscriptor a las redes locales, es decir, da disponibilidad del servicio y empieza a facturar el cargo fijo, incluso sin que el suscriptor o usuario est\\u00e9 utilizando el servicio.\"}},{\"@type\":\"Question\",\"name\":\"\\u00bfQu\\u00e9 debo hacer si no me llega la factura de Efigas a mi casa?\",\"acceptedAnswer\":{\"@type\":\"Answer\",\"text\":\"Si no recibiste la factura a su debido tiempo, debes contactar a la empresa para solicitar y reclamar un duplicado para realizar el pago oportunamente y as\\u00ed evitar posibles suspensiones del servicio.\"}}]}<\/script>\n\t\t\t\t\t\t\t<\/div>\n\t\t\t\t<\/div>\n\t\t\t\t<div class=\"elementor-element elementor-element-8967b38 elementor-widget elementor-widget-text-editor\" data-id=\"8967b38\" data-element_type=\"widget\" data-widget_type=\"text-editor.default\">\n\t\t\t\t<div class=\"elementor-widget-container\">\n\t\t\t\t\t\t\t\t\t<h2>Venta de instalaciones<\/h2>\t\t\t\t\t\t\t\t<\/div>\n\t\t\t\t<\/div>\n\t\t\t\t<div class=\"elementor-element elementor-element-a33b96f elementor-widget elementor-widget-n-accordion\" data-id=\"a33b96f\" data-element_type=\"widget\" data-settings=\"{&quot;default_state&quot;:&quot;all_collapsed&quot;,&quot;max_items_expended&quot;:&quot;one&quot;,&quot;n_accordion_animation_duration&quot;:{&quot;unit&quot;:&quot;ms&quot;,&quot;size&quot;:400,&quot;sizes&quot;:[]}}\" data-widget_type=\"nested-accordion.default\">\n\t\t\t\t<div class=\"elementor-widget-container\">\n\t\t\t\t\t\t\t<div class=\"e-n-accordion\" aria-label=\"Accordion. Open links with Enter or Space, close with Escape, and navigate with Arrow Keys\">\n\t\t\t\t\t\t<details id=\"e-n-accordion-item-1710\" class=\"e-n-accordion-item\" >\n\t\t\t\t<summary class=\"e-n-accordion-item-title\" data-accordion-index=\"1\" tabindex=\"0\" aria-expanded=\"false\" aria-controls=\"e-n-accordion-item-1710\" >\n\t\t\t\t\t<span class='e-n-accordion-item-title-header'><div class=\"e-n-accordion-item-title-text\"> \u00bfPor qu\u00e9 le venden a un arrendatario sin autorizaci\u00f3n del propietario del inmueble? <\/div><\/span>\n\t\t\t\t\t\t\t<span class='e-n-accordion-item-title-icon'>\n\t\t\t<span class='e-opened' ><svg aria-hidden=\"true\" class=\"e-font-icon-svg e-fas-minus\" viewBox=\"0 0 448 512\" xmlns=\"http:\/\/www.w3.org\/2000\/svg\"><path d=\"M416 208H32c-17.67 0-32 14.33-32 32v32c0 17.67 14.33 32 32 32h384c17.67 0 32-14.33 32-32v-32c0-17.67-14.33-32-32-32z\"><\/path><\/svg><\/span>\n\t\t\t<span class='e-closed'><svg aria-hidden=\"true\" class=\"e-font-icon-svg e-fas-plus\" viewBox=\"0 0 448 512\" xmlns=\"http:\/\/www.w3.org\/2000\/svg\"><path d=\"M416 208H272V64c0-17.67-14.33-32-32-32h-32c-17.67 0-32 14.33-32 32v144H32c-17.67 0-32 14.33-32 32v32c0 17.67 14.33 32 32 32h144v144c0 17.67 14.33 32 32 32h32c17.67 0 32-14.33 32-32V304h144c17.67 0 32-14.33 32-32v-32c0-17.67-14.33-32-32-32z\"><\/path><\/svg><\/span>\n\t\t<\/span>\n\n\t\t\t\t\t\t<\/summary>\n\t\t\t\t<div role=\"region\" aria-labelledby=\"e-n-accordion-item-1710\" class=\"elementor-element elementor-element-fb727bb e-con-full e-flex e-con e-child\" data-id=\"fb727bb\" data-element_type=\"container\" data-settings=\"{&quot;_ha_eqh_enable&quot;:false}\">\n\t\t\t\t<div class=\"elementor-element elementor-element-bad067c elementor-widget elementor-widget-text-editor\" data-id=\"bad067c\" data-element_type=\"widget\" data-widget_type=\"text-editor.default\">\n\t\t\t\t<div class=\"elementor-widget-container\">\n\t\t\t\t\t\t\t\t\t<p>Si eres un<strong>\u00a0cliente residencial de gas natural<\/strong>\u00a0te podemos trasladar \u00fanicamente el medidor que se recibir\u00e1 por un valor previamente establecido.<\/p>\t\t\t\t\t\t\t\t<\/div>\n\t\t\t\t<\/div>\n\t\t\t\t<\/div>\n\t\t\t\t\t<\/details>\n\t\t\t\t\t\t<details id=\"e-n-accordion-item-1711\" class=\"e-n-accordion-item\" >\n\t\t\t\t<summary class=\"e-n-accordion-item-title\" data-accordion-index=\"2\" tabindex=\"-1\" aria-expanded=\"false\" aria-controls=\"e-n-accordion-item-1711\" >\n\t\t\t\t\t<span class='e-n-accordion-item-title-header'><div class=\"e-n-accordion-item-title-text\"> \u00bfY por qu\u00e9 tengo que pagar por esa instalaci\u00f3n que hizo poner mi arrendatario si yo no fui quien la solicit\u00f3? <\/div><\/span>\n\t\t\t\t\t\t\t<span class='e-n-accordion-item-title-icon'>\n\t\t\t<span class='e-opened' ><svg aria-hidden=\"true\" class=\"e-font-icon-svg e-fas-minus\" viewBox=\"0 0 448 512\" xmlns=\"http:\/\/www.w3.org\/2000\/svg\"><path d=\"M416 208H32c-17.67 0-32 14.33-32 32v32c0 17.67 14.33 32 32 32h384c17.67 0 32-14.33 32-32v-32c0-17.67-14.33-32-32-32z\"><\/path><\/svg><\/span>\n\t\t\t<span class='e-closed'><svg aria-hidden=\"true\" class=\"e-font-icon-svg e-fas-plus\" viewBox=\"0 0 448 512\" xmlns=\"http:\/\/www.w3.org\/2000\/svg\"><path d=\"M416 208H272V64c0-17.67-14.33-32-32-32h-32c-17.67 0-32 14.33-32 32v144H32c-17.67 0-32 14.33-32 32v32c0 17.67 14.33 32 32 32h144v144c0 17.67 14.33 32 32 32h32c17.67 0 32-14.33 32-32V304h144c17.67 0 32-14.33 32-32v-32c0-17.67-14.33-32-32-32z\"><\/path><\/svg><\/span>\n\t\t<\/span>\n\n\t\t\t\t\t\t<\/summary>\n\t\t\t\t<div role=\"region\" aria-labelledby=\"e-n-accordion-item-1711\" class=\"elementor-element elementor-element-848b893 e-con-full e-flex e-con e-child\" data-id=\"848b893\" data-element_type=\"container\" data-settings=\"{&quot;_ha_eqh_enable&quot;:false}\">\n\t\t\t\t<div class=\"elementor-element elementor-element-2e77256 elementor-widget elementor-widget-text-editor\" data-id=\"2e77256\" data-element_type=\"widget\" data-widget_type=\"text-editor.default\">\n\t\t\t\t<div class=\"elementor-widget-container\">\n\t\t\t\t\t\t\t\t\t<p>Porque, al ser un servicio p\u00fablico, tiene un r\u00e9gimen especial que est\u00e1 regulado por la Ley 142 de 1994 la cual, en su art\u00edculo 130, dispone que el propietario o poseedor del inmueble, el suscriptor y los usuarios del servicio son solidarios en sus obligaciones y derechos en el contrato de servicios p\u00fablicos.<\/p>\t\t\t\t\t\t\t\t<\/div>\n\t\t\t\t<\/div>\n\t\t\t\t<\/div>\n\t\t\t\t\t<\/details>\n\t\t\t\t\t\t<details id=\"e-n-accordion-item-1712\" class=\"e-n-accordion-item\" >\n\t\t\t\t<summary class=\"e-n-accordion-item-title\" data-accordion-index=\"3\" tabindex=\"-1\" aria-expanded=\"false\" aria-controls=\"e-n-accordion-item-1712\" >\n\t\t\t\t\t<span class='e-n-accordion-item-title-header'><div class=\"e-n-accordion-item-title-text\"> \u00bfPuedo trasladar mi instalaci\u00f3n residencial? <\/div><\/span>\n\t\t\t\t\t\t\t<span class='e-n-accordion-item-title-icon'>\n\t\t\t<span class='e-opened' ><svg aria-hidden=\"true\" class=\"e-font-icon-svg e-fas-minus\" viewBox=\"0 0 448 512\" xmlns=\"http:\/\/www.w3.org\/2000\/svg\"><path d=\"M416 208H32c-17.67 0-32 14.33-32 32v32c0 17.67 14.33 32 32 32h384c17.67 0 32-14.33 32-32v-32c0-17.67-14.33-32-32-32z\"><\/path><\/svg><\/span>\n\t\t\t<span class='e-closed'><svg aria-hidden=\"true\" class=\"e-font-icon-svg e-fas-plus\" viewBox=\"0 0 448 512\" xmlns=\"http:\/\/www.w3.org\/2000\/svg\"><path d=\"M416 208H272V64c0-17.67-14.33-32-32-32h-32c-17.67 0-32 14.33-32 32v144H32c-17.67 0-32 14.33-32 32v32c0 17.67 14.33 32 32 32h144v144c0 17.67 14.33 32 32 32h32c17.67 0 32-14.33 32-32V304h144c17.67 0 32-14.33 32-32v-32c0-17.67-14.33-32-32-32z\"><\/path><\/svg><\/span>\n\t\t<\/span>\n\n\t\t\t\t\t\t<\/summary>\n\t\t\t\t<div role=\"region\" aria-labelledby=\"e-n-accordion-item-1712\" class=\"elementor-element elementor-element-3fb119d e-con-full e-flex e-con e-child\" data-id=\"3fb119d\" data-element_type=\"container\" data-settings=\"{&quot;_ha_eqh_enable&quot;:false}\">\n\t\t\t\t<div class=\"elementor-element elementor-element-0a6bcea elementor-widget elementor-widget-text-editor\" data-id=\"0a6bcea\" data-element_type=\"widget\" data-widget_type=\"text-editor.default\">\n\t\t\t\t<div class=\"elementor-widget-container\">\n\t\t\t\t\t\t\t\t\t<p>Porque, al ser un servicio p\u00fablico, tiene un r\u00e9gimen especial que est\u00e1 regulado por la Ley 142 de 1994 la cual, en su art\u00edculo 130, dispone que el propietario o poseedor del inmueble, el suscriptor y los usuarios del servicio son solidarios en sus obligaciones y derechos en el contrato de servicios p\u00fablicos.<\/p>\t\t\t\t\t\t\t\t<\/div>\n\t\t\t\t<\/div>\n\t\t\t\t<\/div>\n\t\t\t\t\t<\/details>\n\t\t\t\t\t\t<details id=\"e-n-accordion-item-1713\" class=\"e-n-accordion-item\" >\n\t\t\t\t<summary class=\"e-n-accordion-item-title\" data-accordion-index=\"4\" tabindex=\"-1\" aria-expanded=\"false\" aria-controls=\"e-n-accordion-item-1713\" >\n\t\t\t\t\t<span class='e-n-accordion-item-title-header'><div class=\"e-n-accordion-item-title-text\"> \u00bfPuedo trasladar mi instalaci\u00f3n comercial? <\/div><\/span>\n\t\t\t\t\t\t\t<span class='e-n-accordion-item-title-icon'>\n\t\t\t<span class='e-opened' ><svg aria-hidden=\"true\" class=\"e-font-icon-svg e-fas-minus\" viewBox=\"0 0 448 512\" xmlns=\"http:\/\/www.w3.org\/2000\/svg\"><path d=\"M416 208H32c-17.67 0-32 14.33-32 32v32c0 17.67 14.33 32 32 32h384c17.67 0 32-14.33 32-32v-32c0-17.67-14.33-32-32-32z\"><\/path><\/svg><\/span>\n\t\t\t<span class='e-closed'><svg aria-hidden=\"true\" class=\"e-font-icon-svg e-fas-plus\" viewBox=\"0 0 448 512\" xmlns=\"http:\/\/www.w3.org\/2000\/svg\"><path d=\"M416 208H272V64c0-17.67-14.33-32-32-32h-32c-17.67 0-32 14.33-32 32v144H32c-17.67 0-32 14.33-32 32v32c0 17.67 14.33 32 32 32h144v144c0 17.67 14.33 32 32 32h32c17.67 0 32-14.33 32-32V304h144c17.67 0 32-14.33 32-32v-32c0-17.67-14.33-32-32-32z\"><\/path><\/svg><\/span>\n\t\t<\/span>\n\n\t\t\t\t\t\t<\/summary>\n\t\t\t\t<div role=\"region\" aria-labelledby=\"e-n-accordion-item-1713\" class=\"elementor-element elementor-element-3f9351f e-con-full e-flex e-con e-child\" data-id=\"3f9351f\" data-element_type=\"container\" data-settings=\"{&quot;_ha_eqh_enable&quot;:false}\">\n\t\t\t\t<div class=\"elementor-element elementor-element-cd41768 elementor-widget elementor-widget-text-editor\" data-id=\"cd41768\" data-element_type=\"widget\" data-widget_type=\"text-editor.default\">\n\t\t\t\t<div class=\"elementor-widget-container\">\n\t\t\t\t\t\t\t\t\t<p>S\u00ed es posible trasladar instalaciones comerciales. La primera condici\u00f3n es que el cliente debe estar al d\u00eda con los cobros facturados y el propietario del inmueble de donde se va a retirar la instalaci\u00f3n debe presentarse personalmente en nuestras oficinas con el\u00a0<strong>certificado de tradici\u00f3n del inmueble<\/strong>\u00a0y la fotocopia de su c\u00e9dula para realizar la terminaci\u00f3n del contrato. Si la matr\u00edcula tiene saldo diferido pendiente por cancelar, el propietario del establecimiento de comercio debe firmar un reconocimiento de deuda, autorizando cargar dicho valor al predio donde se va a trasladar el medidor; este formato de reconocimiento de deuda tambi\u00e9n debe estar firmado por el propietario del inmueble donde se va a trasladar la instalaci\u00f3n. Si el propietario del inmueble donde se va a trasladar el medidor no firma el reconocimiento de deuda, el propietario del establecimiento de comercio puede garantizar o respaldar esta deuda con un codeudor con propiedad ra\u00edz, teniendo en cuenta que este procedimiento aplica para ventas nuevas, en el caso en que el propietario cumpla todas las condiciones, se genera una atenci\u00f3n en nuestro sistema comercial para que el asesor realice la cotizaci\u00f3n y determine qu\u00e9 elementos, tanto de la instalaci\u00f3n, interna como del derecho de conexi\u00f3n se pueden utilizar.<\/p>\t\t\t\t\t\t\t\t<\/div>\n\t\t\t\t<\/div>\n\t\t\t\t<\/div>\n\t\t\t\t\t<\/details>\n\t\t\t\t\t\t<details id=\"e-n-accordion-item-1714\" class=\"e-n-accordion-item\" >\n\t\t\t\t<summary class=\"e-n-accordion-item-title\" data-accordion-index=\"5\" tabindex=\"-1\" aria-expanded=\"false\" aria-controls=\"e-n-accordion-item-1714\" >\n\t\t\t\t\t<span class='e-n-accordion-item-title-header'><div class=\"e-n-accordion-item-title-text\"> Necesito una instalaci\u00f3n para mi casa, \u00bfcu\u00e1nto vale? <\/div><\/span>\n\t\t\t\t\t\t\t<span class='e-n-accordion-item-title-icon'>\n\t\t\t<span class='e-opened' ><svg aria-hidden=\"true\" class=\"e-font-icon-svg e-fas-minus\" viewBox=\"0 0 448 512\" xmlns=\"http:\/\/www.w3.org\/2000\/svg\"><path d=\"M416 208H32c-17.67 0-32 14.33-32 32v32c0 17.67 14.33 32 32 32h384c17.67 0 32-14.33 32-32v-32c0-17.67-14.33-32-32-32z\"><\/path><\/svg><\/span>\n\t\t\t<span class='e-closed'><svg aria-hidden=\"true\" class=\"e-font-icon-svg e-fas-plus\" viewBox=\"0 0 448 512\" xmlns=\"http:\/\/www.w3.org\/2000\/svg\"><path d=\"M416 208H272V64c0-17.67-14.33-32-32-32h-32c-17.67 0-32 14.33-32 32v144H32c-17.67 0-32 14.33-32 32v32c0 17.67 14.33 32 32 32h144v144c0 17.67 14.33 32 32 32h32c17.67 0 32-14.33 32-32V304h144c17.67 0 32-14.33 32-32v-32c0-17.67-14.33-32-32-32z\"><\/path><\/svg><\/span>\n\t\t<\/span>\n\n\t\t\t\t\t\t<\/summary>\n\t\t\t\t<div role=\"region\" aria-labelledby=\"e-n-accordion-item-1714\" class=\"elementor-element elementor-element-919818e e-con-full e-flex e-con e-child\" data-id=\"919818e\" data-element_type=\"container\" data-settings=\"{&quot;_ha_eqh_enable&quot;:false}\">\n\t\t\t\t<div class=\"elementor-element elementor-element-c0019d4 elementor-widget elementor-widget-text-editor\" data-id=\"c0019d4\" data-element_type=\"widget\" data-widget_type=\"text-editor.default\">\n\t\t\t\t<div class=\"elementor-widget-container\">\n\t\t\t\t\t\t\t\t\t<p>En este caso se genera una orden en el sistema para que el\u00a0<strong>asesor comercial<\/strong>\u00a0visite tu vivienda o te llame para acordar una cita que ser\u00e1 para explicar qu\u00e9 tipo de instalaciones existen y as\u00ed puedas escoger de acuerdo con tus necesidades. El asesor te explicar\u00e1 el precio y las diferentes formas de pago que tenemos a tu disposici\u00f3n.<\/p>\t\t\t\t\t\t\t\t<\/div>\n\t\t\t\t<\/div>\n\t\t\t\t<\/div>\n\t\t\t\t\t<\/details>\n\t\t\t\t\t\t<details id=\"e-n-accordion-item-1715\" class=\"e-n-accordion-item\" >\n\t\t\t\t<summary class=\"e-n-accordion-item-title\" data-accordion-index=\"6\" tabindex=\"-1\" aria-expanded=\"false\" aria-controls=\"e-n-accordion-item-1715\" >\n\t\t\t\t\t<span class='e-n-accordion-item-title-header'><div class=\"e-n-accordion-item-title-text\"> Necesito un gasodom\u00e9stico, \u00bfcu\u00e1nto vale? <\/div><\/span>\n\t\t\t\t\t\t\t<span class='e-n-accordion-item-title-icon'>\n\t\t\t<span class='e-opened' ><svg aria-hidden=\"true\" class=\"e-font-icon-svg e-fas-minus\" viewBox=\"0 0 448 512\" xmlns=\"http:\/\/www.w3.org\/2000\/svg\"><path d=\"M416 208H32c-17.67 0-32 14.33-32 32v32c0 17.67 14.33 32 32 32h384c17.67 0 32-14.33 32-32v-32c0-17.67-14.33-32-32-32z\"><\/path><\/svg><\/span>\n\t\t\t<span class='e-closed'><svg aria-hidden=\"true\" class=\"e-font-icon-svg e-fas-plus\" viewBox=\"0 0 448 512\" xmlns=\"http:\/\/www.w3.org\/2000\/svg\"><path d=\"M416 208H272V64c0-17.67-14.33-32-32-32h-32c-17.67 0-32 14.33-32 32v144H32c-17.67 0-32 14.33-32 32v32c0 17.67 14.33 32 32 32h144v144c0 17.67 14.33 32 32 32h32c17.67 0 32-14.33 32-32V304h144c17.67 0 32-14.33 32-32v-32c0-17.67-14.33-32-32-32z\"><\/path><\/svg><\/span>\n\t\t<\/span>\n\n\t\t\t\t\t\t<\/summary>\n\t\t\t\t<div role=\"region\" aria-labelledby=\"e-n-accordion-item-1715\" class=\"elementor-element elementor-element-8f62774 e-con-full e-flex e-con e-child\" data-id=\"8f62774\" data-element_type=\"container\" data-settings=\"{&quot;_ha_eqh_enable&quot;:false}\">\n\t\t\t\t<div class=\"elementor-element elementor-element-ca64e7f elementor-widget elementor-widget-text-editor\" data-id=\"ca64e7f\" data-element_type=\"widget\" data-widget_type=\"text-editor.default\">\n\t\t\t\t<div class=\"elementor-widget-container\">\n\t\t\t\t\t\t\t\t\t<p>Se genera una orden en el sistema comercial para que el asesor comercial visite tu vivienda o te llame para acordar una cita en la que te ense\u00f1ar\u00e1n nuestro\u00a0<strong>portafolio de gasodom\u00e9sticos<\/strong>\u00a0y podr\u00e1s escoger de acuerdo con sus necesidades. Tambi\u00e9n te explicar\u00e1 el precio, cotizar\u00e1 las adecuaciones que se deben realizar para la\u00a0<strong>instalaci\u00f3n de los gasodom\u00e9sticos<\/strong>\u00a0en caso de ser necesarias y las diferentes formas de pago que tenemos a tu disposici\u00f3n.<\/p>\t\t\t\t\t\t\t\t<\/div>\n\t\t\t\t<\/div>\n\t\t\t\t<\/div>\n\t\t\t\t\t<\/details>\n\t\t\t\t\t<\/div>\n\t\t\t\t\t<script type=\"application\/ld+json\">{\"@context\":\"https:\\\/\\\/schema.org\",\"@type\":\"FAQPage\",\"mainEntity\":[{\"@type\":\"Question\",\"name\":\"\\u00bfPor qu\\u00e9 le venden a un arrendatario sin autorizaci\\u00f3n del propietario del inmueble?\",\"acceptedAnswer\":{\"@type\":\"Answer\",\"text\":\"Si eres un\\u00a0cliente residencial de gas natural\\u00a0te podemos trasladar \\u00fanicamente el medidor que se recibir\\u00e1 por un valor previamente establecido.\"}},{\"@type\":\"Question\",\"name\":\"\\u00bfY por qu\\u00e9 tengo que pagar por esa instalaci\\u00f3n que hizo poner mi arrendatario si yo no fui quien la solicit\\u00f3?\",\"acceptedAnswer\":{\"@type\":\"Answer\",\"text\":\"Porque, al ser un servicio p\\u00fablico, tiene un r\\u00e9gimen especial que est\\u00e1 regulado por la Ley 142 de 1994 la cual, en su art\\u00edculo 130, dispone que el propietario o poseedor del inmueble, el suscriptor y los usuarios del servicio son solidarios en sus obligaciones y derechos en el contrato de servicios p\\u00fablicos.\"}},{\"@type\":\"Question\",\"name\":\"\\u00bfPuedo trasladar mi instalaci\\u00f3n residencial?\",\"acceptedAnswer\":{\"@type\":\"Answer\",\"text\":\"Porque, al ser un servicio p\\u00fablico, tiene un r\\u00e9gimen especial que est\\u00e1 regulado por la Ley 142 de 1994 la cual, en su art\\u00edculo 130, dispone que el propietario o poseedor del inmueble, el suscriptor y los usuarios del servicio son solidarios en sus obligaciones y derechos en el contrato de servicios p\\u00fablicos.\"}},{\"@type\":\"Question\",\"name\":\"\\u00bfPuedo trasladar mi instalaci\\u00f3n comercial?\",\"acceptedAnswer\":{\"@type\":\"Answer\",\"text\":\"S\\u00ed es posible trasladar instalaciones comerciales. La primera condici\\u00f3n es que el cliente debe estar al d\\u00eda con los cobros facturados y el propietario del inmueble de donde se va a retirar la instalaci\\u00f3n debe presentarse personalmente en nuestras oficinas con el\\u00a0certificado de tradici\\u00f3n del inmueble\\u00a0y la fotocopia de su c\\u00e9dula para realizar la terminaci\\u00f3n del contrato. Si la matr\\u00edcula tiene saldo diferido pendiente por cancelar, el propietario del establecimiento de comercio debe firmar un reconocimiento de deuda, autorizando cargar dicho valor al predio donde se va a trasladar el medidor; este formato de reconocimiento de deuda tambi\\u00e9n debe estar firmado por el propietario del inmueble donde se va a trasladar la instalaci\\u00f3n. Si el propietario del inmueble donde se va a trasladar el medidor no firma el reconocimiento de deuda, el propietario del establecimiento de comercio puede garantizar o respaldar esta deuda con un codeudor con propiedad ra\\u00edz, teniendo en cuenta que este procedimiento aplica para ventas nuevas, en el caso en que el propietario cumpla todas las condiciones, se genera una atenci\\u00f3n en nuestro sistema comercial para que el asesor realice la cotizaci\\u00f3n y determine qu\\u00e9 elementos, tanto de la instalaci\\u00f3n, interna como del derecho de conexi\\u00f3n se pueden utilizar.\"}},{\"@type\":\"Question\",\"name\":\"Necesito una instalaci\\u00f3n para mi casa, \\u00bfcu\\u00e1nto vale?\",\"acceptedAnswer\":{\"@type\":\"Answer\",\"text\":\"En este caso se genera una orden en el sistema para que el\\u00a0asesor comercial\\u00a0visite tu vivienda o te llame para acordar una cita que ser\\u00e1 para explicar qu\\u00e9 tipo de instalaciones existen y as\\u00ed puedas escoger de acuerdo con tus necesidades. El asesor te explicar\\u00e1 el precio y las diferentes formas de pago que tenemos a tu disposici\\u00f3n.\"}},{\"@type\":\"Question\",\"name\":\"Necesito un gasodom\\u00e9stico, \\u00bfcu\\u00e1nto vale?\",\"acceptedAnswer\":{\"@type\":\"Answer\",\"text\":\"Se genera una orden en el sistema comercial para que el asesor comercial visite tu vivienda o te llame para acordar una cita en la que te ense\\u00f1ar\\u00e1n nuestro\\u00a0portafolio de gasodom\\u00e9sticos\\u00a0y podr\\u00e1s escoger de acuerdo con sus necesidades. Tambi\\u00e9n te explicar\\u00e1 el precio, cotizar\\u00e1 las adecuaciones que se deben realizar para la\\u00a0instalaci\\u00f3n de los gasodom\\u00e9sticos\\u00a0en caso de ser necesarias y las diferentes formas de pago que tenemos a tu disposici\\u00f3n.\"}}]}<\/script>\n\t\t\t\t\t\t\t<\/div>\n\t\t\t\t<\/div>\n\t\t\t\t<div class=\"elementor-element elementor-element-0758d2d elementor-widget elementor-widget-text-editor\" data-id=\"0758d2d\" data-element_type=\"widget\" data-widget_type=\"text-editor.default\">\n\t\t\t\t<div class=\"elementor-widget-container\">\n\t\t\t\t\t\t\t\t\t<h2>Cartera Efigas<\/h2>\t\t\t\t\t\t\t\t<\/div>\n\t\t\t\t<\/div>\n\t\t\t\t<div class=\"elementor-element elementor-element-7751204 elementor-widget elementor-widget-n-accordion\" data-id=\"7751204\" data-element_type=\"widget\" data-settings=\"{&quot;default_state&quot;:&quot;all_collapsed&quot;,&quot;max_items_expended&quot;:&quot;one&quot;,&quot;n_accordion_animation_duration&quot;:{&quot;unit&quot;:&quot;ms&quot;,&quot;size&quot;:400,&quot;sizes&quot;:[]}}\" data-widget_type=\"nested-accordion.default\">\n\t\t\t\t<div class=\"elementor-widget-container\">\n\t\t\t\t\t\t\t<div class=\"e-n-accordion\" aria-label=\"Accordion. Open links with Enter or Space, close with Escape, and navigate with Arrow Keys\">\n\t\t\t\t\t\t<details id=\"e-n-accordion-item-1250\" class=\"e-n-accordion-item\" >\n\t\t\t\t<summary class=\"e-n-accordion-item-title\" data-accordion-index=\"1\" tabindex=\"0\" aria-expanded=\"false\" aria-controls=\"e-n-accordion-item-1250\" >\n\t\t\t\t\t<span class='e-n-accordion-item-title-header'><div class=\"e-n-accordion-item-title-text\"> \u00bfPor qu\u00e9 la reconexi\u00f3n\/reinstalaci\u00f3n del gas natural cuesta tanto? <\/div><\/span>\n\t\t\t\t\t\t\t<span class='e-n-accordion-item-title-icon'>\n\t\t\t<span class='e-opened' ><svg aria-hidden=\"true\" class=\"e-font-icon-svg e-fas-minus\" viewBox=\"0 0 448 512\" xmlns=\"http:\/\/www.w3.org\/2000\/svg\"><path d=\"M416 208H32c-17.67 0-32 14.33-32 32v32c0 17.67 14.33 32 32 32h384c17.67 0 32-14.33 32-32v-32c0-17.67-14.33-32-32-32z\"><\/path><\/svg><\/span>\n\t\t\t<span class='e-closed'><svg aria-hidden=\"true\" class=\"e-font-icon-svg e-fas-plus\" viewBox=\"0 0 448 512\" xmlns=\"http:\/\/www.w3.org\/2000\/svg\"><path d=\"M416 208H272V64c0-17.67-14.33-32-32-32h-32c-17.67 0-32 14.33-32 32v144H32c-17.67 0-32 14.33-32 32v32c0 17.67 14.33 32 32 32h144v144c0 17.67 14.33 32 32 32h32c17.67 0 32-14.33 32-32V304h144c17.67 0 32-14.33 32-32v-32c0-17.67-14.33-32-32-32z\"><\/path><\/svg><\/span>\n\t\t<\/span>\n\n\t\t\t\t\t\t<\/summary>\n\t\t\t\t<div role=\"region\" aria-labelledby=\"e-n-accordion-item-1250\" class=\"elementor-element elementor-element-73254c4 e-con-full e-flex e-con e-child\" data-id=\"73254c4\" data-element_type=\"container\" data-settings=\"{&quot;_ha_eqh_enable&quot;:false}\">\n\t\t\t\t<div class=\"elementor-element elementor-element-e31b2d8 elementor-widget elementor-widget-text-editor\" data-id=\"e31b2d8\" data-element_type=\"widget\" data-widget_type=\"text-editor.default\">\n\t\t\t\t<div class=\"elementor-widget-container\">\n\t\t\t\t\t\t\t\t\t<p>Una vez superadas las causas que dieron lugar a la suspensi\u00f3n (ejemplo: una vez se haya puesto al d\u00eda en las facturas, si la suspensi\u00f3n se dio por mora en el pago de las mismas, etc.), el servicio se debe restablecer en el plazo que fija la empresa en el contrato de condiciones uniformes, el cual no podr\u00e1 exceder tres (3) d\u00edas de acuerdo con lo establecido en la Resoluci\u00f3n\u00a0<strong>CREG (Comisi\u00f3n de Regulaci\u00f3n de Energ\u00eda y Gas<\/strong><strong>)<\/strong>\u00a0108 de 1997.<\/p>\t\t\t\t\t\t\t\t<\/div>\n\t\t\t\t<\/div>\n\t\t\t\t<\/div>\n\t\t\t\t\t<\/details>\n\t\t\t\t\t\t<details id=\"e-n-accordion-item-1251\" class=\"e-n-accordion-item\" >\n\t\t\t\t<summary class=\"e-n-accordion-item-title\" data-accordion-index=\"2\" tabindex=\"-1\" aria-expanded=\"false\" aria-controls=\"e-n-accordion-item-1251\" >\n\t\t\t\t\t<span class='e-n-accordion-item-title-header'><div class=\"e-n-accordion-item-title-text\"> Me lleg\u00f3 una carta de los abogados amenaz\u00e1ndome que si no les pago me mandar\u00e1n a cobro jur\u00eddico y me embargar\u00e1n mi casa, as\u00ed como se la han embargado a otras personas. <\/div><\/span>\n\t\t\t\t\t\t\t<span class='e-n-accordion-item-title-icon'>\n\t\t\t<span class='e-opened' ><svg aria-hidden=\"true\" class=\"e-font-icon-svg e-fas-minus\" viewBox=\"0 0 448 512\" xmlns=\"http:\/\/www.w3.org\/2000\/svg\"><path d=\"M416 208H32c-17.67 0-32 14.33-32 32v32c0 17.67 14.33 32 32 32h384c17.67 0 32-14.33 32-32v-32c0-17.67-14.33-32-32-32z\"><\/path><\/svg><\/span>\n\t\t\t<span class='e-closed'><svg aria-hidden=\"true\" class=\"e-font-icon-svg e-fas-plus\" viewBox=\"0 0 448 512\" xmlns=\"http:\/\/www.w3.org\/2000\/svg\"><path d=\"M416 208H272V64c0-17.67-14.33-32-32-32h-32c-17.67 0-32 14.33-32 32v144H32c-17.67 0-32 14.33-32 32v32c0 17.67 14.33 32 32 32h144v144c0 17.67 14.33 32 32 32h32c17.67 0 32-14.33 32-32V304h144c17.67 0 32-14.33 32-32v-32c0-17.67-14.33-32-32-32z\"><\/path><\/svg><\/span>\n\t\t<\/span>\n\n\t\t\t\t\t\t<\/summary>\n\t\t\t\t<div role=\"region\" aria-labelledby=\"e-n-accordion-item-1251\" class=\"elementor-element elementor-element-1613d40 e-con-full e-flex e-con e-child\" data-id=\"1613d40\" data-element_type=\"container\" data-settings=\"{&quot;_ha_eqh_enable&quot;:false}\">\n\t\t\t\t<div class=\"elementor-element elementor-element-f2d0b21 elementor-widget elementor-widget-text-editor\" data-id=\"f2d0b21\" data-element_type=\"widget\" data-widget_type=\"text-editor.default\">\n\t\t\t\t<div class=\"elementor-widget-container\">\n\t\t\t\t\t\t\t\t\t<p>Si te encuentras ante esta situaci\u00f3n es porque en este momento se est\u00e1 adelantando un procedimiento de\u00a0<strong>cobro prejur\u00eddico<\/strong>. El objetivo de dicho procedimiento es que a trav\u00e9s de nuestras empresas de cobranzas se llegue a un acuerdo de pago que se ajuste a tu presupuesto y te permite ponerte al d\u00eda y de nuevo disfrutar del servicio de gas natural. En caso de aceptar, te proponemos un acuerdo de pago de acuerdo con las pol\u00edticas establecidas por el proceso de Gesti\u00f3n de recaudos por bienes y servicios. En caso de que persista la insistencia en no pagar, la empresa podr\u00e1 iniciar un cobro ejecutivo con el fin de recuperar los valores adeudados.<\/p>\t\t\t\t\t\t\t\t<\/div>\n\t\t\t\t<\/div>\n\t\t\t\t<\/div>\n\t\t\t\t\t<\/details>\n\t\t\t\t\t\t<details id=\"e-n-accordion-item-1252\" class=\"e-n-accordion-item\" >\n\t\t\t\t<summary class=\"e-n-accordion-item-title\" data-accordion-index=\"3\" tabindex=\"-1\" aria-expanded=\"false\" aria-controls=\"e-n-accordion-item-1252\" >\n\t\t\t\t\t<span class='e-n-accordion-item-title-header'><div class=\"e-n-accordion-item-title-text\"> \u00bfCu\u00e1nto tiempo tiene la empresa para restablecer el servicio de gas natural despu\u00e9s de la suspensi\u00f3n? <\/div><\/span>\n\t\t\t\t\t\t\t<span class='e-n-accordion-item-title-icon'>\n\t\t\t<span class='e-opened' ><svg aria-hidden=\"true\" class=\"e-font-icon-svg e-fas-minus\" viewBox=\"0 0 448 512\" xmlns=\"http:\/\/www.w3.org\/2000\/svg\"><path d=\"M416 208H32c-17.67 0-32 14.33-32 32v32c0 17.67 14.33 32 32 32h384c17.67 0 32-14.33 32-32v-32c0-17.67-14.33-32-32-32z\"><\/path><\/svg><\/span>\n\t\t\t<span class='e-closed'><svg aria-hidden=\"true\" class=\"e-font-icon-svg e-fas-plus\" viewBox=\"0 0 448 512\" xmlns=\"http:\/\/www.w3.org\/2000\/svg\"><path d=\"M416 208H272V64c0-17.67-14.33-32-32-32h-32c-17.67 0-32 14.33-32 32v144H32c-17.67 0-32 14.33-32 32v32c0 17.67 14.33 32 32 32h144v144c0 17.67 14.33 32 32 32h32c17.67 0 32-14.33 32-32V304h144c17.67 0 32-14.33 32-32v-32c0-17.67-14.33-32-32-32z\"><\/path><\/svg><\/span>\n\t\t<\/span>\n\n\t\t\t\t\t\t<\/summary>\n\t\t\t\t<div role=\"region\" aria-labelledby=\"e-n-accordion-item-1252\" class=\"elementor-element elementor-element-869bd73 e-con-full e-flex e-con e-child\" data-id=\"869bd73\" data-element_type=\"container\" data-settings=\"{&quot;_ha_eqh_enable&quot;:false}\">\n\t\t\t\t<div class=\"elementor-element elementor-element-16e7b0c elementor-widget elementor-widget-text-editor\" data-id=\"16e7b0c\" data-element_type=\"widget\" data-widget_type=\"text-editor.default\">\n\t\t\t\t<div class=\"elementor-widget-container\">\n\t\t\t\t\t\t\t\t\t<p>Si te encuentras ante esta situaci\u00f3n es porque en este momento se est\u00e1 adelantando un procedimiento de\u00a0<strong>cobro prejur\u00eddico<\/strong>. El objetivo de dicho procedimiento es que a trav\u00e9s de nuestras empresas de cobranzas se llegue a un acuerdo de pago que se ajuste a tu presupuesto y te permite ponerte al d\u00eda y de nuevo disfrutar del servicio de gas natural. En caso de aceptar, te proponemos un acuerdo de pago de acuerdo con las pol\u00edticas establecidas por el proceso de Gesti\u00f3n de recaudos por bienes y servicios. En caso de que persista la insistencia en no pagar, la empresa podr\u00e1 iniciar un cobro ejecutivo con el fin de recuperar los valores adeudados.<\/p>\t\t\t\t\t\t\t\t<\/div>\n\t\t\t\t<\/div>\n\t\t\t\t<\/div>\n\t\t\t\t\t<\/details>\n\t\t\t\t\t<\/div>\n\t\t\t\t\t<script type=\"application\/ld+json\">{\"@context\":\"https:\\\/\\\/schema.org\",\"@type\":\"FAQPage\",\"mainEntity\":[{\"@type\":\"Question\",\"name\":\"\\u00bfPor qu\\u00e9 la reconexi\\u00f3n\\\/reinstalaci\\u00f3n del gas natural cuesta tanto?\",\"acceptedAnswer\":{\"@type\":\"Answer\",\"text\":\"Una vez superadas las causas que dieron lugar a la suspensi\\u00f3n (ejemplo: una vez se haya puesto al d\\u00eda en las facturas, si la suspensi\\u00f3n se dio por mora en el pago de las mismas, etc.), el servicio se debe restablecer en el plazo que fija la empresa en el contrato de condiciones uniformes, el cual no podr\\u00e1 exceder tres (3) d\\u00edas de acuerdo con lo establecido en la Resoluci\\u00f3n\\u00a0CREG (Comisi\\u00f3n de Regulaci\\u00f3n de Energ\\u00eda y Gas)\\u00a0108 de 1997.\"}},{\"@type\":\"Question\",\"name\":\"Me lleg\\u00f3 una carta de los abogados amenaz\\u00e1ndome que si no les pago me mandar\\u00e1n a cobro jur\\u00eddico y me embargar\\u00e1n mi casa, as\\u00ed como se la han embargado a otras personas.\",\"acceptedAnswer\":{\"@type\":\"Answer\",\"text\":\"Si te encuentras ante esta situaci\\u00f3n es porque en este momento se est\\u00e1 adelantando un procedimiento de\\u00a0cobro prejur\\u00eddico. El objetivo de dicho procedimiento es que a trav\\u00e9s de nuestras empresas de cobranzas se llegue a un acuerdo de pago que se ajuste a tu presupuesto y te permite ponerte al d\\u00eda y de nuevo disfrutar del servicio de gas natural. En caso de aceptar, te proponemos un acuerdo de pago de acuerdo con las pol\\u00edticas establecidas por el proceso de Gesti\\u00f3n de recaudos por bienes y servicios. En caso de que persista la insistencia en no pagar, la empresa podr\\u00e1 iniciar un cobro ejecutivo con el fin de recuperar los valores adeudados.\"}},{\"@type\":\"Question\",\"name\":\"\\u00bfCu\\u00e1nto tiempo tiene la empresa para restablecer el servicio de gas natural despu\\u00e9s de la suspensi\\u00f3n?\",\"acceptedAnswer\":{\"@type\":\"Answer\",\"text\":\"Si te encuentras ante esta situaci\\u00f3n es porque en este momento se est\\u00e1 adelantando un procedimiento de\\u00a0cobro prejur\\u00eddico. El objetivo de dicho procedimiento es que a trav\\u00e9s de nuestras empresas de cobranzas se llegue a un acuerdo de pago que se ajuste a tu presupuesto y te permite ponerte al d\\u00eda y de nuevo disfrutar del servicio de gas natural. En caso de aceptar, te proponemos un acuerdo de pago de acuerdo con las pol\\u00edticas establecidas por el proceso de Gesti\\u00f3n de recaudos por bienes y servicios. En caso de que persista la insistencia en no pagar, la empresa podr\\u00e1 iniciar un cobro ejecutivo con el fin de recuperar los valores adeudados.\"}}]}<\/script>\n\t\t\t\t\t\t\t<\/div>\n\t\t\t\t<\/div>\n\t\t\t\t<div class=\"elementor-element elementor-element-71b0794 elementor-widget elementor-widget-text-editor\" data-id=\"71b0794\" data-element_type=\"widget\" data-widget_type=\"text-editor.default\">\n\t\t\t\t<div class=\"elementor-widget-container\">\n\t\t\t\t\t\t\t\t\t<h2>Revisi\u00f3n T\u00e9cnica Reglamentaria (RTR)\u00a0<\/h2>\t\t\t\t\t\t\t\t<\/div>\n\t\t\t\t<\/div>\n\t\t\t\t<div class=\"elementor-element elementor-element-d690de5 elementor-widget elementor-widget-n-accordion\" data-id=\"d690de5\" data-element_type=\"widget\" data-settings=\"{&quot;default_state&quot;:&quot;all_collapsed&quot;,&quot;max_items_expended&quot;:&quot;one&quot;,&quot;n_accordion_animation_duration&quot;:{&quot;unit&quot;:&quot;ms&quot;,&quot;size&quot;:400,&quot;sizes&quot;:[]}}\" data-widget_type=\"nested-accordion.default\">\n\t\t\t\t<div class=\"elementor-widget-container\">\n\t\t\t\t\t\t\t<div class=\"e-n-accordion\" aria-label=\"Accordion. Open links with Enter or Space, close with Escape, and navigate with Arrow Keys\">\n\t\t\t\t\t\t<details id=\"e-n-accordion-item-2240\" class=\"e-n-accordion-item\" >\n\t\t\t\t<summary class=\"e-n-accordion-item-title\" data-accordion-index=\"1\" tabindex=\"0\" aria-expanded=\"false\" aria-controls=\"e-n-accordion-item-2240\" >\n\t\t\t\t\t<span class='e-n-accordion-item-title-header'><div class=\"e-n-accordion-item-title-text\"> \u00bfPor qu\u00e9 tengo que hacer la Revisi\u00f3n T\u00e9cnica Reglamentaria de mi instalaci\u00f3n de gas natural cada cinco a\u00f1os si ustedes fueron quienes me la construyeron? <\/div><\/span>\n\t\t\t\t\t\t\t<span class='e-n-accordion-item-title-icon'>\n\t\t\t<span class='e-opened' ><svg aria-hidden=\"true\" class=\"e-font-icon-svg e-fas-minus\" viewBox=\"0 0 448 512\" xmlns=\"http:\/\/www.w3.org\/2000\/svg\"><path d=\"M416 208H32c-17.67 0-32 14.33-32 32v32c0 17.67 14.33 32 32 32h384c17.67 0 32-14.33 32-32v-32c0-17.67-14.33-32-32-32z\"><\/path><\/svg><\/span>\n\t\t\t<span class='e-closed'><svg aria-hidden=\"true\" class=\"e-font-icon-svg e-fas-plus\" viewBox=\"0 0 448 512\" xmlns=\"http:\/\/www.w3.org\/2000\/svg\"><path d=\"M416 208H272V64c0-17.67-14.33-32-32-32h-32c-17.67 0-32 14.33-32 32v144H32c-17.67 0-32 14.33-32 32v32c0 17.67 14.33 32 32 32h144v144c0 17.67 14.33 32 32 32h32c17.67 0 32-14.33 32-32V304h144c17.67 0 32-14.33 32-32v-32c0-17.67-14.33-32-32-32z\"><\/path><\/svg><\/span>\n\t\t<\/span>\n\n\t\t\t\t\t\t<\/summary>\n\t\t\t\t<div role=\"region\" aria-labelledby=\"e-n-accordion-item-2240\" class=\"elementor-element elementor-element-fabd6f7 e-con-full e-flex e-con e-child\" data-id=\"fabd6f7\" data-element_type=\"container\" data-settings=\"{&quot;_ha_eqh_enable&quot;:false}\">\n\t\t\t\t<div class=\"elementor-element elementor-element-e175619 elementor-widget elementor-widget-text-editor\" data-id=\"e175619\" data-element_type=\"widget\" data-widget_type=\"text-editor.default\">\n\t\t\t\t<div class=\"elementor-widget-container\">\n\t\t\t\t\t\t\t\t\t<p>Porque lo que se pretende mediante esta inspecci\u00f3n que se debe hacer m\u00e1ximo cada cinco a\u00f1os y que fue dispuesta por la Resoluci\u00f3n 067 de 1995 de la<strong>\u00a0CREG (Comisi\u00f3n de Regulaci\u00f3n de Energ\u00eda y Gas)<\/strong>\u00a0y la Resoluci\u00f3n 14471 de 2002 de la<strong>\u00a0SIC (Superintendencia de Industria y Comercio)<\/strong>\u00a0es asegurar mediante una\u00a0<strong>Revisi\u00f3n T\u00e9cnica Reglamentaria<\/strong>\u00a0que las\u00a0<strong>acometidas, l\u00ednea matriz, centros de medici\u00f3n de gas natural, instalaciones internas y gasodom\u00e9sticos<\/strong>\u00a0de los\u00a0<strong>usuarios residenciale<\/strong><strong>s<\/strong>\u00a0y no residenciales cumplan la Normativa T\u00e9cnica y de Seguridad Vigente con el fin de asegurar que la red est\u00e9 operando bajo condiciones seguras y confiables y se proceda a la\u00a0<strong>certificaci\u00f3n de la red de gas natural<\/strong>.<\/p><p><strong>Nota:<\/strong> si deseas conocer las normas que aplican te remitimos a la Resoluci\u00f3n 14471 de 2002 de la SIC (Superintendencia de Industria y Comercio) y la NTC (Norma T\u00e9cnica Colombiana) 2505 (que ha sufrido cuatro modificaciones oficiales) que establecen los par\u00e1metros generales para la construcci\u00f3n de una red. Adicionalmente, la Resoluci\u00f3n 14471 de 2002 dispone lo relacionado con certificaci\u00f3n de la red y certificaci\u00f3n de competencias laborales, la NTC (Norma T\u00e9cnica Colombiana) 3631 que dicta los par\u00e1metros en materia de ventilaci\u00f3n, la NTC (Norma T\u00e9cnica Colombiana) 3833 que establece las disposiciones para la evacuaci\u00f3n de los productos de la combusti\u00f3n y la NTC (Norma T\u00e9cnica Colombiana) 3632 que dispone lo relativo a los\u00a0<strong>gasodom\u00e9sticos<\/strong>.<\/p>\t\t\t\t\t\t\t\t<\/div>\n\t\t\t\t<\/div>\n\t\t\t\t<\/div>\n\t\t\t\t\t<\/details>\n\t\t\t\t\t\t<details id=\"e-n-accordion-item-2241\" class=\"e-n-accordion-item\" >\n\t\t\t\t<summary class=\"e-n-accordion-item-title\" data-accordion-index=\"2\" tabindex=\"-1\" aria-expanded=\"false\" aria-controls=\"e-n-accordion-item-2241\" >\n\t\t\t\t\t<span class='e-n-accordion-item-title-header'><div class=\"e-n-accordion-item-title-text\"> \u00bfPor qu\u00e9 tengo que realizar unas reparaciones en mi red si ustedes fueron quienes la construyeron cumpliendo las normas y yo nunca le he hecho ninguna modificaci\u00f3n? <\/div><\/span>\n\t\t\t\t\t\t\t<span class='e-n-accordion-item-title-icon'>\n\t\t\t<span class='e-opened' ><svg aria-hidden=\"true\" class=\"e-font-icon-svg e-fas-minus\" viewBox=\"0 0 448 512\" xmlns=\"http:\/\/www.w3.org\/2000\/svg\"><path d=\"M416 208H32c-17.67 0-32 14.33-32 32v32c0 17.67 14.33 32 32 32h384c17.67 0 32-14.33 32-32v-32c0-17.67-14.33-32-32-32z\"><\/path><\/svg><\/span>\n\t\t\t<span class='e-closed'><svg aria-hidden=\"true\" class=\"e-font-icon-svg e-fas-plus\" viewBox=\"0 0 448 512\" xmlns=\"http:\/\/www.w3.org\/2000\/svg\"><path d=\"M416 208H272V64c0-17.67-14.33-32-32-32h-32c-17.67 0-32 14.33-32 32v144H32c-17.67 0-32 14.33-32 32v32c0 17.67 14.33 32 32 32h144v144c0 17.67 14.33 32 32 32h32c17.67 0 32-14.33 32-32V304h144c17.67 0 32-14.33 32-32v-32c0-17.67-14.33-32-32-32z\"><\/path><\/svg><\/span>\n\t\t<\/span>\n\n\t\t\t\t\t\t<\/summary>\n\t\t\t\t<div role=\"region\" aria-labelledby=\"e-n-accordion-item-2241\" class=\"elementor-element elementor-element-1c462be e-con-full e-flex e-con e-child\" data-id=\"1c462be\" data-element_type=\"container\" data-settings=\"{&quot;_ha_eqh_enable&quot;:false}\">\n\t\t\t\t<div class=\"elementor-element elementor-element-5d53a31 elementor-widget elementor-widget-text-editor\" data-id=\"5d53a31\" data-element_type=\"widget\" data-widget_type=\"text-editor.default\">\n\t\t\t\t<div class=\"elementor-widget-container\">\n\t\t\t\t\t\t\t\t\t<p>Porque, a pesar de que la\u00a0<strong>red de gas natural\u00a0<\/strong>se construy\u00f3 en su momento cumpliendo con la normatividad vigente, estas normas en el transcurso del tiempo han sufrido modificaciones o adiciones que afectan las instalaciones de algunas viviendas. Adicionalmente, con el pasar del tiempo, las instalaciones pueden verse afectadas por factores ajenos al usuario, tales como sismos, asentamientos del terreno, paso continuo de veh\u00edculos que generen vibraci\u00f3n de la vivienda, entre otros, lo cual genera alteraciones en las redes, de tal forma que puedan tornarse inseguras.<\/p>\t\t\t\t\t\t\t\t<\/div>\n\t\t\t\t<\/div>\n\t\t\t\t<\/div>\n\t\t\t\t\t<\/details>\n\t\t\t\t\t<\/div>\n\t\t\t\t\t<script type=\"application\/ld+json\">{\"@context\":\"https:\\\/\\\/schema.org\",\"@type\":\"FAQPage\",\"mainEntity\":[{\"@type\":\"Question\",\"name\":\"\\u00bfPor qu\\u00e9 tengo que hacer la Revisi\\u00f3n T\\u00e9cnica Reglamentaria de mi instalaci\\u00f3n de gas natural cada cinco a\\u00f1os si ustedes fueron quienes me la construyeron?\",\"acceptedAnswer\":{\"@type\":\"Answer\",\"text\":\"Porque lo que se pretende mediante esta inspecci\\u00f3n que se debe hacer m\\u00e1ximo cada cinco a\\u00f1os y que fue dispuesta por la Resoluci\\u00f3n 067 de 1995 de la\\u00a0CREG (Comisi\\u00f3n de Regulaci\\u00f3n de Energ\\u00eda y Gas)\\u00a0y la Resoluci\\u00f3n 14471 de 2002 de la\\u00a0SIC (Superintendencia de Industria y Comercio)\\u00a0es asegurar mediante una\\u00a0Revisi\\u00f3n T\\u00e9cnica Reglamentaria\\u00a0que las\\u00a0acometidas, l\\u00ednea matriz, centros de medici\\u00f3n de gas natural, instalaciones internas y gasodom\\u00e9sticos\\u00a0de los\\u00a0usuarios residenciales\\u00a0y no residenciales cumplan la Normativa T\\u00e9cnica y de Seguridad Vigente con el fin de asegurar que la red est\\u00e9 operando bajo condiciones seguras y confiables y se proceda a la\\u00a0certificaci\\u00f3n de la red de gas natural.Nota: si deseas conocer las normas que aplican te remitimos a la Resoluci\\u00f3n 14471 de 2002 de la SIC (Superintendencia de Industria y Comercio) y la NTC (Norma T\\u00e9cnica Colombiana) 2505 (que ha sufrido cuatro modificaciones oficiales) que establecen los par\\u00e1metros generales para la construcci\\u00f3n de una red. Adicionalmente, la Resoluci\\u00f3n 14471 de 2002 dispone lo relacionado con certificaci\\u00f3n de la red y certificaci\\u00f3n de competencias laborales, la NTC (Norma T\\u00e9cnica Colombiana) 3631 que dicta los par\\u00e1metros en materia de ventilaci\\u00f3n, la NTC (Norma T\\u00e9cnica Colombiana) 3833 que establece las disposiciones para la evacuaci\\u00f3n de los productos de la combusti\\u00f3n y la NTC (Norma T\\u00e9cnica Colombiana) 3632 que dispone lo relativo a los\\u00a0gasodom\\u00e9sticos.\"}},{\"@type\":\"Question\",\"name\":\"\\u00bfPor qu\\u00e9 tengo que realizar unas reparaciones en mi red si ustedes fueron quienes la construyeron cumpliendo las normas y yo nunca le he hecho ninguna modificaci\\u00f3n?\",\"acceptedAnswer\":{\"@type\":\"Answer\",\"text\":\"Porque, a pesar de que la\\u00a0red de gas natural\\u00a0se construy\\u00f3 en su momento cumpliendo con la normatividad vigente, estas normas en el transcurso del tiempo han sufrido modificaciones o adiciones que afectan las instalaciones de algunas viviendas. Adicionalmente, con el pasar del tiempo, las instalaciones pueden verse afectadas por factores ajenos al usuario, tales como sismos, asentamientos del terreno, paso continuo de veh\\u00edculos que generen vibraci\\u00f3n de la vivienda, entre otros, lo cual genera alteraciones en las redes, de tal forma que puedan tornarse inseguras.\"}}]}<\/script>\n\t\t\t\t\t\t\t<\/div>\n\t\t\t\t<\/div>\n\t\t\t\t\t<\/div>\n\t\t\t\t<\/div>\n\t\t\t\t<\/div>\n\t\t","protected":false},"excerpt":{"rendered":"<p>Para nuestros usuarios las inquietudes m\u00e1s comunes surgen alrededor de los siguientes temas: facturaci\u00f3n, cartera, venta de instalaciones y Revisi\u00f3n t\u00e9cnica reglamentaria. Para mayor satisfacci\u00f3n con nuestro servicio, aqu\u00ed damos respuestas a las preguntas. Facturaci\u00f3n Efigas A continuaci\u00f3n, se detallan los principales conceptos facturados, haciendo claridad que cada uno se incluir\u00e1 en la facturaci\u00f3n Efigas, [&hellip;]<\/p>\n","protected":false},"author":1,"featured_media":0,"parent":0,"menu_order":0,"comment_status":"closed","ping_status":"closed","template":"","meta":{"inline_featured_image":false,"footnotes":""},"categories":[],"tags":[34,32,37,35,38,33],"class_list":["post-914","page","type-page","status-publish","hentry","tag-cartera","tag-facturacion","tag-gasodomesticos","tag-instalaciones","tag-revision-tecnica-reglamentaria","tag-rtr"],"yoast_head":"\n<title>Preguntas frecuentes - Efigas S.A. E.S.P.<\/title>\n<meta name=\"robots\" content=\"index, follow, max-snippet:-1, max-image-preview:large, max-video-preview:-1\" \/>\n<link rel=\"canonical\" href=\"https:\/\/www.efigas.com.co\/preguntas-frecuentes\/\" \/>\n<meta property=\"og:locale\" content=\"es_ES\" \/>\n<meta property=\"og:type\" content=\"article\" \/>\n<meta property=\"og:title\" content=\"Preguntas frecuentes - Efigas S.A. E.S.P.\" \/>\n<meta property=\"og:description\" content=\"Para nuestros usuarios las inquietudes m\u00e1s comunes surgen alrededor de los siguientes temas: facturaci\u00f3n, cartera, venta de instalaciones y Revisi\u00f3n t\u00e9cnica reglamentaria. Para mayor satisfacci\u00f3n con nuestro servicio, aqu\u00ed damos respuestas a las preguntas. Facturaci\u00f3n Efigas A continuaci\u00f3n, se detallan los principales conceptos facturados, haciendo claridad que cada uno se incluir\u00e1 en la facturaci\u00f3n Efigas, [&hellip;]\" \/>\n<meta property=\"og:url\" content=\"https:\/\/www.efigas.com.co\/preguntas-frecuentes\/\" \/>\n<meta property=\"og:site_name\" content=\"Efigas S.A. E.S.P.\" \/>\n<meta property=\"article:publisher\" content=\"https:\/\/www.facebook.com\/efigasoficial\/\" \/>\n<meta property=\"article:modified_time\" content=\"2025-07-01T03:04:44+00:00\" \/>\n<meta property=\"og:image\" content=\"https:\/\/www.efigas.com.co\/ef_resources\/2024\/02\/banner-sostenibilidad-febrero.jpg\" \/>\n\t<meta property=\"og:image:width\" content=\"2480\" \/>\n\t<meta property=\"og:image:height\" content=\"1240\" \/>\n\t<meta property=\"og:image:type\" content=\"image\/jpeg\" \/>\n<meta name=\"twitter:card\" content=\"summary_large_image\" \/>\n<meta name=\"twitter:site\" content=\"@efigas_oficial\" \/>\n<script type=\"application\/ld+json\" class=\"efiseo-schema-graph\">{\"@context\":\"https:\/\/schema.org\",\"@graph\":[{\"@type\":\"WebPage\",\"@id\":\"https:\/\/www.efigas.com.co\/preguntas-frecuentes\/\",\"url\":\"https:\/\/www.efigas.com.co\/preguntas-frecuentes\/\",\"name\":\"Preguntas frecuentes - Efigas S.A. E.S.P.\",\"isPartOf\":{\"@id\":\"https:\/\/www.efigas.com.co\/#website\"},\"datePublished\":\"2023-12-28T02:13:14+00:00\",\"dateModified\":\"2025-07-01T03:04:44+00:00\",\"breadcrumb\":{\"@id\":\"https:\/\/www.efigas.com.co\/preguntas-frecuentes\/#breadcrumb\"},\"inLanguage\":\"es\",\"potentialAction\":[{\"@type\":\"ReadAction\",\"target\":[\"https:\/\/www.efigas.com.co\/preguntas-frecuentes\/\"]}]},{\"@type\":\"BreadcrumbList\",\"@id\":\"https:\/\/www.efigas.com.co\/preguntas-frecuentes\/#breadcrumb\",\"itemListElement\":[{\"@type\":\"ListItem\",\"position\":1,\"name\":\"Inicio\",\"item\":\"https:\/\/www.efigas.com.co\/\"},{\"@type\":\"ListItem\",\"position\":2,\"name\":\"Preguntas frecuentes\"}]},{\"@type\":\"WebSite\",\"@id\":\"https:\/\/www.efigas.com.co\/#website\",\"url\":\"https:\/\/www.efigas.com.co\/\",\"name\":\"Efigas S.A. E.S.P.\",\"description\":\"Distribuidora de gas natural en el eje cafetero, Caldas, Quind\u00edo, Risaralda, servicio de   instalaci\u00f3n y reparaci\u00f3n de estufas de gas, cambio de   medidores de gas   natural, construcci\u00f3n de redes de gas natural, servicio de instalaci\u00f3n y reparaci\u00f3n de   calentadores de gas, servicio de Revisi\u00f3n T\u00e9cnica Reglamentaria.\",\"publisher\":{\"@id\":\"https:\/\/www.efigas.com.co\/#organization\"},\"alternateName\":\"Efigas\",\"potentialAction\":[{\"@type\":\"SearchAction\",\"target\":{\"@type\":\"EntryPoint\",\"urlTemplate\":\"https:\/\/www.efigas.com.co\/?s={search_term_string}\"},\"query-input\":{\"@type\":\"PropertyValueSpecification\",\"valueRequired\":true,\"valueName\":\"search_term_string\"}}],\"inLanguage\":\"es\"},{\"@type\":\"Organization\",\"@id\":\"https:\/\/www.efigas.com.co\/#organization\",\"name\":\"Efigas S.A. E.S.P.\",\"alternateName\":\"Efigas\",\"url\":\"https:\/\/www.efigas.com.co\/\",\"logo\":{\"@type\":\"ImageObject\",\"inLanguage\":\"es\",\"@id\":\"https:\/\/www.efigas.com.co\/#\/schema\/logo\/image\/\",\"url\":\"https:\/\/www.efigas.com.co\/ef_resources\/2023\/12\/logo-efigas-negativo.svg\",\"contentUrl\":\"https:\/\/www.efigas.com.co\/ef_resources\/2023\/12\/logo-efigas-negativo.svg\",\"width\":225,\"height\":123,\"caption\":\"Efigas S.A. E.S.P.\"},\"image\":{\"@id\":\"https:\/\/www.efigas.com.co\/#\/schema\/logo\/image\/\"},\"sameAs\":[\"https:\/\/www.facebook.com\/efigasoficial\/\",\"https:\/\/x.com\/efigas_oficial\",\"https:\/\/www.linkedin.com\/company\/efigas\/\"]}]}<\/script>\n","yoast_head_json":{"title":"Preguntas frecuentes - Efigas S.A. E.S.P.","robots":{"index":"index","follow":"follow","max-snippet":"max-snippet:-1","max-image-preview":"max-image-preview:large","max-video-preview":"max-video-preview:-1"},"canonical":"https:\/\/www.efigas.com.co\/preguntas-frecuentes\/","og_locale":"es_ES","og_type":"article","og_title":"Preguntas frecuentes - Efigas S.A. E.S.P.","og_description":"Para nuestros usuarios las inquietudes m\u00e1s comunes surgen alrededor de los siguientes temas: facturaci\u00f3n, cartera, venta de instalaciones y Revisi\u00f3n t\u00e9cnica reglamentaria. Para mayor satisfacci\u00f3n con nuestro servicio, aqu\u00ed damos respuestas a las preguntas. Facturaci\u00f3n Efigas A continuaci\u00f3n, se detallan los principales conceptos facturados, haciendo claridad que cada uno se incluir\u00e1 en la facturaci\u00f3n Efigas, [&hellip;]","og_url":"https:\/\/www.efigas.com.co\/preguntas-frecuentes\/","og_site_name":"Efigas S.A. E.S.P.","article_publisher":"https:\/\/www.facebook.com\/efigasoficial\/","article_modified_time":"2025-07-01T03:04:44+00:00","og_image":[{"width":2480,"height":1240,"url":"https:\/\/www.efigas.com.co\/ef_resources\/2024\/02\/banner-sostenibilidad-febrero.jpg","type":"image\/jpeg"}],"twitter_card":"summary_large_image","twitter_site":"@efigas_oficial","schema":{"@context":"https:\/\/schema.org","@graph":[{"@type":"WebPage","@id":"https:\/\/www.efigas.com.co\/preguntas-frecuentes\/","url":"https:\/\/www.efigas.com.co\/preguntas-frecuentes\/","name":"Preguntas frecuentes - Efigas S.A. E.S.P.","isPartOf":{"@id":"https:\/\/www.efigas.com.co\/#website"},"datePublished":"2023-12-28T02:13:14+00:00","dateModified":"2025-07-01T03:04:44+00:00","breadcrumb":{"@id":"https:\/\/www.efigas.com.co\/preguntas-frecuentes\/#breadcrumb"},"inLanguage":"es","potentialAction":[{"@type":"ReadAction","target":["https:\/\/www.efigas.com.co\/preguntas-frecuentes\/"]}]},{"@type":"BreadcrumbList","@id":"https:\/\/www.efigas.com.co\/preguntas-frecuentes\/#breadcrumb","itemListElement":[{"@type":"ListItem","position":1,"name":"Inicio","item":"https:\/\/www.efigas.com.co\/"},{"@type":"ListItem","position":2,"name":"Preguntas frecuentes"}]},{"@type":"WebSite","@id":"https:\/\/www.efigas.com.co\/#website","url":"https:\/\/www.efigas.com.co\/","name":"Efigas S.A. E.S.P.","description":"Distribuidora de gas natural en el eje cafetero, Caldas, Quind\u00edo, Risaralda, servicio de   instalaci\u00f3n y reparaci\u00f3n de estufas de gas, cambio de   medidores de gas   natural, construcci\u00f3n de redes de gas natural, servicio de instalaci\u00f3n y reparaci\u00f3n de   calentadores de gas, servicio de Revisi\u00f3n T\u00e9cnica Reglamentaria.","publisher":{"@id":"https:\/\/www.efigas.com.co\/#organization"},"alternateName":"Efigas","potentialAction":[{"@type":"SearchAction","target":{"@type":"EntryPoint","urlTemplate":"https:\/\/www.efigas.com.co\/?s={search_term_string}"},"query-input":{"@type":"PropertyValueSpecification","valueRequired":true,"valueName":"search_term_string"}}],"inLanguage":"es"},{"@type":"Organization","@id":"https:\/\/www.efigas.com.co\/#organization","name":"Efigas S.A. E.S.P.","alternateName":"Efigas","url":"https:\/\/www.efigas.com.co\/","logo":{"@type":"ImageObject","inLanguage":"es","@id":"https:\/\/www.efigas.com.co\/#\/schema\/logo\/image\/","url":"https:\/\/www.efigas.com.co\/ef_resources\/2023\/12\/logo-efigas-negativo.svg","contentUrl":"https:\/\/www.efigas.com.co\/ef_resources\/2023\/12\/logo-efigas-negativo.svg","width":225,"height":123,"caption":"Efigas S.A. E.S.P."},"image":{"@id":"https:\/\/www.efigas.com.co\/#\/schema\/logo\/image\/"},"sameAs":["https:\/\/www.facebook.com\/efigasoficial\/","https:\/\/x.com\/efigas_oficial","https:\/\/www.linkedin.com\/company\/efigas\/"]}]}},"_links":{"self":[{"href":"https:\/\/www.efigas.com.co\/efi-json\/wp\/v2\/pages\/914","targetHints":{"allow":["GET"]}}],"collection":[{"href":"https:\/\/www.efigas.com.co\/efi-json\/wp\/v2\/pages"}],"about":[{"href":"https:\/\/www.efigas.com.co\/efi-json\/wp\/v2\/types\/page"}],"author":[{"embeddable":true,"href":"https:\/\/www.efigas.com.co\/efi-json\/wp\/v2\/users\/1"}],"replies":[{"embeddable":true,"href":"https:\/\/www.efigas.com.co\/efi-json\/wp\/v2\/comments?post=914"}],"version-history":[{"count":13,"href":"https:\/\/www.efigas.com.co\/efi-json\/wp\/v2\/pages\/914\/revisions"}],"predecessor-version":[{"id":10054,"href":"https:\/\/www.efigas.com.co\/efi-json\/wp\/v2\/pages\/914\/revisions\/10054"}],"wp:attachment":[{"href":"https:\/\/www.efigas.com.co\/efi-json\/wp\/v2\/media?parent=914"}],"wp:term":[{"taxonomy":"category","embeddable":true,"href":"https:\/\/www.efigas.com.co\/efi-json\/wp\/v2\/categories?post=914"},{"taxonomy":"post_tag","embeddable":true,"href":"https:\/\/www.efigas.com.co\/efi-json\/wp\/v2\/tags?post=914"}],"curies":[{"name":"wp","href":"https:\/\/api.w.org\/{rel}","templated":true}]}}