{"id":957,"date":"2023-12-28T22:49:26","date_gmt":"2023-12-29T03:49:26","guid":{"rendered":"http:\/\/172.26.3.13\/?page_id=957"},"modified":"2026-03-12T11:01:55","modified_gmt":"2026-03-12T16:01:55","slug":"donde-generamos-calidad-de-vida","status":"publish","type":"page","link":"https:\/\/www.efigas.com.co\/cobertura-e-indicadores\/donde-generamos-calidad-de-vida\/","title":{"rendered":"Donde generamos calidad de vida"},"content":{"rendered":"\t\t<div data-elementor-type=\"efi-page\" data-elementor-id=\"957\" class=\"elementor elementor-957\" data-elementor-settings=\"{&quot;ha_cmc_init_switcher&quot;:&quot;no&quot;}\" data-elementor-post-type=\"page\">\n\t\t\t\t<div class=\"elementor-element elementor-element-c02b125 e-flex e-con-boxed e-con e-parent\" data-id=\"c02b125\" data-element_type=\"container\" data-settings=\"{&quot;_ha_eqh_enable&quot;:false}\">\n\t\t\t\t\t<div class=\"e-con-inner\">\n\t\t\t\t<div class=\"elementor-element elementor-element-123030d elementor-widget elementor-widget-image\" data-id=\"123030d\" data-element_type=\"widget\" data-widget_type=\"image.default\">\n\t\t\t\t<div class=\"elementor-widget-container\">\n\t\t\t\t\t\t\t\t\t\t\t\t\t\t\t\t<a href=\"https:\/\/www.efigas.com.co\/ef_resources\/2026\/03\/banner-web-mapa-efigas.jpg\" data-elementor-open-lightbox=\"yes\" data-e-action-hash=\"#elementor-action%3Aaction%3Dlightbox%26settings%3DeyJpZCI6MTE5NzYsInVybCI6Imh0dHBzOlwvXC93d3cuZWZpZ2FzLmNvbS5jb1wvd3AtY29udGVudFwvdXBsb2Fkc1wvMjAyNlwvMDNcL2Jhbm5lci13ZWItbWFwYS1lZmlnYXMuanBnIn0%3D\">\n\t\t\t\t\t\t\t<img fetchpriority=\"high\" decoding=\"async\" width=\"768\" height=\"336\" src=\"https:\/\/www.efigas.com.co\/ef_resources\/2026\/03\/banner-web-mapa-efigas-768x336.jpg\" class=\"attachment-medium_large size-medium_large efi-image-11976\" alt=\"\" srcset=\"https:\/\/www.efigas.com.co\/ef_resources\/2026\/03\/banner-web-mapa-efigas-768x336.jpg 768w, https:\/\/www.efigas.com.co\/ef_resources\/2026\/03\/banner-web-mapa-efigas-300x131.jpg 300w, https:\/\/www.efigas.com.co\/ef_resources\/2026\/03\/banner-web-mapa-efigas-150x66.jpg 150w, https:\/\/www.efigas.com.co\/ef_resources\/2026\/03\/banner-web-mapa-efigas-1536x672.jpg 1536w, https:\/\/www.efigas.com.co\/ef_resources\/2026\/03\/banner-web-mapa-efigas-24x11.jpg 24w, https:\/\/www.efigas.com.co\/ef_resources\/2026\/03\/banner-web-mapa-efigas-36x16.jpg 36w, https:\/\/www.efigas.com.co\/ef_resources\/2026\/03\/banner-web-mapa-efigas-52x23.jpg 52w, https:\/\/www.efigas.com.co\/ef_resources\/2026\/03\/banner-web-mapa-efigas.jpg 1920w\" sizes=\"(max-width: 768px) 100vw, 768px\" \/>\t\t\t\t\t\t\t\t<\/a>\n\t\t\t\t\t\t\t\t\t\t\t\t\t\t\t<\/div>\n\t\t\t\t<\/div>\n\t\t<div class=\"elementor-element elementor-element-513253b e-grid e-con-boxed e-con e-child\" data-id=\"513253b\" data-element_type=\"container\" data-settings=\"{&quot;_ha_eqh_enable&quot;:false}\">\n\t\t\t\t\t<div class=\"e-con-inner\">\n\t\t\t\t<div class=\"elementor-element elementor-element-6b5fddd elementor-widget elementor-widget-counter\" data-id=\"6b5fddd\" data-element_type=\"widget\" data-widget_type=\"counter.default\">\n\t\t\t\t<div class=\"elementor-widget-container\">\n\t\t\t\t\t\t\t<div class=\"elementor-counter\">\n\t\t\t<div class=\"elementor-counter-title\">Caldas<\/div>\t\t\t<div class=\"elementor-counter-number-wrapper\">\n\t\t\t\t<span class=\"elementor-counter-number-prefix\"><\/span>\n\t\t\t\t<span class=\"elementor-counter-number\" data-duration=\"2000\" data-to-value=\"216910\" data-from-value=\"0\" data-delimiter=\".\">0<\/span>\n\t\t\t\t<span class=\"elementor-counter-number-suffix\"><\/span>\n\t\t\t<\/div>\n\t\t<\/div>\n\t\t\t\t\t\t<\/div>\n\t\t\t\t<\/div>\n\t\t\t\t<div class=\"elementor-element elementor-element-0af89b2 elementor-widget elementor-widget-counter\" data-id=\"0af89b2\" data-element_type=\"widget\" data-widget_type=\"counter.default\">\n\t\t\t\t<div class=\"elementor-widget-container\">\n\t\t\t\t\t\t\t<div class=\"elementor-counter\">\n\t\t\t<div class=\"elementor-counter-title\">Quind\u00edo<\/div>\t\t\t<div class=\"elementor-counter-number-wrapper\">\n\t\t\t\t<span class=\"elementor-counter-number-prefix\"><\/span>\n\t\t\t\t<span class=\"elementor-counter-number\" data-duration=\"2000\" data-to-value=\"194207\" data-from-value=\"0\" data-delimiter=\".\">0<\/span>\n\t\t\t\t<span class=\"elementor-counter-number-suffix\"><\/span>\n\t\t\t<\/div>\n\t\t<\/div>\n\t\t\t\t\t\t<\/div>\n\t\t\t\t<\/div>\n\t\t\t\t<div class=\"elementor-element elementor-element-df99ec1 elementor-widget elementor-widget-counter\" data-id=\"df99ec1\" data-element_type=\"widget\" data-widget_type=\"counter.default\">\n\t\t\t\t<div class=\"elementor-widget-container\">\n\t\t\t\t\t\t\t<div class=\"elementor-counter\">\n\t\t\t<div class=\"elementor-counter-title\">Risaralda<\/div>\t\t\t<div class=\"elementor-counter-number-wrapper\">\n\t\t\t\t<span class=\"elementor-counter-number-prefix\"><\/span>\n\t\t\t\t<span class=\"elementor-counter-number\" data-duration=\"2000\" data-to-value=\"329853\" data-from-value=\"0\" data-delimiter=\".\">0<\/span>\n\t\t\t\t<span class=\"elementor-counter-number-suffix\"><\/span>\n\t\t\t<\/div>\n\t\t<\/div>\n\t\t\t\t\t\t<\/div>\n\t\t\t\t<\/div>\n\t\t\t\t\t<\/div>\n\t\t\t\t<\/div>\n\t\t\t\t<div class=\"elementor-element elementor-element-295d759 elementor-align-center elementor-widget elementor-widget-button\" data-id=\"295d759\" data-element_type=\"widget\" data-widget_type=\"button.default\">\n\t\t\t\t<div class=\"elementor-widget-container\">\n\t\t\t\t\t\t\t\t\t<div class=\"elementor-button-wrapper\">\n\t\t\t\t\t<a class=\"elementor-button elementor-button-link elementor-size-sm\" href=\"https:\/\/www.efigas.com.co\/ef_resources\/2026\/03\/COBERTURA-X-MUNICIPIO-A-2025.pdf\" target=\"_blank\">\n\t\t\t\t\t\t<span class=\"elementor-button-content-wrapper\">\n\t\t\t\t\t\t\t\t\t<span class=\"elementor-button-text\">Cobertura del servicio<\/span>\n\t\t\t\t\t<\/span>\n\t\t\t\t\t<\/a>\n\t\t\t\t<\/div>\n\t\t\t\t\t\t\t\t<\/div>\n\t\t\t\t<\/div>\n\t\t\t\t<div class=\"elementor-element elementor-element-71a1c0b elementor-widget elementor-widget-text-editor\" data-id=\"71a1c0b\" data-element_type=\"widget\" data-widget_type=\"text-editor.default\">\n\t\t\t\t<div class=\"elementor-widget-container\">\n\t\t\t\t\t\t\t\t\t<h2><span style=\"font-weight: 400;\">Estos son algunos de los servicios que nuestra compa\u00f1\u00eda te ofrece:<\/span><\/h2><ul><li><strong>Construcci\u00f3n y mantenimiento de redes internas gas natural.<\/strong><\/li><li><strong>Servicios<\/strong><\/li><li><strong>Planes comerciales para el mercado residencial<\/strong><\/li><li><strong>Servicios adicionales<\/strong><\/li><\/ul><p><span style=\"font-weight: 400;\">Las acometidas y redes internas necesarias para llevar el<\/span><span style=\"font-weight: 400;\"><strong> gas natural<\/strong> <\/span><span style=\"font-weight: 400;\">desde la<\/span><strong> red de distribuci\u00f3n<\/strong><span style=\"font-weight: 400;\"> hasta cada punto de consumo en las instalaciones de los clientes se construyen con personal calificado, el cual tambi\u00e9n brinda el servicio de mantenimiento y revisi\u00f3n de las mismas.<\/span><\/p><p><span style=\"font-weight: 400;\">Garantizamos seguridad y continuidad en el servicio. Brindamos este servicio de igual manera a clientes residenciales, comerciales e industriales.<\/span><\/p><h2><span style=\"font-weight: 400;\">Distribuci\u00f3n y comercializaci\u00f3n de gas natural:<\/span><\/h2><p><span style=\"font-weight: 400;\">Nuestro negocio se enfoca en la compra de <\/span><strong>gas natural<\/strong><span style=\"font-weight: 400;\"> para distribuirlo a trav\u00e9s de la red de infraestructura a cada uno de los usuarios ubicados en los 32 municipios del Eje Cafetero que atendemos: 12 municipios en<\/span><strong> Caldas<\/strong><span style=\"font-weight: 400;\">, 12 en <\/span><strong>Pereira<\/strong><span style=\"font-weight: 400;\"> y 9 en<\/span> <span style=\"font-weight: 400;\"><strong>Quind\u00edo<\/strong>.<\/span><\/p><p><span style=\"font-weight: 400;\">Atendemos con venta de gas los siguientes mercados: residencial, comercial, industrial y vehicular.<\/span><\/p><p><span style=\"font-weight: 400;\">Si tu vivienda est\u00e1 ubicada en los <\/span><span style=\"font-weight: 400;\"><strong>departamentos de<\/strong> <strong>Caldas, Quind\u00edo<\/strong> <strong>y Risaralda<\/strong> <\/span><span style=\"font-weight: 400;\">y es estrato 1 o 2 podr\u00e1s disfrutar del subsidio especial<\/span><strong> Cuota de fomento <\/strong><span style=\"font-weight: 400;\">otorgado por el Gobierno Nacional a trav\u00e9s del ministerio de Minas y Energ\u00eda.<\/span><\/p><h2><span style=\"font-weight: 400;\">Los beneficios de la cuota de fomento son:<\/span><\/h2><ul><li><span style=\"font-weight: 400;\">Descuentos en la instalaci\u00f3n interna por pago de contado.<\/span><\/li><li><span style=\"font-weight: 400;\">Si tu vivienda es de dos o tres pisos, podr\u00e1s acceder a un descuento especial por la compra de las instalaciones para el suministro de gas natural.<\/span><\/li><li><span style=\"font-weight: 400;\">Adem\u00e1s, se cumple con la entrega de un bono especial de descuento si tu vivienda es arrendada.<\/span><\/li><li><span style=\"font-weight: 400;\">Por la compra de la instalaci\u00f3n te ofrecemos un obsequio especial (aplica condiciones).<\/span><\/li><\/ul><p><span style=\"font-weight: 400;\">Brindamos asesor\u00edas y visitas personalizadas de nuestros asesores comerciales quienes te ofrecer\u00e1n una completa informaci\u00f3n de precios, planes de financiaci\u00f3n de la instalaci\u00f3n interna, el derecho de conexi\u00f3n y la conexi\u00f3n de los equipos para viviendas unifamiliares, multifamiliares y establecimientos comerciales.<\/span><\/p><p><span style=\"font-weight: 400;\">Si est\u00e1s interesado en una propuesta econ\u00f3mica para tu instalaci\u00f3n de gas natural, puedes comunicarte al siguiente tel\u00e9fono: <strong>(606)8983222<\/strong>.<\/span><\/p><p><span style=\"font-weight: 400;\">Otro de los grandes beneficios que ofrece Efigas es poder financiar por medio de factura de gas natural y estar tranquilo por la asistencia segura y calificada.<\/span><\/p><h2><span style=\"font-weight: 400;\">Por tu seguridad y bienestar estamos ah\u00ed siempre para:<\/span><\/h2><h2><b>Servicios para clientes residenciales y comerciales<\/b><\/h2><div>\u00a0<\/div><div><b>Instalaci\u00f3n o modificaci\u00f3n de la red interna de gas<\/b><\/div><div>Realizamos la instalaci\u00f3n o modificaci\u00f3n de tu red interna de gas natural\u00a0cuando necesitas agregar un nuevo tramo de red o cambiar el recorrido existente debido a remodelaciones o adecuaciones en tu vivienda o negocio.<\/div><div><b>Instalaci\u00f3n y conexi\u00f3n de gasodom\u00e9sticos<\/b><\/div><div>Si renovaste tus gasodom\u00e9sticos, te mudaste o adquiriste uno nuevo, nosotros realizamos la instalaci\u00f3n segura y la conexi\u00f3n a la red de gas natural.<\/div><div>Aplica para: estufa, horno, calentador, secadora, entre otros.<\/div><div><b>Mantenimiento de calentadores<\/b><\/div><div>Realizamos\u00a0mantenimiento preventivo de calentadores a gas, con el fin de garantizar su buen funcionamiento y seguridad.<\/div><div>Ten en cuenta que, si durante la visita se identifica un da\u00f1o en el equipo, el valor del diagn\u00f3stico ser\u00e1 de $30.000.<\/div><div><b>Adecuaciones en el centro de medici\u00f3n<\/b><\/div><div>Consiste en la reubicaci\u00f3n de la caja del medidor de gas y sus componentes, generalmente requerida por remodelaciones o modificaciones en el predio.<\/div><div>Puntos adicionales para conexi\u00f3n de gasodom\u00e9sticos<\/div><div>Instalamos puntos adicionales de gas\u00a0para conectar nuevos gasodom\u00e9sticos en tu hogar o negocio, garantizando una instalaci\u00f3n segura y conforme a la normativa.<\/div><div><b>Reparaciones en la red de gas<\/b><\/div><div>Si durante la Revisi\u00f3n T\u00e9cnica Reglamentaria, la atenci\u00f3n de un evento de emergencia o una visita t\u00e9cnica se identifica alg\u00fan defecto, puedes solicitar el servicio de reparaci\u00f3n o cambio de elementos defectuosos\u00a0como regulador, medidor u otros componentes.<\/div><div><b>Venta de calentadores a gas<\/b><\/div><div>Si necesitas un calentador a gas, nosotros te lo suministramos, lo llevamos hasta tu hogar y lo instalamos para que disfrutes de agua caliente de forma segura y eficiente.<\/div><div>Alquiler de calentadores<\/div><div>Con este plan no necesitas comprar equipos ni pagar mantenimientos o instalaciones. Efigas se encarga de todo\u00a0y t\u00fa solo disfrutas de agua caliente pagando una cuota mensual fija.<\/div><div><b>Cambio de caja de medidor<\/b><\/div><div>Este servicio consiste en el cambio de la caja del medidor (nicho)\u00a0cuando se encuentra deteriorada, da\u00f1ada o ausente.<\/div><div><b>Revisi\u00f3n peri\u00f3dica prepagada<\/b><\/div><div>Si tu Revisi\u00f3n T\u00e9cnica Reglamentaria\u00a0a\u00fan est\u00e1 lejos, puedes empezar a pagarla desde ahora en cuotas peque\u00f1as con el precio actual. As\u00ed aseguras el valor de hoy, evitas aumentos futuros y organizas mejor tus finanzas. Es una opci\u00f3n ideal para quienes prefieren planear con anticipaci\u00f3n.<\/div><div><b>Recuerda<\/b>\u00a0que toda reforma, modificaci\u00f3n o ampliaci\u00f3n en la red interna de gas\u00a0debe contar con una nueva certificaci\u00f3n, lo cual garantiza que la instalaci\u00f3n cumple con la normativa vigente y permite ampliar el plazo para realizar la Revisi\u00f3n T\u00e9cnica Reglamentaria.<\/div><div>En Efigas\u00a0nos aseguramos de cumplir con todos los requisitos t\u00e9cnicos y de seguridad para proteger tu hogar o negocio.<\/div><div style=\"text-align: center; margin-top: 20px;\"><a href=\"https:\/\/www.efigas.com.co\/ef_resources\/2026\/03\/ChatGPT-Image-9-mar-2026-12_08_23-p.m.png\" target=\"_blank\" rel=\"noopener\"><br \/><img decoding=\"async\" style=\"width: 200px; height: auto;\" src=\"https:\/\/www.efigas.com.co\/ef_resources\/2026\/03\/ChatGPT-Image-9-mar-2026-12_08_23-p.m.png\" alt=\"Servicios de gas natural Efigas\" \/><br \/><\/a><\/div><h2>\u00a0<\/h2><h2><span style=\"font-weight: 400;\">EFISOLUCIONES para industrias y comercios.<\/span><\/h2><ul><li><span style=\"font-weight: 400;\">Fortificaciones<\/span><\/li><li><span style=\"font-weight: 400;\">Trazabilidad de la red. Solo para industriales, te invitamos a cotizar el costo con nuestro personal experto de comercializaci\u00f3n de gas. Plan de mantenimiento<\/span><\/li><li><span style=\"font-weight: 400;\">Calibraci\u00f3n de equipos: este servicio es para industrias. Definimos el cronograma con el cliente para ejecutar las acciones.<\/span><\/li><li><strong>Adecuaciones en ERM y red interna<\/strong><span style=\"font-weight: 400;\">. Para las industrias que a cambio del medidor tienen una estaci\u00f3n con condiciones t\u00e9cnicas diferentes y de gran consumo.<\/span><\/li><li><strong>Instalaci\u00f3n de equipos de telemedici\u00f3<\/strong><span style=\"font-weight: 400;\"><strong>n<\/strong>: es la medici\u00f3n remota del consumo y solo aplica para las industrias. Esto permite tanto al cliente como a Efigas la lectura del consumo.<\/span><\/li><\/ul><h2><span style=\"font-weight: 400;\">Estaciones de <\/span><strong>Gas natural vehicular en el Eje Cafetero<\/strong><span style=\"font-weight: 400;\">.<\/span><\/h2><div>Convertir tu veh\u00edculo a gas natural\u00a0es una decisi\u00f3n inteligente para tu bolsillo y para el ambiente.<\/div><div>El GNV permite ahorrar significativamente en costos de combustible\u00a0frente a otros energ\u00e9ticos tradicionales. Adem\u00e1s, es una opci\u00f3n m\u00e1s limpia que contribuye a disminuir las emisiones contaminantes, mejorando la calidad del aire y aportando al cuidado del medio ambiente.<\/div><p>\u00a0<\/p>\t\t\t\t\t\t\t\t<\/div>\n\t\t\t\t<\/div>\n\t\t\t\t<div class=\"elementor-element elementor-element-f48a7e0 elementor-align-center elementor-widget elementor-widget-button\" data-id=\"f48a7e0\" data-element_type=\"widget\" data-widget_type=\"button.default\">\n\t\t\t\t<div class=\"elementor-widget-container\">\n\t\t\t\t\t\t\t\t\t<div class=\"elementor-button-wrapper\">\n\t\t\t\t\t<a class=\"elementor-button elementor-button-link elementor-size-sm\" href=\"https:\/\/www.efigas.com.co\/ef_resources\/2026\/03\/Estaciones-de-servicio-GNV.pdf\" target=\"_blank\">\n\t\t\t\t\t\t<span class=\"elementor-button-content-wrapper\">\n\t\t\t\t\t\t\t\t\t<span class=\"elementor-button-text\">Estaciones de servicio<\/span>\n\t\t\t\t\t<\/span>\n\t\t\t\t\t<\/a>\n\t\t\t\t<\/div>\n\t\t\t\t\t\t\t\t<\/div>\n\t\t\t\t<\/div>\n\t\t\t\t\t<\/div>\n\t\t\t\t<\/div>\n\t\t\t\t<\/div>\n\t\t","protected":false},"excerpt":{"rendered":"<p>En Efigas llevamos calidad de vida a trav\u00e9s del servicio de gas natural a m\u00e1s de 700 mil usuarios en 71 poblaciones del Eje Cafetero. Conoce m\u00e1s en www.efigas.com.co<\/p>\n","protected":false},"author":1,"featured_media":0,"parent":3059,"menu_order":0,"comment_status":"closed","ping_status":"closed","template":"","meta":{"inline_featured_image":false,"footnotes":""},"categories":[88],"tags":[34,32,37,35,38,33],"class_list":["post-957","page","type-page","status-publish","hentry","category-cobertura-e-indicadores","tag-cartera","tag-facturacion","tag-gasodomesticos","tag-instalaciones","tag-revision-tecnica-reglamentaria","tag-rtr"],"yoast_head":"\n<title>Donde generamos calidad de vida - Efigas S.A. E.S.P.<\/title>\n<meta name=\"description\" content=\"En Efigas llevamos calidad de vida a trav\u00e9s del servicio de gas natural a m\u00e1s de 700 mil usuarios en 71 poblaciones del Eje Cafetero. Conoce m\u00e1s en www.efigas.com.co\" \/>\n<meta name=\"robots\" content=\"index, follow, max-snippet:-1, max-image-preview:large, max-video-preview:-1\" \/>\n<link rel=\"canonical\" href=\"https:\/\/www.efigas.com.co\/cobertura-e-indicadores\/donde-generamos-calidad-de-vida\/\" \/>\n<meta property=\"og:locale\" content=\"es_ES\" \/>\n<meta property=\"og:type\" content=\"article\" \/>\n<meta property=\"og:title\" content=\"Donde generamos calidad de vida - Efigas S.A. E.S.P.\" \/>\n<meta property=\"og:description\" content=\"En Efigas llevamos calidad de vida a trav\u00e9s del servicio de gas natural a m\u00e1s de 700 mil usuarios en 71 poblaciones del Eje Cafetero. Conoce m\u00e1s en www.efigas.com.co\" \/>\n<meta property=\"og:url\" content=\"https:\/\/www.efigas.com.co\/cobertura-e-indicadores\/donde-generamos-calidad-de-vida\/\" \/>\n<meta property=\"og:site_name\" content=\"Efigas S.A. E.S.P.\" \/>\n<meta property=\"article:publisher\" content=\"https:\/\/www.facebook.com\/efigasoficial\/\" \/>\n<meta property=\"article:modified_time\" content=\"2026-03-12T16:01:55+00:00\" \/>\n<meta property=\"og:image\" content=\"https:\/\/www.efigas.com.co\/ef_resources\/2026\/03\/banner-web-mapa-efigas.jpg\" \/>\n\t<meta property=\"og:image:width\" content=\"1920\" \/>\n\t<meta property=\"og:image:height\" content=\"840\" \/>\n\t<meta property=\"og:image:type\" content=\"image\/jpeg\" \/>\n<meta name=\"twitter:card\" content=\"summary_large_image\" \/>\n<meta name=\"twitter:site\" content=\"@efigas_oficial\" \/>\n<script type=\"application\/ld+json\" class=\"efiseo-schema-graph\">{\"@context\":\"https:\/\/schema.org\",\"@graph\":[{\"@type\":\"WebPage\",\"@id\":\"https:\/\/www.efigas.com.co\/cobertura-e-indicadores\/donde-generamos-calidad-de-vida\/\",\"url\":\"https:\/\/www.efigas.com.co\/cobertura-e-indicadores\/donde-generamos-calidad-de-vida\/\",\"name\":\"Donde generamos calidad de vida - Efigas S.A. E.S.P.\",\"isPartOf\":{\"@id\":\"https:\/\/www.efigas.com.co\/#website\"},\"primaryImageOfPage\":{\"@id\":\"https:\/\/www.efigas.com.co\/cobertura-e-indicadores\/donde-generamos-calidad-de-vida\/#primaryimage\"},\"image\":{\"@id\":\"https:\/\/www.efigas.com.co\/cobertura-e-indicadores\/donde-generamos-calidad-de-vida\/#primaryimage\"},\"thumbnailUrl\":\"https:\/\/www.efigas.com.co\/ef_resources\/2026\/03\/banner-web-mapa-efigas-768x336.jpg\",\"datePublished\":\"2023-12-29T03:49:26+00:00\",\"dateModified\":\"2026-03-12T16:01:55+00:00\",\"description\":\"En Efigas llevamos calidad de vida a trav\u00e9s del servicio de gas natural a m\u00e1s de 700 mil usuarios en 71 poblaciones del Eje Cafetero. Conoce m\u00e1s en www.efigas.com.co\",\"breadcrumb\":{\"@id\":\"https:\/\/www.efigas.com.co\/cobertura-e-indicadores\/donde-generamos-calidad-de-vida\/#breadcrumb\"},\"inLanguage\":\"es\",\"potentialAction\":[{\"@type\":\"ReadAction\",\"target\":[\"https:\/\/www.efigas.com.co\/cobertura-e-indicadores\/donde-generamos-calidad-de-vida\/\"]}]},{\"@type\":\"ImageObject\",\"inLanguage\":\"es\",\"@id\":\"https:\/\/www.efigas.com.co\/cobertura-e-indicadores\/donde-generamos-calidad-de-vida\/#primaryimage\",\"url\":\"https:\/\/www.efigas.com.co\/ef_resources\/2026\/03\/banner-web-mapa-efigas.jpg\",\"contentUrl\":\"https:\/\/www.efigas.com.co\/ef_resources\/2026\/03\/banner-web-mapa-efigas.jpg\",\"width\":1920,\"height\":840},{\"@type\":\"BreadcrumbList\",\"@id\":\"https:\/\/www.efigas.com.co\/cobertura-e-indicadores\/donde-generamos-calidad-de-vida\/#breadcrumb\",\"itemListElement\":[{\"@type\":\"ListItem\",\"position\":1,\"name\":\"Inicio\",\"item\":\"https:\/\/www.efigas.com.co\/\"},{\"@type\":\"ListItem\",\"position\":2,\"name\":\"Cobertura e indicadores\",\"item\":\"https:\/\/www.efigas.com.co\/cobertura-e-indicadores\/\"},{\"@type\":\"ListItem\",\"position\":3,\"name\":\"Donde generamos calidad de vida\"}]},{\"@type\":\"WebSite\",\"@id\":\"https:\/\/www.efigas.com.co\/#website\",\"url\":\"https:\/\/www.efigas.com.co\/\",\"name\":\"Efigas S.A. E.S.P.\",\"description\":\"Distribuidora de gas natural en el eje cafetero, Caldas, Quind\u00edo, Risaralda, servicio de   instalaci\u00f3n y reparaci\u00f3n de estufas de gas, cambio de   medidores de gas   natural, construcci\u00f3n de redes de gas natural, servicio de instalaci\u00f3n y reparaci\u00f3n de   calentadores de gas, servicio de Revisi\u00f3n T\u00e9cnica Reglamentaria.\",\"publisher\":{\"@id\":\"https:\/\/www.efigas.com.co\/#organization\"},\"alternateName\":\"Efigas\",\"potentialAction\":[{\"@type\":\"SearchAction\",\"target\":{\"@type\":\"EntryPoint\",\"urlTemplate\":\"https:\/\/www.efigas.com.co\/?s={search_term_string}\"},\"query-input\":{\"@type\":\"PropertyValueSpecification\",\"valueRequired\":true,\"valueName\":\"search_term_string\"}}],\"inLanguage\":\"es\"},{\"@type\":\"Organization\",\"@id\":\"https:\/\/www.efigas.com.co\/#organization\",\"name\":\"Efigas S.A. E.S.P.\",\"alternateName\":\"Efigas\",\"url\":\"https:\/\/www.efigas.com.co\/\",\"logo\":{\"@type\":\"ImageObject\",\"inLanguage\":\"es\",\"@id\":\"https:\/\/www.efigas.com.co\/#\/schema\/logo\/image\/\",\"url\":\"https:\/\/www.efigas.com.co\/ef_resources\/2023\/12\/logo-efigas-negativo.svg\",\"contentUrl\":\"https:\/\/www.efigas.com.co\/ef_resources\/2023\/12\/logo-efigas-negativo.svg\",\"width\":225,\"height\":123,\"caption\":\"Efigas S.A. E.S.P.\"},\"image\":{\"@id\":\"https:\/\/www.efigas.com.co\/#\/schema\/logo\/image\/\"},\"sameAs\":[\"https:\/\/www.facebook.com\/efigasoficial\/\",\"https:\/\/x.com\/efigas_oficial\",\"https:\/\/www.linkedin.com\/company\/efigas\/\"]}]}<\/script>\n","yoast_head_json":{"title":"Donde generamos calidad de vida - Efigas S.A. E.S.P.","description":"En Efigas llevamos calidad de vida a trav\u00e9s del servicio de gas natural a m\u00e1s de 700 mil usuarios en 71 poblaciones del Eje Cafetero. Conoce m\u00e1s en www.efigas.com.co","robots":{"index":"index","follow":"follow","max-snippet":"max-snippet:-1","max-image-preview":"max-image-preview:large","max-video-preview":"max-video-preview:-1"},"canonical":"https:\/\/www.efigas.com.co\/cobertura-e-indicadores\/donde-generamos-calidad-de-vida\/","og_locale":"es_ES","og_type":"article","og_title":"Donde generamos calidad de vida - Efigas S.A. E.S.P.","og_description":"En Efigas llevamos calidad de vida a trav\u00e9s del servicio de gas natural a m\u00e1s de 700 mil usuarios en 71 poblaciones del Eje Cafetero. Conoce m\u00e1s en www.efigas.com.co","og_url":"https:\/\/www.efigas.com.co\/cobertura-e-indicadores\/donde-generamos-calidad-de-vida\/","og_site_name":"Efigas S.A. E.S.P.","article_publisher":"https:\/\/www.facebook.com\/efigasoficial\/","article_modified_time":"2026-03-12T16:01:55+00:00","og_image":[{"width":1920,"height":840,"url":"https:\/\/www.efigas.com.co\/ef_resources\/2026\/03\/banner-web-mapa-efigas.jpg","type":"image\/jpeg"}],"twitter_card":"summary_large_image","twitter_site":"@efigas_oficial","schema":{"@context":"https:\/\/schema.org","@graph":[{"@type":"WebPage","@id":"https:\/\/www.efigas.com.co\/cobertura-e-indicadores\/donde-generamos-calidad-de-vida\/","url":"https:\/\/www.efigas.com.co\/cobertura-e-indicadores\/donde-generamos-calidad-de-vida\/","name":"Donde generamos calidad de vida - Efigas S.A. E.S.P.","isPartOf":{"@id":"https:\/\/www.efigas.com.co\/#website"},"primaryImageOfPage":{"@id":"https:\/\/www.efigas.com.co\/cobertura-e-indicadores\/donde-generamos-calidad-de-vida\/#primaryimage"},"image":{"@id":"https:\/\/www.efigas.com.co\/cobertura-e-indicadores\/donde-generamos-calidad-de-vida\/#primaryimage"},"thumbnailUrl":"https:\/\/www.efigas.com.co\/ef_resources\/2026\/03\/banner-web-mapa-efigas-768x336.jpg","datePublished":"2023-12-29T03:49:26+00:00","dateModified":"2026-03-12T16:01:55+00:00","description":"En Efigas llevamos calidad de vida a trav\u00e9s del servicio de gas natural a m\u00e1s de 700 mil usuarios en 71 poblaciones del Eje Cafetero. Conoce m\u00e1s en www.efigas.com.co","breadcrumb":{"@id":"https:\/\/www.efigas.com.co\/cobertura-e-indicadores\/donde-generamos-calidad-de-vida\/#breadcrumb"},"inLanguage":"es","potentialAction":[{"@type":"ReadAction","target":["https:\/\/www.efigas.com.co\/cobertura-e-indicadores\/donde-generamos-calidad-de-vida\/"]}]},{"@type":"ImageObject","inLanguage":"es","@id":"https:\/\/www.efigas.com.co\/cobertura-e-indicadores\/donde-generamos-calidad-de-vida\/#primaryimage","url":"https:\/\/www.efigas.com.co\/ef_resources\/2026\/03\/banner-web-mapa-efigas.jpg","contentUrl":"https:\/\/www.efigas.com.co\/ef_resources\/2026\/03\/banner-web-mapa-efigas.jpg","width":1920,"height":840},{"@type":"BreadcrumbList","@id":"https:\/\/www.efigas.com.co\/cobertura-e-indicadores\/donde-generamos-calidad-de-vida\/#breadcrumb","itemListElement":[{"@type":"ListItem","position":1,"name":"Inicio","item":"https:\/\/www.efigas.com.co\/"},{"@type":"ListItem","position":2,"name":"Cobertura e indicadores","item":"https:\/\/www.efigas.com.co\/cobertura-e-indicadores\/"},{"@type":"ListItem","position":3,"name":"Donde generamos calidad de vida"}]},{"@type":"WebSite","@id":"https:\/\/www.efigas.com.co\/#website","url":"https:\/\/www.efigas.com.co\/","name":"Efigas S.A. E.S.P.","description":"Distribuidora de gas natural en el eje cafetero, Caldas, Quind\u00edo, Risaralda, servicio de   instalaci\u00f3n y reparaci\u00f3n de estufas de gas, cambio de   medidores de gas   natural, construcci\u00f3n de redes de gas natural, servicio de instalaci\u00f3n y reparaci\u00f3n de   calentadores de gas, servicio de Revisi\u00f3n T\u00e9cnica Reglamentaria.","publisher":{"@id":"https:\/\/www.efigas.com.co\/#organization"},"alternateName":"Efigas","potentialAction":[{"@type":"SearchAction","target":{"@type":"EntryPoint","urlTemplate":"https:\/\/www.efigas.com.co\/?s={search_term_string}"},"query-input":{"@type":"PropertyValueSpecification","valueRequired":true,"valueName":"search_term_string"}}],"inLanguage":"es"},{"@type":"Organization","@id":"https:\/\/www.efigas.com.co\/#organization","name":"Efigas S.A. E.S.P.","alternateName":"Efigas","url":"https:\/\/www.efigas.com.co\/","logo":{"@type":"ImageObject","inLanguage":"es","@id":"https:\/\/www.efigas.com.co\/#\/schema\/logo\/image\/","url":"https:\/\/www.efigas.com.co\/ef_resources\/2023\/12\/logo-efigas-negativo.svg","contentUrl":"https:\/\/www.efigas.com.co\/ef_resources\/2023\/12\/logo-efigas-negativo.svg","width":225,"height":123,"caption":"Efigas S.A. E.S.P."},"image":{"@id":"https:\/\/www.efigas.com.co\/#\/schema\/logo\/image\/"},"sameAs":["https:\/\/www.facebook.com\/efigasoficial\/","https:\/\/x.com\/efigas_oficial","https:\/\/www.linkedin.com\/company\/efigas\/"]}]}},"_links":{"self":[{"href":"https:\/\/www.efigas.com.co\/efi-json\/wp\/v2\/pages\/957","targetHints":{"allow":["GET"]}}],"collection":[{"href":"https:\/\/www.efigas.com.co\/efi-json\/wp\/v2\/pages"}],"about":[{"href":"https:\/\/www.efigas.com.co\/efi-json\/wp\/v2\/types\/page"}],"author":[{"embeddable":true,"href":"https:\/\/www.efigas.com.co\/efi-json\/wp\/v2\/users\/1"}],"replies":[{"embeddable":true,"href":"https:\/\/www.efigas.com.co\/efi-json\/wp\/v2\/comments?post=957"}],"version-history":[{"count":47,"href":"https:\/\/www.efigas.com.co\/efi-json\/wp\/v2\/pages\/957\/revisions"}],"predecessor-version":[{"id":11996,"href":"https:\/\/www.efigas.com.co\/efi-json\/wp\/v2\/pages\/957\/revisions\/11996"}],"up":[{"embeddable":true,"href":"https:\/\/www.efigas.com.co\/efi-json\/wp\/v2\/pages\/3059"}],"wp:attachment":[{"href":"https:\/\/www.efigas.com.co\/efi-json\/wp\/v2\/media?parent=957"}],"wp:term":[{"taxonomy":"category","embeddable":true,"href":"https:\/\/www.efigas.com.co\/efi-json\/wp\/v2\/categories?post=957"},{"taxonomy":"post_tag","embeddable":true,"href":"https:\/\/www.efigas.com.co\/efi-json\/wp\/v2\/tags?post=957"}],"curies":[{"name":"wp","href":"https:\/\/api.w.org\/{rel}","templated":true}]}}