{"id":978,"date":"2023-12-28T23:15:26","date_gmt":"2023-12-29T04:15:26","guid":{"rendered":"http:\/\/172.26.3.13\/?page_id=978"},"modified":"2024-02-23T16:02:52","modified_gmt":"2024-02-23T21:02:52","slug":"portal-de-consumos","status":"publish","type":"page","link":"https:\/\/www.efigas.com.co\/comercio\/portal-de-consumos\/","title":{"rendered":"Portal de consumos"},"content":{"rendered":"\t\t<div data-elementor-type=\"efi-page\" data-elementor-id=\"978\" class=\"elementor elementor-978\" data-elementor-settings=\"{&quot;ha_cmc_init_switcher&quot;:&quot;no&quot;}\" data-elementor-post-type=\"page\">\n\t\t\t\t<div class=\"elementor-element elementor-element-a5317f5 e-flex e-con-boxed e-con e-parent\" data-id=\"a5317f5\" data-element_type=\"container\" data-settings=\"{&quot;_ha_eqh_enable&quot;:false}\">\n\t\t\t\t\t<div class=\"e-con-inner\">\n\t\t\t\t\t<\/div>\n\t\t\t\t<\/div>\n\t\t<div class=\"elementor-element elementor-element-c02b125 e-flex e-con-boxed e-con e-parent\" data-id=\"c02b125\" data-element_type=\"container\" data-settings=\"{&quot;_ha_eqh_enable&quot;:false}\">\n\t\t\t\t\t<div class=\"e-con-inner\">\n\t\t\t\t<div class=\"elementor-element elementor-element-6860762 elementor-widget elementor-widget-text-editor\" data-id=\"6860762\" data-element_type=\"widget\" data-widget_type=\"text-editor.default\">\n\t\t\t\t<div class=\"elementor-widget-container\">\n\t\t\t\t\t\t\t\t\t<h2><span style=\"font-weight: 400;\">Comunicaciones especiales para nuestros clientes:<\/span><\/h2><p><span style=\"font-weight: 400;\">Si eres cliente nuestro ingresa al siguiente enlace para conocer tus datos de consumo<\/span><\/p>\t\t\t\t\t\t\t\t<\/div>\n\t\t\t\t<\/div>\n\t\t\t\t<div class=\"elementor-element elementor-element-2cf2b1e elementor-align-center elementor-widget elementor-widget-button\" data-id=\"2cf2b1e\" data-element_type=\"widget\" data-widget_type=\"button.default\">\n\t\t\t\t<div class=\"elementor-widget-container\">\n\t\t\t\t\t\t\t\t\t<div class=\"elementor-button-wrapper\">\n\t\t\t\t\t<a class=\"elementor-button elementor-button-link elementor-size-sm\" href=\"http:\/\/186.115.217.237\/Efigas\/inicio.aspx\" target=\"_blank\">\n\t\t\t\t\t\t<span class=\"elementor-button-content-wrapper\">\n\t\t\t\t\t\t\t\t\t<span class=\"elementor-button-text\">Ver m\u00e1s<\/span>\n\t\t\t\t\t<\/span>\n\t\t\t\t\t<\/a>\n\t\t\t\t<\/div>\n\t\t\t\t\t\t\t\t<\/div>\n\t\t\t\t<\/div>\n\t\t\t\t<div class=\"elementor-element elementor-element-bb4c6a3 elementor-widget elementor-widget-text-editor\" data-id=\"bb4c6a3\" data-element_type=\"widget\" data-widget_type=\"text-editor.default\">\n\t\t\t\t<div class=\"elementor-widget-container\">\n\t\t\t\t\t\t\t\t\t<p><span style=\"font-weight: 400;\">AFECTACI\u00d3N EN INFRAESTRUCTURA DE TRANSPORTE QUE LLEVA GAS NATURAL DE CUSIANA-CUPIAGUA AL INTERIOR DEL PA\u00cdS\u00a0<\/span><\/p><p><span style=\"font-weight: 400;\">Bogot\u00e1, D.C. (Distrito capital)\u00a0<\/span><\/p><p><span style=\"font-weight: 400;\">Mi\u00e9rcoles, 20 de junio de 2018.\u00a0<\/span><\/p><p><span style=\"font-weight: 400;\">La transportadora de Gas Internacional, TGI, informa que en la madrugada del 20 de junio de 2018 se present\u00f3 una ca\u00edda de presi\u00f3n en el gasoducto entre Cusiana y la estaci\u00f3n compresora de Miraflores, en inmediaciones del municipio de P\u00e1ez en el departamento de Boyac\u00e1.<\/span><\/p>\t\t\t\t\t\t\t\t<\/div>\n\t\t\t\t<\/div>\n\t\t\t\t<div class=\"elementor-element elementor-element-3262ba9 elementor-align-center elementor-widget elementor-widget-button\" data-id=\"3262ba9\" data-element_type=\"widget\" data-widget_type=\"button.default\">\n\t\t\t\t<div class=\"elementor-widget-container\">\n\t\t\t\t\t\t\t\t\t<div class=\"elementor-button-wrapper\">\n\t\t\t\t\t<a class=\"elementor-button elementor-button-link elementor-size-sm\" href=\"https:\/\/www.efigas.com.co\/ef_resources\/2024\/02\/baja-presion-de-gas-20062018.pdf\" target=\"_blank\">\n\t\t\t\t\t\t<span class=\"elementor-button-content-wrapper\">\n\t\t\t\t\t\t\t\t\t<span class=\"elementor-button-text\">Ver comunicado #1<\/span>\n\t\t\t\t\t<\/span>\n\t\t\t\t\t<\/a>\n\t\t\t\t<\/div>\n\t\t\t\t\t\t\t\t<\/div>\n\t\t\t\t<\/div>\n\t\t\t\t<div class=\"elementor-element elementor-element-11aa29d elementor-align-center elementor-widget elementor-widget-button\" data-id=\"11aa29d\" data-element_type=\"widget\" data-widget_type=\"button.default\">\n\t\t\t\t<div class=\"elementor-widget-container\">\n\t\t\t\t\t\t\t\t\t<div class=\"elementor-button-wrapper\">\n\t\t\t\t\t<a class=\"elementor-button elementor-button-link elementor-size-sm\" href=\"https:\/\/www.efigas.com.co\/ef_resources\/2024\/02\/baja-presion-de-gas-II-20062018.pdf\" target=\"_blank\">\n\t\t\t\t\t\t<span class=\"elementor-button-content-wrapper\">\n\t\t\t\t\t\t\t\t\t<span class=\"elementor-button-text\">Ver comunicado #2<\/span>\n\t\t\t\t\t<\/span>\n\t\t\t\t\t<\/a>\n\t\t\t\t<\/div>\n\t\t\t\t\t\t\t\t<\/div>\n\t\t\t\t<\/div>\n\t\t\t\t\t<\/div>\n\t\t\t\t<\/div>\n\t\t\t\t<\/div>\n\t\t","protected":false},"excerpt":{"rendered":"<p>Comunicaciones especiales para nuestros clientes: Si eres cliente nuestro ingresa al siguiente enlace para conocer tus datos de consumo Ver m\u00e1s AFECTACI\u00d3N EN INFRAESTRUCTURA DE TRANSPORTE QUE LLEVA GAS NATURAL DE CUSIANA-CUPIAGUA AL INTERIOR DEL PA\u00cdS\u00a0 Bogot\u00e1, D.C. (Distrito capital)\u00a0 Mi\u00e9rcoles, 20 de junio de 2018.\u00a0 La transportadora de Gas Internacional, TGI, informa que en [&hellip;]<\/p>\n","protected":false},"author":1,"featured_media":2041,"parent":3314,"menu_order":0,"comment_status":"closed","ping_status":"closed","template":"","meta":{"inline_featured_image":false,"footnotes":""},"categories":[54],"tags":[34,32,37,35,38,33],"class_list":["post-978","page","type-page","status-publish","has-post-thumbnail","hentry","category-comercio","tag-cartera","tag-facturacion","tag-gasodomesticos","tag-instalaciones","tag-revision-tecnica-reglamentaria","tag-rtr"],"yoast_head":"\n<title>Portal de consumos - Efigas S.A. E.S.P.<\/title>\n<meta name=\"robots\" content=\"index, follow, max-snippet:-1, max-image-preview:large, max-video-preview:-1\" \/>\n<link rel=\"canonical\" href=\"https:\/\/www.efigas.com.co\/comercio\/portal-de-consumos\/\" \/>\n<meta property=\"og:locale\" content=\"es_ES\" \/>\n<meta property=\"og:type\" content=\"article\" \/>\n<meta property=\"og:title\" content=\"Portal de consumos - Efigas S.A. E.S.P.\" \/>\n<meta property=\"og:description\" content=\"Comunicaciones especiales para nuestros clientes: Si eres cliente nuestro ingresa al siguiente enlace para conocer tus datos de consumo Ver m\u00e1s AFECTACI\u00d3N EN INFRAESTRUCTURA DE TRANSPORTE QUE LLEVA GAS NATURAL DE CUSIANA-CUPIAGUA AL INTERIOR DEL PA\u00cdS\u00a0 Bogot\u00e1, D.C. (Distrito capital)\u00a0 Mi\u00e9rcoles, 20 de junio de 2018.\u00a0 La transportadora de Gas Internacional, TGI, informa que en [&hellip;]\" \/>\n<meta property=\"og:url\" content=\"https:\/\/www.efigas.com.co\/comercio\/portal-de-consumos\/\" \/>\n<meta property=\"og:site_name\" content=\"Efigas S.A. E.S.P.\" \/>\n<meta property=\"article:publisher\" content=\"https:\/\/www.facebook.com\/efigasoficial\/\" \/>\n<meta property=\"article:modified_time\" content=\"2024-02-23T21:02:52+00:00\" \/>\n<meta property=\"og:image\" content=\"https:\/\/www.efigas.com.co\/ef_resources\/2024\/01\/factura-efigas-e1706038563601.jpg\" \/>\n\t<meta property=\"og:image:width\" content=\"1920\" \/>\n\t<meta property=\"og:image:height\" content=\"1043\" \/>\n\t<meta property=\"og:image:type\" content=\"image\/jpeg\" \/>\n<meta name=\"twitter:card\" content=\"summary_large_image\" \/>\n<meta name=\"twitter:site\" content=\"@efigas_oficial\" \/>\n<script type=\"application\/ld+json\" class=\"efiseo-schema-graph\">{\"@context\":\"https:\/\/schema.org\",\"@graph\":[{\"@type\":\"WebPage\",\"@id\":\"https:\/\/www.efigas.com.co\/comercio\/portal-de-consumos\/\",\"url\":\"https:\/\/www.efigas.com.co\/comercio\/portal-de-consumos\/\",\"name\":\"Portal de consumos - Efigas S.A. E.S.P.\",\"isPartOf\":{\"@id\":\"https:\/\/www.efigas.com.co\/#website\"},\"primaryImageOfPage\":{\"@id\":\"https:\/\/www.efigas.com.co\/comercio\/portal-de-consumos\/#primaryimage\"},\"image\":{\"@id\":\"https:\/\/www.efigas.com.co\/comercio\/portal-de-consumos\/#primaryimage\"},\"thumbnailUrl\":\"https:\/\/www.efigas.com.co\/ef_resources\/2024\/01\/factura-efigas-e1706038563601.jpg\",\"datePublished\":\"2023-12-29T04:15:26+00:00\",\"dateModified\":\"2024-02-23T21:02:52+00:00\",\"breadcrumb\":{\"@id\":\"https:\/\/www.efigas.com.co\/comercio\/portal-de-consumos\/#breadcrumb\"},\"inLanguage\":\"es\",\"potentialAction\":[{\"@type\":\"ReadAction\",\"target\":[\"https:\/\/www.efigas.com.co\/comercio\/portal-de-consumos\/\"]}]},{\"@type\":\"ImageObject\",\"inLanguage\":\"es\",\"@id\":\"https:\/\/www.efigas.com.co\/comercio\/portal-de-consumos\/#primaryimage\",\"url\":\"https:\/\/www.efigas.com.co\/ef_resources\/2024\/01\/factura-efigas-e1706038563601.jpg\",\"contentUrl\":\"https:\/\/www.efigas.com.co\/ef_resources\/2024\/01\/factura-efigas-e1706038563601.jpg\",\"width\":1920,\"height\":1043,\"caption\":\"consumo gas natural\"},{\"@type\":\"BreadcrumbList\",\"@id\":\"https:\/\/www.efigas.com.co\/comercio\/portal-de-consumos\/#breadcrumb\",\"itemListElement\":[{\"@type\":\"ListItem\",\"position\":1,\"name\":\"Inicio\",\"item\":\"https:\/\/www.efigas.com.co\/\"},{\"@type\":\"ListItem\",\"position\":2,\"name\":\"Comercio\",\"item\":\"https:\/\/www.efigas.com.co\/comercio\/\"},{\"@type\":\"ListItem\",\"position\":3,\"name\":\"Portal de consumos\"}]},{\"@type\":\"WebSite\",\"@id\":\"https:\/\/www.efigas.com.co\/#website\",\"url\":\"https:\/\/www.efigas.com.co\/\",\"name\":\"Efigas S.A. E.S.P.\",\"description\":\"Distribuidora de gas natural en el eje cafetero, Caldas, Quind\u00edo, Risaralda, servicio de   instalaci\u00f3n y reparaci\u00f3n de estufas de gas, cambio de   medidores de gas   natural, construcci\u00f3n de redes de gas natural, servicio de instalaci\u00f3n y reparaci\u00f3n de   calentadores de gas, servicio de Revisi\u00f3n T\u00e9cnica Reglamentaria.\",\"publisher\":{\"@id\":\"https:\/\/www.efigas.com.co\/#organization\"},\"alternateName\":\"Efigas\",\"potentialAction\":[{\"@type\":\"SearchAction\",\"target\":{\"@type\":\"EntryPoint\",\"urlTemplate\":\"https:\/\/www.efigas.com.co\/?s={search_term_string}\"},\"query-input\":{\"@type\":\"PropertyValueSpecification\",\"valueRequired\":true,\"valueName\":\"search_term_string\"}}],\"inLanguage\":\"es\"},{\"@type\":\"Organization\",\"@id\":\"https:\/\/www.efigas.com.co\/#organization\",\"name\":\"Efigas S.A. E.S.P.\",\"alternateName\":\"Efigas\",\"url\":\"https:\/\/www.efigas.com.co\/\",\"logo\":{\"@type\":\"ImageObject\",\"inLanguage\":\"es\",\"@id\":\"https:\/\/www.efigas.com.co\/#\/schema\/logo\/image\/\",\"url\":\"https:\/\/www.efigas.com.co\/ef_resources\/2023\/12\/logo-efigas-negativo.svg\",\"contentUrl\":\"https:\/\/www.efigas.com.co\/ef_resources\/2023\/12\/logo-efigas-negativo.svg\",\"width\":225,\"height\":123,\"caption\":\"Efigas S.A. E.S.P.\"},\"image\":{\"@id\":\"https:\/\/www.efigas.com.co\/#\/schema\/logo\/image\/\"},\"sameAs\":[\"https:\/\/www.facebook.com\/efigasoficial\/\",\"https:\/\/x.com\/efigas_oficial\",\"https:\/\/www.linkedin.com\/company\/efigas\/\"]}]}<\/script>\n","yoast_head_json":{"title":"Portal de consumos - Efigas S.A. E.S.P.","robots":{"index":"index","follow":"follow","max-snippet":"max-snippet:-1","max-image-preview":"max-image-preview:large","max-video-preview":"max-video-preview:-1"},"canonical":"https:\/\/www.efigas.com.co\/comercio\/portal-de-consumos\/","og_locale":"es_ES","og_type":"article","og_title":"Portal de consumos - Efigas S.A. E.S.P.","og_description":"Comunicaciones especiales para nuestros clientes: Si eres cliente nuestro ingresa al siguiente enlace para conocer tus datos de consumo Ver m\u00e1s AFECTACI\u00d3N EN INFRAESTRUCTURA DE TRANSPORTE QUE LLEVA GAS NATURAL DE CUSIANA-CUPIAGUA AL INTERIOR DEL PA\u00cdS\u00a0 Bogot\u00e1, D.C. (Distrito capital)\u00a0 Mi\u00e9rcoles, 20 de junio de 2018.\u00a0 La transportadora de Gas Internacional, TGI, informa que en [&hellip;]","og_url":"https:\/\/www.efigas.com.co\/comercio\/portal-de-consumos\/","og_site_name":"Efigas S.A. E.S.P.","article_publisher":"https:\/\/www.facebook.com\/efigasoficial\/","article_modified_time":"2024-02-23T21:02:52+00:00","og_image":[{"width":1920,"height":1043,"url":"https:\/\/www.efigas.com.co\/ef_resources\/2024\/01\/factura-efigas-e1706038563601.jpg","type":"image\/jpeg"}],"twitter_card":"summary_large_image","twitter_site":"@efigas_oficial","schema":{"@context":"https:\/\/schema.org","@graph":[{"@type":"WebPage","@id":"https:\/\/www.efigas.com.co\/comercio\/portal-de-consumos\/","url":"https:\/\/www.efigas.com.co\/comercio\/portal-de-consumos\/","name":"Portal de consumos - Efigas S.A. E.S.P.","isPartOf":{"@id":"https:\/\/www.efigas.com.co\/#website"},"primaryImageOfPage":{"@id":"https:\/\/www.efigas.com.co\/comercio\/portal-de-consumos\/#primaryimage"},"image":{"@id":"https:\/\/www.efigas.com.co\/comercio\/portal-de-consumos\/#primaryimage"},"thumbnailUrl":"https:\/\/www.efigas.com.co\/ef_resources\/2024\/01\/factura-efigas-e1706038563601.jpg","datePublished":"2023-12-29T04:15:26+00:00","dateModified":"2024-02-23T21:02:52+00:00","breadcrumb":{"@id":"https:\/\/www.efigas.com.co\/comercio\/portal-de-consumos\/#breadcrumb"},"inLanguage":"es","potentialAction":[{"@type":"ReadAction","target":["https:\/\/www.efigas.com.co\/comercio\/portal-de-consumos\/"]}]},{"@type":"ImageObject","inLanguage":"es","@id":"https:\/\/www.efigas.com.co\/comercio\/portal-de-consumos\/#primaryimage","url":"https:\/\/www.efigas.com.co\/ef_resources\/2024\/01\/factura-efigas-e1706038563601.jpg","contentUrl":"https:\/\/www.efigas.com.co\/ef_resources\/2024\/01\/factura-efigas-e1706038563601.jpg","width":1920,"height":1043,"caption":"consumo gas natural"},{"@type":"BreadcrumbList","@id":"https:\/\/www.efigas.com.co\/comercio\/portal-de-consumos\/#breadcrumb","itemListElement":[{"@type":"ListItem","position":1,"name":"Inicio","item":"https:\/\/www.efigas.com.co\/"},{"@type":"ListItem","position":2,"name":"Comercio","item":"https:\/\/www.efigas.com.co\/comercio\/"},{"@type":"ListItem","position":3,"name":"Portal de consumos"}]},{"@type":"WebSite","@id":"https:\/\/www.efigas.com.co\/#website","url":"https:\/\/www.efigas.com.co\/","name":"Efigas S.A. E.S.P.","description":"Distribuidora de gas natural en el eje cafetero, Caldas, Quind\u00edo, Risaralda, servicio de   instalaci\u00f3n y reparaci\u00f3n de estufas de gas, cambio de   medidores de gas   natural, construcci\u00f3n de redes de gas natural, servicio de instalaci\u00f3n y reparaci\u00f3n de   calentadores de gas, servicio de Revisi\u00f3n T\u00e9cnica Reglamentaria.","publisher":{"@id":"https:\/\/www.efigas.com.co\/#organization"},"alternateName":"Efigas","potentialAction":[{"@type":"SearchAction","target":{"@type":"EntryPoint","urlTemplate":"https:\/\/www.efigas.com.co\/?s={search_term_string}"},"query-input":{"@type":"PropertyValueSpecification","valueRequired":true,"valueName":"search_term_string"}}],"inLanguage":"es"},{"@type":"Organization","@id":"https:\/\/www.efigas.com.co\/#organization","name":"Efigas S.A. E.S.P.","alternateName":"Efigas","url":"https:\/\/www.efigas.com.co\/","logo":{"@type":"ImageObject","inLanguage":"es","@id":"https:\/\/www.efigas.com.co\/#\/schema\/logo\/image\/","url":"https:\/\/www.efigas.com.co\/ef_resources\/2023\/12\/logo-efigas-negativo.svg","contentUrl":"https:\/\/www.efigas.com.co\/ef_resources\/2023\/12\/logo-efigas-negativo.svg","width":225,"height":123,"caption":"Efigas S.A. E.S.P."},"image":{"@id":"https:\/\/www.efigas.com.co\/#\/schema\/logo\/image\/"},"sameAs":["https:\/\/www.facebook.com\/efigasoficial\/","https:\/\/x.com\/efigas_oficial","https:\/\/www.linkedin.com\/company\/efigas\/"]}]}},"_links":{"self":[{"href":"https:\/\/www.efigas.com.co\/efi-json\/wp\/v2\/pages\/978","targetHints":{"allow":["GET"]}}],"collection":[{"href":"https:\/\/www.efigas.com.co\/efi-json\/wp\/v2\/pages"}],"about":[{"href":"https:\/\/www.efigas.com.co\/efi-json\/wp\/v2\/types\/page"}],"author":[{"embeddable":true,"href":"https:\/\/www.efigas.com.co\/efi-json\/wp\/v2\/users\/1"}],"replies":[{"embeddable":true,"href":"https:\/\/www.efigas.com.co\/efi-json\/wp\/v2\/comments?post=978"}],"version-history":[{"count":13,"href":"https:\/\/www.efigas.com.co\/efi-json\/wp\/v2\/pages\/978\/revisions"}],"predecessor-version":[{"id":3480,"href":"https:\/\/www.efigas.com.co\/efi-json\/wp\/v2\/pages\/978\/revisions\/3480"}],"up":[{"embeddable":true,"href":"https:\/\/www.efigas.com.co\/efi-json\/wp\/v2\/pages\/3314"}],"wp:featuredmedia":[{"embeddable":true,"href":"https:\/\/www.efigas.com.co\/efi-json\/wp\/v2\/media\/2041"}],"wp:attachment":[{"href":"https:\/\/www.efigas.com.co\/efi-json\/wp\/v2\/media?parent=978"}],"wp:term":[{"taxonomy":"category","embeddable":true,"href":"https:\/\/www.efigas.com.co\/efi-json\/wp\/v2\/categories?post=978"},{"taxonomy":"post_tag","embeddable":true,"href":"https:\/\/www.efigas.com.co\/efi-json\/wp\/v2\/tags?post=978"}],"curies":[{"name":"wp","href":"https:\/\/api.w.org\/{rel}","templated":true}]}}